{"id":12889,"date":"2024-10-09T19:24:27","date_gmt":"2024-10-09T17:24:27","guid":{"rendered":"https:\/\/focolares.es\/?page_id=12889"},"modified":"2025-02-21T12:02:10","modified_gmt":"2025-02-21T11:02:10","slug":"punts-descolta","status":"publish","type":"page","link":"https:\/\/focolares.es\/ca\/puntos-de-escucha\/","title":{"rendered":"Punts d&#039;escolta"},"content":{"rendered":"<p><\/p>\n\n\n\n<p>Els professionals del Punt d&#039;escolta amb qu\u00e8 es pot contactar en llengua castellana s\u00f3n:<\/p>\n\n\n\n<h2 class=\"wp-block-heading\">Toni Mart\u00edn <br><a href=\"mailto:toni.puntodeescucha.euoccident@gmail.com\">toni.puntodeescucha.euoccident@gmail.com<\/a><\/h2>\n\n\n\n<div class=\"wp-block-columns is-layout-flex wp-container-core-columns-is-layout-28f84493 wp-block-columns-is-layout-flex\">\n<div class=\"wp-block-column is-layout-flow wp-block-column-is-layout-flow\" style=\"flex-basis:33.33%\">\n<figure class=\"wp-block-image aligncenter size-full\"><img decoding=\"async\" width=\"175\" height=\"239\" src=\"https:\/\/focolares.es\/wp-content\/uploads\/2024\/10\/Toni-Martin-178x243-1.jpg\" alt=\"\" class=\"wp-image-12890\" srcset=\"https:\/\/focolares.es\/wp-content\/uploads\/2024\/10\/Toni-Martin-178x243-1.jpg 175w, https:\/\/focolares.es\/wp-content\/uploads\/2024\/10\/Toni-Martin-178x243-1-9x12.jpg 9w\" sizes=\"(max-width: 175px) 100vw, 175px\" \/><\/figure>\n<\/div>\n\n\n\n<div class=\"wp-block-column is-layout-flow wp-block-column-is-layout-flow\" style=\"flex-basis:66.66%\">\n<p class=\"translation-block\">Nascut el 1955 a Barcelona, ciutat on viu. No pertany al <em>Moviment dels Focolars<\/em>. Metge especialista en patologies psicosom\u00e0tiques: pertorbacions emocionals i dolor som\u00e0tic. \u00c9s psicoterapeuta cognitivo conductual (<em>Albert Ellis Institute<\/em>). Sex\u00f2leg cl\u00ednic i terapeuta de parella des del 1985.<\/p>\n\n\n\n<p class=\"translation-block\">Membre de la Junta Directiva de la <em>Secci\u00f3 Col\u00b7legial de Sexologia M\u00e8dica del Col\u00b7legi Oficial de Metges de Barcelona<\/em>. \u00c9s professor al <em>M\u00e0ster de Sexologia Cl\u00ednica i Salut Sexual<\/em> de la <em>Universitat de Barcelona<\/em>, especialitzat en temes d'addicci\u00f3 sexual i paraf\u00edlies. \u00c9s instructor de mindfulness (MBSR), conferenciant i divulgador de temes de salut mental.<\/p>\n<\/div>\n<\/div>\n\n\n\n<h2 class=\"wp-block-heading\">Elvira Mira Garc\u00eda\u00a0<br><a href=\"mailto:elvira.puntodeescucha.euoccident@gmail.com\">elvira.puntodeescucha.euoccident@gmail.com<\/a><\/h2>\n\n\n\n<div class=\"wp-block-columns is-layout-flex wp-container-core-columns-is-layout-28f84493 wp-block-columns-is-layout-flex\">\n<div class=\"wp-block-column is-layout-flow wp-block-column-is-layout-flow\" style=\"flex-basis:33.33%\">\n<figure class=\"wp-block-image aligncenter size-full\"><img decoding=\"async\" width=\"173\" height=\"229\" src=\"https:\/\/focolares.es\/wp-content\/uploads\/2024\/10\/Elvira-Mira-Garcia-178x235-1.jpg\" alt=\"\" class=\"wp-image-12891\" srcset=\"https:\/\/focolares.es\/wp-content\/uploads\/2024\/10\/Elvira-Mira-Garcia-178x235-1.jpg 173w, https:\/\/focolares.es\/wp-content\/uploads\/2024\/10\/Elvira-Mira-Garcia-178x235-1-9x12.jpg 9w\" sizes=\"(max-width: 173px) 100vw, 173px\" \/><\/figure>\n<\/div>\n\n\n\n<div class=\"wp-block-column is-layout-flow wp-block-column-is-layout-flow\" style=\"flex-basis:66.66%\">\n<p class=\"translation-block\">Llicenciada en psicologia el 1986 per la <em>Universitat de Sevilla<\/em>. La seva experi\u00e8ncia professional est\u00e0 enfocada a la psicologia cl\u00ednica. Des del 1988 exerceix en consulta d'intervenci\u00f3 cl\u00ednica, enfocada a l'atenci\u00f3 individual de la patologia en adults, nens i parelles. Ha impartit cursos, seminaris i confer\u00e8ncies sobretot a l'\u00e0mbit de la comunicaci\u00f3 de parella, educaci\u00f3 en valors, di\u00e0leg, adopcions i adolesc\u00e8ncia. En els darrers anys, a m\u00e9s, \u00e9s membre de l'equip <em>Itineraris de Llum<\/em>, un laboratori per a parelles en dificultat.<\/p>\n<\/div>\n<\/div>\n\n\n\n<p class=\"translation-block\">Els membres del <em>Punt d'escolta<\/em> d'Europa Occidental duen a terme la seva tasca d'escolta individualment, per\u00f2 compten amb l'ajuda d'una consultora, la Dra. <strong>Gabriele Muller<\/strong>.<\/p>\n\n\n\n<h2 class=\"wp-block-heading\">Gabriele M\u00fcller<\/h2>\n\n\n\n<div class=\"wp-block-columns is-layout-flex wp-container-core-columns-is-layout-28f84493 wp-block-columns-is-layout-flex\">\n<div class=\"wp-block-column is-layout-flow wp-block-column-is-layout-flow\" style=\"flex-basis:33.33%\">\n<figure class=\"wp-block-image aligncenter size-full\"><img decoding=\"async\" width=\"178\" height=\"168\" src=\"https:\/\/focolares.es\/wp-content\/uploads\/2024\/10\/Gabriele-Muller-178x171-1.jpg\" alt=\"\" class=\"wp-image-12892\" srcset=\"https:\/\/focolares.es\/wp-content\/uploads\/2024\/10\/Gabriele-Muller-178x171-1.jpg 178w, https:\/\/focolares.es\/wp-content\/uploads\/2024\/10\/Gabriele-Muller-178x171-1-13x12.jpg 13w\" sizes=\"(max-width: 178px) 100vw, 178px\" \/><\/figure>\n<\/div>\n\n\n\n<div class=\"wp-block-column is-layout-flow wp-block-column-is-layout-flow\" style=\"flex-basis:66.66%\">\n<p class=\"translation-block\">Nascuda el 1964, viu en un focolar a Frankfurt-und-Main. No t\u00e9 cap paper directiu al <em>Moviment dels Focolars<\/em>. Metge anestesista, especialista en tractament del dolor, cures pal\u00b7liatives, medicina pal\u00b7liativa i acupuntura, especialitzada en la interacci\u00f3 centrada en el tema, basada en la psicologia profunda del <em>Institut Simone Weil<\/em>, aix\u00ed com en psicologia de la comunicaci\u00f3 al <em>Institut Schultz-von-Thun<\/em>. Treballa com a adjunta a l'equip de direcci\u00f3 m\u00e8dica del <em>Centre de tractament del dolor i cures pal\u00b7liatives Rhein-Main<\/em> a Wiesbaden i a Frankfurt.<\/p>\n<\/div>\n<\/div>\n\n\n\n<p>Per contactar i rebre informaci\u00f3 general:&nbsp;     <a href=\"mailto:info.puntoascolto.EUOccident@gmail.com\" target=\"_blank\" rel=\"noreferrer noopener\">info.puntoascolto.euoccident@gmail.com<\/a><\/p>","protected":false},"excerpt":{"rendered":"<p>Els professionals del Punt d&#039;escolta amb qu\u00e8 es pot contactar en llengua castellana s\u00f3n: Toni Mart\u00edn toni.puntodeescucha.euoccident@gmail.com Nascut el 1955 a Barcelona, ciutat on viu. No pertany al Moviment dels Focolars. Metge especialista en patologies psicosom\u00e0tiques: pertorbacions emocionals i dolor som\u00e0tic. \u00c9s psicoterapeuta cognitiu conductual (Albert Ellis Institute). Sex\u00f2leg cl\u00ednic i terapeuta de parella des del 1985. Membre de la junta directiva de la Secci\u00f3 Col\u00b7legial de Sexologia M\u00e8dica del Col\u00b7legi Oficial de Metges de Barcelona. \u00c9s professor al M\u00e0ster de Sexologia Cl\u00ednica i Salut Sexual de la Universitat de Barcelona, especialitzat en temes d&#039;Adicci\u00f3 Sexual i Paraf\u00edlies. \u00c9s instructor de mindfulness (MBSR), conferenciant i divulgador de temes de salut mental. Elvira Mira Garc\u00eda elvira.puntodeescucha.euoccident@gmail.com Llicenciada en psicologia el 1986 per la Universitat de Sevilla. La seva experi\u00e8ncia professional est\u00e0 enfocada a la psicologia cl\u00ednica. Des del 1988 exerceix en consulta d&#039;intervenci\u00f3 cl\u00ednica, enfocada a l&#039;atenci\u00f3 individual de la patologia en adults, nens i parelles. Ha impartit cursos, seminaris i confer\u00e8ncies sobretot a l&#039;\u00e0mbit de la comunicaci\u00f3 de parella, educaci\u00f3 en valors, di\u00e0leg, adopcions i adolesc\u00e8ncia. Els darrers anys, a m\u00e9s, \u00e9s membre de l&#039;equip Itineraris de Luz, un laboratori per a parelles en dificultat. Els membres del Punt d&#039;escolta d&#039;Europa Occidental duen a terme la seva tasca d&#039;escolta individualment, per\u00f2 compten amb l&#039;ajuda d&#039;una consultora, la Dra. Gabriele Muller. Gabriele M\u00fcller Nascuda el 1964, viu en un focolar a Frankfurt-und-Main. No t\u00e9 cap paper directiu al Moviment dels Focolars. Metge anestesista, especialista en tractament del dolor, cures pal\u00b7liatives, medicina pal\u00b7liativa i acupuntura, especialitzada en la interacci\u00f3 centrada en el tema, basada en la psicologia profunda de l&#039;Institut Simone Weil, aix\u00ed com en psicologia de la comunicaci\u00f3 a l&#039;Institut Schultz-von-Thun. Treballa com a adjunta a l&#039;equip de direcci\u00f3 m\u00e8dica del Centre de tractament del dolor i cures pal\u00b7liatives Rhein-Main a Wiesbaden ia Frankfurt. Per contactar i rebre informaci\u00f3 general: info.puntoascolto.euoccident@gmail.com<\/p>","protected":false},"author":1,"featured_media":0,"parent":0,"menu_order":0,"comment_status":"closed","ping_status":"closed","template":"elementor_theme","meta":{"_price":"","_stock":"","_tribe_ticket_header":"","_tribe_default_ticket_provider":"","_tribe_ticket_capacity":"0","_ticket_start_date":"","_ticket_end_date":"","_tribe_ticket_show_description":"","_tribe_ticket_show_not_going":false,"_tribe_ticket_use_global_stock":"","_tribe_ticket_global_stock_level":"","_global_stock_mode":"","_global_stock_cap":"","_tribe_rsvp_for_event":"","_tribe_ticket_going_count":"","_tribe_ticket_not_going_count":"","_tribe_tickets_list":"[]","_tribe_ticket_has_attendee_info_fields":false,"footnotes":"","_tec_slr_enabled":"","_tec_slr_layout":""},"class_list":["post-12889","page","type-page","status-publish","hentry"],"yoast_head":"<!-- This site is optimized with the Yoast SEO plugin v27.2 - https:\/\/yoast.com\/product\/yoast-seo-wordpress\/ -->\n<title>Puntos de escucha - Movimiento de los Focolares<\/title>\n<meta name=\"robots\" content=\"index, follow, max-snippet:-1, max-image-preview:large, max-video-preview:-1\" \/>\n<link rel=\"canonical\" href=\"https:\/\/focolares.es\/ca\/punts-descolta\/\" \/>\n<meta property=\"og:locale\" content=\"ca_ES\" \/>\n<meta property=\"og:type\" content=\"article\" \/>\n<meta property=\"og:title\" content=\"Puntos de escucha - Movimiento de los Focolares\" \/>\n<meta property=\"og:description\" content=\"Los profesionales del Punto de escucha con los que se puede contactar en lengua castellana son: Toni Mart\u00edn toni.puntodeescucha.euoccident@gmail.com Nacido en 1955 en Barcelona, ciudad en la que vive. No pertenece al&nbsp;Movimiento de los Focolares. M\u00e9dico especialista en patolog\u00edas psicosom\u00e1ticas: perturbaciones emocionales y dolor som\u00e1tico. Es psicoterapeuta cognitivo conductual (Albert Ellis Institute). Sex\u00f3logo cl\u00ednico y terapeuta de pareja desde 1985. Miembro de la&nbsp;junta directiva&nbsp;de la&nbsp;Secci\u00f3n Colegial de Sexolog\u00eda M\u00e9dica del Colegio Oficial de M\u00e9dicos de Barcelona. Es profesor en el&nbsp;M\u00e1ster de Sexolog\u00eda Cl\u00ednica y Salud Sexual&nbsp;de la&nbsp;Universidad de Barcelona, especializado en temas de Adicci\u00f3n Sexual y Parafilias. Es instructor de mindfulness (MBSR), conferenciante y divulgador de temas de salud mental. Elvira Mira Garc\u00eda\u00a0elvira.puntodeescucha.euoccident@gmail.com Licenciada en psicolog\u00eda en 1986 por la&nbsp;Universidad de Sevilla. Su experiencia profesional est\u00e1 enfocada en la psicolog\u00eda cl\u00ednica. Desde 1988 ejerce en consulta de intervenci\u00f3n cl\u00ednica, enfocada en la atenci\u00f3n individual de la patolog\u00eda en adultos, ni\u00f1os y parejas. Ha impartido cursos, seminarios y conferencias sobre todo en el \u00e1mbito de la comunicaci\u00f3n de pareja, educaci\u00f3n en valores, di\u00e1logo, adopciones y adolescencia. En los \u00faltimos a\u00f1os, adem\u00e1s, es miembro del equipo&nbsp;Itinerarios de Luz, un laboratorio para parejas en dificultad. Los miembros del&nbsp;Punto de escucha&nbsp;de Europa Occidental llevan a cabo su tarea de escucha de modo individual, pero cuentan con la ayuda de una consultora, la Dra.&nbsp;Gabriele Muller. Gabriele M\u00fcller Nacida en 1964, vive en un focolar en Frankfurt-und-Main. No tiene ning\u00fan papel directivo en el&nbsp;Movimiento de los Focolares. M\u00e9dico anestesista, especialista en tratamiento del dolor, cuidados paliativos, medicina paliativa y acupuntura, especializada en la interacci\u00f3n centrada en el tema, basada en la psicolog\u00eda profunda del&nbsp;Instituto Simone Weil, as\u00ed como en psicolog\u00eda de la comunicaci\u00f3n en el&nbsp;Instituto Schultz-von-Thun. Trabaja como adjunta en el equipo de direcci\u00f3n m\u00e9dica del&nbsp;Centro de tratamiento del dolor y cuidados paliativos Rhein-Main&nbsp;en Wiesbaden y en Frankfurt. Para contactar y recibir informaci\u00f3n general:&nbsp; info.puntoascolto.euoccident@gmail.com\" \/>\n<meta property=\"og:url\" content=\"https:\/\/focolares.es\/ca\/punts-descolta\/\" \/>\n<meta property=\"og:site_name\" content=\"Movimiento de los Focolares\" \/>\n<meta property=\"article:modified_time\" content=\"2025-02-21T11:02:10+00:00\" \/>\n<meta property=\"og:image\" content=\"https:\/\/focolares.es\/wp-content\/uploads\/2024\/10\/Toni-Martin-178x243-1.jpg\" \/>\n\t<meta property=\"og:image:width\" content=\"175\" \/>\n\t<meta property=\"og:image:height\" content=\"239\" \/>\n\t<meta property=\"og:image:type\" content=\"image\/jpeg\" \/>\n<meta name=\"twitter:card\" content=\"summary_large_image\" \/>\n<meta name=\"twitter:label1\" content=\"Temps estimat de lectura\" \/>\n\t<meta name=\"twitter:data1\" content=\"3 minuts\" \/>\n<script type=\"application\/ld+json\" class=\"yoast-schema-graph\">{\"@context\":\"https:\/\/schema.org\",\"@graph\":[{\"@type\":\"WebPage\",\"@id\":\"https:\/\/focolares.es\/puntos-de-escucha\/\",\"url\":\"https:\/\/focolares.es\/puntos-de-escucha\/\",\"name\":\"Puntos de escucha - Movimiento de los Focolares\",\"isPartOf\":{\"@id\":\"https:\/\/focolares.es\/#website\"},\"primaryImageOfPage\":{\"@id\":\"https:\/\/focolares.es\/puntos-de-escucha\/#primaryimage\"},\"image\":{\"@id\":\"https:\/\/focolares.es\/puntos-de-escucha\/#primaryimage\"},\"thumbnailUrl\":\"https:\/\/focolares.es\/wp-content\/uploads\/2024\/10\/Toni-Martin-178x243-1.jpg\",\"datePublished\":\"2024-10-09T17:24:27+00:00\",\"dateModified\":\"2025-02-21T11:02:10+00:00\",\"breadcrumb\":{\"@id\":\"https:\/\/focolares.es\/puntos-de-escucha\/#breadcrumb\"},\"inLanguage\":\"ca\",\"potentialAction\":[{\"@type\":\"ReadAction\",\"target\":[\"https:\/\/focolares.es\/puntos-de-escucha\/\"]}]},{\"@type\":\"ImageObject\",\"inLanguage\":\"ca\",\"@id\":\"https:\/\/focolares.es\/puntos-de-escucha\/#primaryimage\",\"url\":\"https:\/\/focolares.es\/wp-content\/uploads\/2024\/10\/Toni-Martin-178x243-1.jpg\",\"contentUrl\":\"https:\/\/focolares.es\/wp-content\/uploads\/2024\/10\/Toni-Martin-178x243-1.jpg\"},{\"@type\":\"BreadcrumbList\",\"@id\":\"https:\/\/focolares.es\/puntos-de-escucha\/#breadcrumb\",\"itemListElement\":[{\"@type\":\"ListItem\",\"position\":1,\"name\":\"Portada\",\"item\":\"https:\/\/focolares.es\/\"},{\"@type\":\"ListItem\",\"position\":2,\"name\":\"Puntos de escucha\"}]},{\"@type\":\"WebSite\",\"@id\":\"https:\/\/focolares.es\/#website\",\"url\":\"https:\/\/focolares.es\/\",\"name\":\"Movimiento de los Focolares\",\"description\":\"\",\"publisher\":{\"@id\":\"https:\/\/focolares.es\/#organization\"},\"potentialAction\":[{\"@type\":\"SearchAction\",\"target\":{\"@type\":\"EntryPoint\",\"urlTemplate\":\"https:\/\/focolares.es\/?s={search_term_string}\"},\"query-input\":{\"@type\":\"PropertyValueSpecification\",\"valueRequired\":true,\"valueName\":\"search_term_string\"}}],\"inLanguage\":\"ca\"},{\"@type\":\"Organization\",\"@id\":\"https:\/\/focolares.es\/#organization\",\"name\":\"Movimiento de los Focolares\",\"url\":\"https:\/\/focolares.es\/\",\"logo\":{\"@type\":\"ImageObject\",\"inLanguage\":\"ca\",\"@id\":\"https:\/\/focolares.es\/#\/schema\/logo\/image\/\",\"url\":\"https:\/\/focolares.es\/wp-content\/uploads\/2024\/03\/Logo_focolares-1024x944-1.jpg\",\"contentUrl\":\"https:\/\/focolares.es\/wp-content\/uploads\/2024\/03\/Logo_focolares-1024x944-1.jpg\",\"width\":1024,\"height\":944,\"caption\":\"Movimiento de los Focolares\"},\"image\":{\"@id\":\"https:\/\/focolares.es\/#\/schema\/logo\/image\/\"}}]}<\/script>\n<!-- \/ Yoast SEO plugin. -->","yoast_head_json":{"title":"Punts d&#039;escolta - Moviment dels Focolars","robots":{"index":"index","follow":"follow","max-snippet":"max-snippet:-1","max-image-preview":"max-image-preview:large","max-video-preview":"max-video-preview:-1"},"canonical":"https:\/\/focolares.es\/ca\/punts-descolta\/","og_locale":"ca_ES","og_type":"article","og_title":"Puntos de escucha - Movimiento de los Focolares","og_description":"Los profesionales del Punto de escucha con los que se puede contactar en lengua castellana son: Toni Mart\u00edn toni.puntodeescucha.euoccident@gmail.com Nacido en 1955 en Barcelona, ciudad en la que vive. No pertenece al&nbsp;Movimiento de los Focolares. M\u00e9dico especialista en patolog\u00edas psicosom\u00e1ticas: perturbaciones emocionales y dolor som\u00e1tico. Es psicoterapeuta cognitivo conductual (Albert Ellis Institute). Sex\u00f3logo cl\u00ednico y terapeuta de pareja desde 1985. Miembro de la&nbsp;junta directiva&nbsp;de la&nbsp;Secci\u00f3n Colegial de Sexolog\u00eda M\u00e9dica del Colegio Oficial de M\u00e9dicos de Barcelona. Es profesor en el&nbsp;M\u00e1ster de Sexolog\u00eda Cl\u00ednica y Salud Sexual&nbsp;de la&nbsp;Universidad de Barcelona, especializado en temas de Adicci\u00f3n Sexual y Parafilias. Es instructor de mindfulness (MBSR), conferenciante y divulgador de temas de salud mental. Elvira Mira Garc\u00eda\u00a0elvira.puntodeescucha.euoccident@gmail.com Licenciada en psicolog\u00eda en 1986 por la&nbsp;Universidad de Sevilla. Su experiencia profesional est\u00e1 enfocada en la psicolog\u00eda cl\u00ednica. Desde 1988 ejerce en consulta de intervenci\u00f3n cl\u00ednica, enfocada en la atenci\u00f3n individual de la patolog\u00eda en adultos, ni\u00f1os y parejas. Ha impartido cursos, seminarios y conferencias sobre todo en el \u00e1mbito de la comunicaci\u00f3n de pareja, educaci\u00f3n en valores, di\u00e1logo, adopciones y adolescencia. En los \u00faltimos a\u00f1os, adem\u00e1s, es miembro del equipo&nbsp;Itinerarios de Luz, un laboratorio para parejas en dificultad. Los miembros del&nbsp;Punto de escucha&nbsp;de Europa Occidental llevan a cabo su tarea de escucha de modo individual, pero cuentan con la ayuda de una consultora, la Dra.&nbsp;Gabriele Muller. Gabriele M\u00fcller Nacida en 1964, vive en un focolar en Frankfurt-und-Main. No tiene ning\u00fan papel directivo en el&nbsp;Movimiento de los Focolares. M\u00e9dico anestesista, especialista en tratamiento del dolor, cuidados paliativos, medicina paliativa y acupuntura, especializada en la interacci\u00f3n centrada en el tema, basada en la psicolog\u00eda profunda del&nbsp;Instituto Simone Weil, as\u00ed como en psicolog\u00eda de la comunicaci\u00f3n en el&nbsp;Instituto Schultz-von-Thun. Trabaja como adjunta en el equipo de direcci\u00f3n m\u00e9dica del&nbsp;Centro de tratamiento del dolor y cuidados paliativos Rhein-Main&nbsp;en Wiesbaden y en Frankfurt. Para contactar y recibir informaci\u00f3n general:&nbsp; info.puntoascolto.euoccident@gmail.com","og_url":"https:\/\/focolares.es\/ca\/punts-descolta\/","og_site_name":"Movimiento de los Focolares","article_modified_time":"2025-02-21T11:02:10+00:00","og_image":[{"width":175,"height":239,"url":"https:\/\/focolares.es\/wp-content\/uploads\/2024\/10\/Toni-Martin-178x243-1.jpg","type":"image\/jpeg"}],"twitter_card":"summary_large_image","twitter_misc":{"Temps estimat de lectura":"3 minuts"},"schema":{"@context":"https:\/\/schema.org","@graph":[{"@type":"WebPage","@id":"https:\/\/focolares.es\/puntos-de-escucha\/","url":"https:\/\/focolares.es\/puntos-de-escucha\/","name":"Punts d&#039;escolta - Moviment dels Focolars","isPartOf":{"@id":"https:\/\/focolares.es\/#website"},"primaryImageOfPage":{"@id":"https:\/\/focolares.es\/puntos-de-escucha\/#primaryimage"},"image":{"@id":"https:\/\/focolares.es\/puntos-de-escucha\/#primaryimage"},"thumbnailUrl":"https:\/\/focolares.es\/wp-content\/uploads\/2024\/10\/Toni-Martin-178x243-1.jpg","datePublished":"2024-10-09T17:24:27+00:00","dateModified":"2025-02-21T11:02:10+00:00","breadcrumb":{"@id":"https:\/\/focolares.es\/puntos-de-escucha\/#breadcrumb"},"inLanguage":"ca","potentialAction":[{"@type":"ReadAction","target":["https:\/\/focolares.es\/puntos-de-escucha\/"]}]},{"@type":"ImageObject","inLanguage":"ca","@id":"https:\/\/focolares.es\/puntos-de-escucha\/#primaryimage","url":"https:\/\/focolares.es\/wp-content\/uploads\/2024\/10\/Toni-Martin-178x243-1.jpg","contentUrl":"https:\/\/focolares.es\/wp-content\/uploads\/2024\/10\/Toni-Martin-178x243-1.jpg"},{"@type":"BreadcrumbList","@id":"https:\/\/focolares.es\/puntos-de-escucha\/#breadcrumb","itemListElement":[{"@type":"ListItem","position":1,"name":"Portada","item":"https:\/\/focolares.es\/"},{"@type":"ListItem","position":2,"name":"Puntos de escucha"}]},{"@type":"WebSite","@id":"https:\/\/focolares.es\/#website","url":"https:\/\/focolares.es\/","name":"Moviment dels Focolars","description":"","publisher":{"@id":"https:\/\/focolares.es\/#organization"},"potentialAction":[{"@type":"SearchAction","target":{"@type":"EntryPoint","urlTemplate":"https:\/\/focolares.es\/?s={search_term_string}"},"query-input":{"@type":"PropertyValueSpecification","valueRequired":true,"valueName":"search_term_string"}}],"inLanguage":"ca"},{"@type":"Organization","@id":"https:\/\/focolares.es\/#organization","name":"Moviment dels Focolars","url":"https:\/\/focolares.es\/","logo":{"@type":"ImageObject","inLanguage":"ca","@id":"https:\/\/focolares.es\/#\/schema\/logo\/image\/","url":"https:\/\/focolares.es\/wp-content\/uploads\/2024\/03\/Logo_focolares-1024x944-1.jpg","contentUrl":"https:\/\/focolares.es\/wp-content\/uploads\/2024\/03\/Logo_focolares-1024x944-1.jpg","width":1024,"height":944,"caption":"Movimiento de los Focolares"},"image":{"@id":"https:\/\/focolares.es\/#\/schema\/logo\/image\/"}}]}},"ticketed":false,"_links":{"self":[{"href":"https:\/\/focolares.es\/ca\/wp-json\/wp\/v2\/pages\/12889","targetHints":{"allow":["GET"]}}],"collection":[{"href":"https:\/\/focolares.es\/ca\/wp-json\/wp\/v2\/pages"}],"about":[{"href":"https:\/\/focolares.es\/ca\/wp-json\/wp\/v2\/types\/page"}],"author":[{"embeddable":true,"href":"https:\/\/focolares.es\/ca\/wp-json\/wp\/v2\/users\/1"}],"replies":[{"embeddable":true,"href":"https:\/\/focolares.es\/ca\/wp-json\/wp\/v2\/comments?post=12889"}],"version-history":[{"count":20,"href":"https:\/\/focolares.es\/ca\/wp-json\/wp\/v2\/pages\/12889\/revisions"}],"predecessor-version":[{"id":15279,"href":"https:\/\/focolares.es\/ca\/wp-json\/wp\/v2\/pages\/12889\/revisions\/15279"}],"wp:attachment":[{"href":"https:\/\/focolares.es\/ca\/wp-json\/wp\/v2\/media?parent=12889"}],"curies":[{"name":"wp","href":"https:\/\/api.w.org\/{rel}","templated":true}]}}