{"id":12920,"date":"2024-10-09T20:43:45","date_gmt":"2024-10-09T18:43:45","guid":{"rendered":"https:\/\/focolares.es\/?page_id=12920"},"modified":"2024-10-09T20:48:31","modified_gmt":"2024-10-09T18:48:31","slug":"abusos-espirituals","status":"publish","type":"page","link":"https:\/\/focolares.es\/ca\/abuso-espiritual\/","title":{"rendered":"Qu\u00e8 \u00e9s l&#039;ab\u00fas de poder, l&#039;ab\u00fas espiritual?"},"content":{"rendered":"<p>A molts grups i comunitats hi ha persones que exerceixen responsabilitats de govern, de direcci\u00f3. Poden fer servir per b\u00e9 el poder i l&#039;autoritat que tenen, per\u00f2 tamb\u00e9 en poden abusar. Aix\u00f2 val per a l&#039;acompanyament espiritual, per\u00f2 tamb\u00e9 a les fam\u00edlies, o amb la parella, a l&#039;escola oa l&#039;\u00e0mbit d&#039;una ter\u00e0pia. Qualsevol situaci\u00f3 en qu\u00e8 hi hagi un superior i una persona o un grup de persones supeditats \u00e9s susceptible de donar lloc a abusos. Tamb\u00e9 hi ha risc d&#039;abusos en les relacions en qu\u00e8 una persona o grup demana consell, orientaci\u00f3 o ajuda a una altra persona que els d\u00f3na. En aquests casos cal que els dirigents, els l\u00edders del grup, els ministres, els i les acompanyants espirituals tinguin consci\u00e8ncia autocr\u00edtica i plena consci\u00e8ncia de la seva especial responsabilitat.<\/p>\n\n\n\n<p>El&nbsp;<strong>ab\u00fas espiritual<\/strong>&nbsp;<strong>es d\u00f3na en ambients religiosos<\/strong>. Comen\u00e7a quan una persona manipula i pressiona una altra, que espera un consell per la seva banda, usant per aix\u00f2 cites b\u00edbliques, continguts de caire teol\u00f2gic o pr\u00e0ctiques espirituals. Els abusos els pot cometre un individu i fins i tot comunitats.<\/p>\n\n\n\n<p>La persona maltractada queda en un estat de confusi\u00f3, angoixa i a\u00efllament, en lloc de portar-lo a una relaci\u00f3 amb D\u00e9u que allibera i realitza. El resultat \u00e9s depend\u00e8ncia i opressi\u00f3, en lloc d&#039;alliberament i autonomia, i fins i tot pot arribar a fer malb\u00e9 greument la salut mental i f\u00edsica de les persones afectades. L&#039;ab\u00fas espiritual \u00e9s una forma d&#039;ab\u00fas de poder, perqu\u00e8 els autors aprofiten la seva posici\u00f3 o responsabilitats per sobrepassar l\u00edmits, sense que la persona afectada es pugui defensar.<\/p>\n\n\n\n<p><\/p>","protected":false},"excerpt":{"rendered":"<p>A molts grups i comunitats hi ha persones que exerceixen responsabilitats de govern, de direcci\u00f3. Poden fer servir per b\u00e9 el poder i l&#039;autoritat que tenen, per\u00f2 tamb\u00e9 en poden abusar. Aix\u00f2 val per a l&#039;acompanyament espiritual, per\u00f2 tamb\u00e9 a les fam\u00edlies, o amb la parella, a l&#039;escola oa l&#039;\u00e0mbit d&#039;una ter\u00e0pia. Qualsevol situaci\u00f3 en qu\u00e8 hi hagi un superior i una persona o un grup de persones supeditats \u00e9s susceptible de donar lloc a abusos. Tamb\u00e9 hi ha risc d&#039;abusos en les relacions en qu\u00e8 una persona o grup demana consell, orientaci\u00f3 o ajuda a una altra persona que els d\u00f3na. En aquests casos cal que els dirigents, els l\u00edders del grup, els ministres, els i les acompanyants espirituals tinguin consci\u00e8ncia autocr\u00edtica i plena consci\u00e8ncia de la seva especial responsabilitat. L&#039;ab\u00fas espiritual es produeix en ambients religiosos. Comen\u00e7a quan una persona manipula i pressiona una altra, que espera un consell per la seva banda, usant per aix\u00f2 cites b\u00edbliques, continguts de caire teol\u00f2gic o pr\u00e0ctiques espirituals. Els abusos els pot cometre un individu i fins i tot comunitats. La persona maltractada queda en un estat de confusi\u00f3, angoixa i a\u00efllament, en lloc de portar-lo a una relaci\u00f3 amb D\u00e9u que allibera i realitza. El resultat \u00e9s depend\u00e8ncia i opressi\u00f3, en lloc d&#039;alliberament i autonomia, i fins i tot pot arribar a malmetre greument la salut mental i f\u00edsica de les persones afectades. L&#039;ab\u00fas espiritual \u00e9s una forma d&#039;ab\u00fas de poder, perqu\u00e8 els autors aprofiten la seva posici\u00f3 o responsabilitats per sobrepassar l\u00edmits, sense que la persona afectada es pugui defensar.<\/p>","protected":false},"author":1,"featured_media":0,"parent":0,"menu_order":0,"comment_status":"closed","ping_status":"closed","template":"elementor_theme","meta":{"_price":"","_stock":"","_tribe_ticket_header":"","_tribe_default_ticket_provider":"","_tribe_ticket_capacity":"0","_ticket_start_date":"","_ticket_end_date":"","_tribe_ticket_show_description":"","_tribe_ticket_show_not_going":false,"_tribe_ticket_use_global_stock":"","_tribe_ticket_global_stock_level":"","_global_stock_mode":"","_global_stock_cap":"","_tribe_rsvp_for_event":"","_tribe_ticket_going_count":"","_tribe_ticket_not_going_count":"","_tribe_tickets_list":"[]","_tribe_ticket_has_attendee_info_fields":false,"footnotes":"","_tec_slr_enabled":"","_tec_slr_layout":""},"class_list":["post-12920","page","type-page","status-publish","hentry"],"yoast_head":"<!-- This site is optimized with the Yoast SEO plugin v27.2 - https:\/\/yoast.com\/product\/yoast-seo-wordpress\/ -->\n<title>\u00bfQu\u00e9 es el abuso de poder, el abuso espiritual? - Movimiento de los Focolares<\/title>\n<meta name=\"robots\" content=\"index, follow, max-snippet:-1, max-image-preview:large, max-video-preview:-1\" \/>\n<link rel=\"canonical\" href=\"https:\/\/focolares.es\/ca\/abusos-espirituals\/\" \/>\n<meta property=\"og:locale\" content=\"ca_ES\" \/>\n<meta property=\"og:type\" content=\"article\" \/>\n<meta property=\"og:title\" content=\"\u00bfQu\u00e9 es el abuso de poder, el abuso espiritual? - Movimiento de los Focolares\" \/>\n<meta property=\"og:description\" content=\"En muchos grupos y comunidades hay personas que ejercen responsabilidades de gobierno, de direcci\u00f3n. Pueden usar para bien el poder y la autoridad que tienen, pero tambi\u00e9n pueden abusar de \u00e9l. Esto vale para el acompa\u00f1amiento espiritual, pero tambi\u00e9n en las familias, o con la pareja, en la escuela o en el \u00e1mbito de una terapia. Cualquier situaci\u00f3n en la que exista un superior y una persona o un grupo de personas supeditados es susceptible de dar lugar a abusos. Tambi\u00e9n hay riesgo de abusos en las relaciones en las que una persona o un grupo pide consejo, orientaci\u00f3n o ayuda a otra persona que los da. En estos casos es necesario que los dirigentes, los l\u00edderes del grupo, los ministros, los y las acompa\u00f1antes espirituales tengan conciencia autocr\u00edtica y plena conciencia de su especial responsabilidad. El&nbsp;abuso espiritual&nbsp;se da en ambientes religiosos. Empieza cuando una persona manipula y presiona a otra, que espera un consejo por su parte, usando para esto citas b\u00edblicas, contenidos de cariz teol\u00f3gico o pr\u00e1cticas espirituales. Los abusos los puede cometer un individuo, e incluso comunidades. La persona maltratada queda en un estado de confusi\u00f3n, angustia y aislamiento, en lugar de llevarle a una relaci\u00f3n con Dios que libera y realiza. El resultado es dependencia y opresi\u00f3n, en lugar de liberaci\u00f3n y autonom\u00eda, e incluso puede llegar a da\u00f1ar gravemente la salud mental y f\u00edsica de las personas afectadas. El abuso espiritual es una forma de abuso de poder, porque los autores aprovechan su posici\u00f3n o sus responsabilidades para rebasar l\u00edmites, sin que la persona afectada pueda defenderse.\" \/>\n<meta property=\"og:url\" content=\"https:\/\/focolares.es\/ca\/abusos-espirituals\/\" \/>\n<meta property=\"og:site_name\" content=\"Movimiento de los Focolares\" \/>\n<meta property=\"article:modified_time\" content=\"2024-10-09T18:48:31+00:00\" \/>\n<meta name=\"twitter:card\" content=\"summary_large_image\" \/>\n<meta name=\"twitter:label1\" content=\"Temps estimat de lectura\" \/>\n\t<meta name=\"twitter:data1\" content=\"2 minuts\" \/>\n<script type=\"application\/ld+json\" class=\"yoast-schema-graph\">{\"@context\":\"https:\/\/schema.org\",\"@graph\":[{\"@type\":\"WebPage\",\"@id\":\"https:\/\/focolares.es\/abuso-espiritual\/\",\"url\":\"https:\/\/focolares.es\/abuso-espiritual\/\",\"name\":\"\u00bfQu\u00e9 es el abuso de poder, el abuso espiritual? - Movimiento de los Focolares\",\"isPartOf\":{\"@id\":\"https:\/\/focolares.es\/#website\"},\"datePublished\":\"2024-10-09T18:43:45+00:00\",\"dateModified\":\"2024-10-09T18:48:31+00:00\",\"breadcrumb\":{\"@id\":\"https:\/\/focolares.es\/abuso-espiritual\/#breadcrumb\"},\"inLanguage\":\"ca\",\"potentialAction\":[{\"@type\":\"ReadAction\",\"target\":[\"https:\/\/focolares.es\/abuso-espiritual\/\"]}]},{\"@type\":\"BreadcrumbList\",\"@id\":\"https:\/\/focolares.es\/abuso-espiritual\/#breadcrumb\",\"itemListElement\":[{\"@type\":\"ListItem\",\"position\":1,\"name\":\"Portada\",\"item\":\"https:\/\/focolares.es\/\"},{\"@type\":\"ListItem\",\"position\":2,\"name\":\"\u00bfQu\u00e9 es el abuso de poder, el abuso espiritual?\"}]},{\"@type\":\"WebSite\",\"@id\":\"https:\/\/focolares.es\/#website\",\"url\":\"https:\/\/focolares.es\/\",\"name\":\"Movimiento de los Focolares\",\"description\":\"\",\"publisher\":{\"@id\":\"https:\/\/focolares.es\/#organization\"},\"potentialAction\":[{\"@type\":\"SearchAction\",\"target\":{\"@type\":\"EntryPoint\",\"urlTemplate\":\"https:\/\/focolares.es\/?s={search_term_string}\"},\"query-input\":{\"@type\":\"PropertyValueSpecification\",\"valueRequired\":true,\"valueName\":\"search_term_string\"}}],\"inLanguage\":\"ca\"},{\"@type\":\"Organization\",\"@id\":\"https:\/\/focolares.es\/#organization\",\"name\":\"Movimiento de los Focolares\",\"url\":\"https:\/\/focolares.es\/\",\"logo\":{\"@type\":\"ImageObject\",\"inLanguage\":\"ca\",\"@id\":\"https:\/\/focolares.es\/#\/schema\/logo\/image\/\",\"url\":\"https:\/\/focolares.es\/wp-content\/uploads\/2024\/03\/Logo_focolares-1024x944-1.jpg\",\"contentUrl\":\"https:\/\/focolares.es\/wp-content\/uploads\/2024\/03\/Logo_focolares-1024x944-1.jpg\",\"width\":1024,\"height\":944,\"caption\":\"Movimiento de los Focolares\"},\"image\":{\"@id\":\"https:\/\/focolares.es\/#\/schema\/logo\/image\/\"}}]}<\/script>\n<!-- \/ Yoast SEO plugin. -->","yoast_head_json":{"title":"Qu\u00e8 \u00e9s l&#039;ab\u00fas de poder, l&#039;ab\u00fas espiritual? - Moviment dels Focolars","robots":{"index":"index","follow":"follow","max-snippet":"max-snippet:-1","max-image-preview":"max-image-preview:large","max-video-preview":"max-video-preview:-1"},"canonical":"https:\/\/focolares.es\/ca\/abusos-espirituals\/","og_locale":"ca_ES","og_type":"article","og_title":"\u00bfQu\u00e9 es el abuso de poder, el abuso espiritual? - Movimiento de los Focolares","og_description":"En muchos grupos y comunidades hay personas que ejercen responsabilidades de gobierno, de direcci\u00f3n. Pueden usar para bien el poder y la autoridad que tienen, pero tambi\u00e9n pueden abusar de \u00e9l. Esto vale para el acompa\u00f1amiento espiritual, pero tambi\u00e9n en las familias, o con la pareja, en la escuela o en el \u00e1mbito de una terapia. Cualquier situaci\u00f3n en la que exista un superior y una persona o un grupo de personas supeditados es susceptible de dar lugar a abusos. Tambi\u00e9n hay riesgo de abusos en las relaciones en las que una persona o un grupo pide consejo, orientaci\u00f3n o ayuda a otra persona que los da. En estos casos es necesario que los dirigentes, los l\u00edderes del grupo, los ministros, los y las acompa\u00f1antes espirituales tengan conciencia autocr\u00edtica y plena conciencia de su especial responsabilidad. El&nbsp;abuso espiritual&nbsp;se da en ambientes religiosos. Empieza cuando una persona manipula y presiona a otra, que espera un consejo por su parte, usando para esto citas b\u00edblicas, contenidos de cariz teol\u00f3gico o pr\u00e1cticas espirituales. Los abusos los puede cometer un individuo, e incluso comunidades. La persona maltratada queda en un estado de confusi\u00f3n, angustia y aislamiento, en lugar de llevarle a una relaci\u00f3n con Dios que libera y realiza. El resultado es dependencia y opresi\u00f3n, en lugar de liberaci\u00f3n y autonom\u00eda, e incluso puede llegar a da\u00f1ar gravemente la salud mental y f\u00edsica de las personas afectadas. El abuso espiritual es una forma de abuso de poder, porque los autores aprovechan su posici\u00f3n o sus responsabilidades para rebasar l\u00edmites, sin que la persona afectada pueda defenderse.","og_url":"https:\/\/focolares.es\/ca\/abusos-espirituals\/","og_site_name":"Movimiento de los Focolares","article_modified_time":"2024-10-09T18:48:31+00:00","twitter_card":"summary_large_image","twitter_misc":{"Temps estimat de lectura":"2 minuts"},"schema":{"@context":"https:\/\/schema.org","@graph":[{"@type":"WebPage","@id":"https:\/\/focolares.es\/abuso-espiritual\/","url":"https:\/\/focolares.es\/abuso-espiritual\/","name":"Qu\u00e8 \u00e9s l&#039;ab\u00fas de poder, l&#039;ab\u00fas espiritual? - Moviment dels Focolars","isPartOf":{"@id":"https:\/\/focolares.es\/#website"},"datePublished":"2024-10-09T18:43:45+00:00","dateModified":"2024-10-09T18:48:31+00:00","breadcrumb":{"@id":"https:\/\/focolares.es\/abuso-espiritual\/#breadcrumb"},"inLanguage":"ca","potentialAction":[{"@type":"ReadAction","target":["https:\/\/focolares.es\/abuso-espiritual\/"]}]},{"@type":"BreadcrumbList","@id":"https:\/\/focolares.es\/abuso-espiritual\/#breadcrumb","itemListElement":[{"@type":"ListItem","position":1,"name":"Portada","item":"https:\/\/focolares.es\/"},{"@type":"ListItem","position":2,"name":"\u00bfQu\u00e9 es el abuso de poder, el abuso espiritual?"}]},{"@type":"WebSite","@id":"https:\/\/focolares.es\/#website","url":"https:\/\/focolares.es\/","name":"Moviment dels Focolars","description":"","publisher":{"@id":"https:\/\/focolares.es\/#organization"},"potentialAction":[{"@type":"SearchAction","target":{"@type":"EntryPoint","urlTemplate":"https:\/\/focolares.es\/?s={search_term_string}"},"query-input":{"@type":"PropertyValueSpecification","valueRequired":true,"valueName":"search_term_string"}}],"inLanguage":"ca"},{"@type":"Organization","@id":"https:\/\/focolares.es\/#organization","name":"Moviment dels Focolars","url":"https:\/\/focolares.es\/","logo":{"@type":"ImageObject","inLanguage":"ca","@id":"https:\/\/focolares.es\/#\/schema\/logo\/image\/","url":"https:\/\/focolares.es\/wp-content\/uploads\/2024\/03\/Logo_focolares-1024x944-1.jpg","contentUrl":"https:\/\/focolares.es\/wp-content\/uploads\/2024\/03\/Logo_focolares-1024x944-1.jpg","width":1024,"height":944,"caption":"Movimiento de los Focolares"},"image":{"@id":"https:\/\/focolares.es\/#\/schema\/logo\/image\/"}}]}},"ticketed":false,"_links":{"self":[{"href":"https:\/\/focolares.es\/ca\/wp-json\/wp\/v2\/pages\/12920","targetHints":{"allow":["GET"]}}],"collection":[{"href":"https:\/\/focolares.es\/ca\/wp-json\/wp\/v2\/pages"}],"about":[{"href":"https:\/\/focolares.es\/ca\/wp-json\/wp\/v2\/types\/page"}],"author":[{"embeddable":true,"href":"https:\/\/focolares.es\/ca\/wp-json\/wp\/v2\/users\/1"}],"replies":[{"embeddable":true,"href":"https:\/\/focolares.es\/ca\/wp-json\/wp\/v2\/comments?post=12920"}],"version-history":[{"count":1,"href":"https:\/\/focolares.es\/ca\/wp-json\/wp\/v2\/pages\/12920\/revisions"}],"predecessor-version":[{"id":12922,"href":"https:\/\/focolares.es\/ca\/wp-json\/wp\/v2\/pages\/12920\/revisions\/12922"}],"wp:attachment":[{"href":"https:\/\/focolares.es\/ca\/wp-json\/wp\/v2\/media?parent=12920"}],"curies":[{"name":"wp","href":"https:\/\/api.w.org\/{rel}","templated":true}]}}