{"id":20081,"date":"2026-09-01T07:35:18","date_gmt":"2026-09-01T05:35:18","guid":{"rendered":"https:\/\/focolares.es\/?post_type=idea_del_mes&#038;p=20081"},"modified":"2026-09-01T07:35:18","modified_gmt":"2026-09-01T05:35:18","slug":"september-2027","status":"publish","type":"idea_del_mes","link":"https:\/\/focolares.es\/en\/idea-del-mes\/septiembre-2026\/","title":{"rendered":"The Platinum Rule"},"content":{"rendered":"\n<p class=\"wp-block-paragraph\">La llaman \u00abla Regla de Platino\u00bb. Todos conocemos la grandeza de la Regla de Oro (\u00abhaz al otro lo que querr\u00edas que te hicieran a ti\u00bb) y precisamente de ella nace lo que puede considerarse una evoluci\u00f3n incluso m\u00e1s universal: \u00abesfu\u00e9rzate por comprender qu\u00e9 querr\u00eda el otro que le hicieran y act\u00faa en consecuencia\u00bb.<\/p>\n\n\n\n<p class=\"wp-block-paragraph\">Quiz\u00e1 precisamente aqu\u00ed podamos reconocer una de las formas m\u00e1s aut\u00e9nticas del amor: encontrarnos de igual a igual, cada uno con sus fortalezas y sus fragilidades, en una relaci\u00f3n de reciprocidad y respeto, reconociendo el valor y la dignidad de cada vida incluso en los contextos m\u00e1s dif\u00edciles. Se trata de mirar con atenci\u00f3n a quien tenemos al lado, sin ignorarlo.<\/p>\n\n\n\n<p class=\"wp-block-paragraph\">\u00abEl verdadero amor al pr\u00f3jimo \u2014afirma Chiara Lubich\u2014 no hace ning\u00fan mal\u00bb<a href=\"#_ftn1\" id=\"_ftnref1\">[1]<\/a>. De hecho, si amamos, evitamos toda forma de mal, tanto hacia nosotros mismos como hacia nuestros hermanos y hermanas. El primer paso para amar al pr\u00f3jimo es, precisamente, no hacerle da\u00f1o. Pero para llegar a amar plenamente es necesario ser creativos en el amor: el papa Francisco nos recordaba que no basta con no hacer el mal al pr\u00f3jimo, sino que es necesario elegir hacer el bien, aprovechando todas las ocasiones que se presentan.<\/p>\n\n\n\n<p class=\"wp-block-paragraph\">Lo sabemos: ninguno de nosotros puede dar lo que no tiene, y solo reconociendo que todo, hemos sido amados en alg\u00fan momento, podemos liberar plenamente nuestros dones hacia los dem\u00e1s.<\/p>\n\n\n\n<p class=\"wp-block-paragraph\">\u00bfC\u00f3mo vivir, entonces, esta Idea del Mes? Volvamos a poner el amor en el centro de nuestra vida. Amemos a los dem\u00e1s de manera concreta, con creatividad e imaginaci\u00f3n y, sobre todo, con una escucha profunda, que viene \u00abde dentro\u00bb, del coraz\u00f3n. Doris, una joven de Escocia, nos cuenta: \u00abEn nuestras visitas habituales a un refugio para personas sin hogar, entro en un mundo muy diferente del m\u00edo. S\u00e9 que no importa tanto lo que yo siento, sino amar. Un d\u00eda, un hombre con una profunda tristeza en el rostro me confi\u00f3 que se sent\u00eda dispuesto a acabar con todo, que incluso quer\u00eda morir. Simplemente me puse a escucharlo y despu\u00e9s compartimos un bocadillo y un caf\u00e9. Y comprend\u00ed que escuchar y estar presente ya era una forma de demostrar amor. Cuando lleg\u00f3 el momento de irme, me abraz\u00f3 con fuerza y me sonri\u00f3, dici\u00e9ndome que lo que est\u00e1bamos haciendo era muy importante, no solo para \u00e9l, sino para todos los que estaban all\u00ed. Sent\u00ed la incre\u00edble fuerza del amor. Quiz\u00e1 no lo \u201csalv\u00e9\u201d, pero su gratitud me llen\u00f3 de alegr\u00eda, y eso, por s\u00ed solo, ya es algo muy poderoso\u00bb.<\/p>\n\n\n\n<div style=\"height:100px\" aria-hidden=\"true\" class=\"wp-block-spacer\"><\/div>\n\n\n\n<hr class=\"wp-block-separator has-alpha-channel-opacity\"\/>\n\n\n\n<p class=\"has-small-font-size wp-block-paragraph\"><a href=\"#_ftnref1\" id=\"_ftn1\">[1]<\/a> C. Lubich, <em>Palabra de vida<\/em>, septiembre de 1993, en <em>Palabras de Vida\/2 <\/em>1991-2006) (ed. F. Ciardi), Ciudad Nueva, Madrid 2026, p. 77.<\/p>\n\n\n\n<div style=\"height:20px\" aria-hidden=\"true\" class=\"wp-block-spacer\"><\/div>\n\n\n\n<div class=\"wp-block-columns is-layout-flex wp-container-core-columns-is-layout-7387b849 wp-block-columns-is-layout-flex\">\n<div class=\"wp-block-column is-layout-flow wp-block-column-is-layout-flow\">\n<div class=\"wp-block-buttons is-layout-flex wp-block-buttons-is-layout-flex\">\n<div class=\"wp-block-button has-custom-width wp-block-button__width-100 is-style-outline is-style-outline--1\"><a class=\"wp-block-button__link has-custom-font-size wp-element-button\" href=\"https:\/\/focolares.es\/wp-content\/uploads\/2026\/08\/09-26-IM-CAS.pdf\" style=\"font-size:16px\" target=\"_blank\" rel=\"noreferrer noopener\">Castellano<\/a><\/div>\n<\/div>\n<\/div>\n\n\n\n<div class=\"wp-block-column is-layout-flow wp-block-column-is-layout-flow\">\n<div class=\"wp-block-buttons is-layout-flex wp-block-buttons-is-layout-flex\">\n<div class=\"wp-block-button has-custom-width wp-block-button__width-100 is-style-outline is-style-outline--2\"><a class=\"wp-block-button__link has-custom-font-size wp-element-button\" href=\"https:\/\/focolares.es\/wp-content\/uploads\/2026\/08\/09-26-IM-Cat.pdf\" style=\"font-size:16px\" target=\"_blank\" rel=\"noreferrer noopener\">Catal\u00e1n<\/a><\/div>\n<\/div>\n<\/div>\n\n\n\n<div class=\"wp-block-column is-layout-flow wp-block-column-is-layout-flow\">\n<div class=\"wp-block-buttons is-layout-flex wp-block-buttons-is-layout-flex\">\n<div class=\"wp-block-button has-custom-width wp-block-button__width-100 is-style-outline is-style-outline--3\"><a class=\"wp-block-button__link has-custom-font-size wp-element-button\" href=\"https:\/\/focolares.es\/wp-content\/uploads\/2026\/08\/09-26-IM-EUS.pdf\" style=\"font-size:16px\" target=\"_blank\" rel=\"noreferrer noopener\">Euskera<\/a><\/div>\n<\/div>\n<\/div>\n\n\n\n<div class=\"wp-block-column is-layout-flow wp-block-column-is-layout-flow\">\n<div class=\"wp-block-buttons is-layout-flex wp-block-buttons-is-layout-flex\">\n<div class=\"wp-block-button has-custom-width wp-block-button__width-100 is-style-outline is-style-outline--4\"><a class=\"wp-block-button__link has-custom-font-size wp-element-button\" href=\"https:\/\/focolares.es\/wp-content\/uploads\/2026\/08\/09-26-IM-GAL.pdf\" style=\"font-size:16px\" target=\"_blank\" rel=\"noreferrer noopener\">Gallego<\/a><\/div>\n<\/div>\n<\/div>\n<\/div>\n\n\n\n<p class=\"wp-block-paragraph\"><\/p>\n","protected":false},"template":"","categories":[1],"tags":[26],"class_list":["post-20081","idea_del_mes","type-idea_del_mes","status-publish","hentry","category-uncategorized","tag-idea-del-mes"],"yoast_head":"<!-- This site is optimized with the Yoast SEO plugin v28.1 - https:\/\/yoast.com\/product\/yoast-seo-wordpress\/ -->\n<title>La Regla de Platino - Movimiento de los Focolares<\/title>\n<meta name=\"robots\" content=\"index, follow, max-snippet:-1, max-image-preview:large, max-video-preview:-1\" \/>\n<link rel=\"canonical\" href=\"https:\/\/focolares.es\/en\/idea-of-the-month\/september-2027\/\" \/>\n<meta property=\"og:locale\" content=\"en_GB\" \/>\n<meta property=\"og:type\" content=\"article\" \/>\n<meta property=\"og:title\" content=\"La Regla de Platino - Movimiento de los Focolares\" \/>\n<meta property=\"og:description\" content=\"La llaman \u00abla Regla de Platino\u00bb. Todos conocemos la grandeza de la Regla de Oro (\u00abhaz al otro lo que querr\u00edas que te hicieran a ti\u00bb) y precisamente de ella nace lo que puede considerarse una evoluci\u00f3n incluso m\u00e1s universal: \u00abesfu\u00e9rzate por comprender qu\u00e9 querr\u00eda el otro que le hicieran y act\u00faa en consecuencia\u00bb. Quiz\u00e1 precisamente aqu\u00ed podamos reconocer una de las formas m\u00e1s aut\u00e9nticas del amor: encontrarnos de igual a igual, cada uno con sus fortalezas y sus fragilidades, en una relaci\u00f3n de reciprocidad y respeto, reconociendo el valor y la dignidad de cada vida incluso en los contextos m\u00e1s dif\u00edciles. Se trata de mirar con atenci\u00f3n a quien tenemos al lado, sin ignorarlo. \u00abEl verdadero amor al pr\u00f3jimo \u2014afirma Chiara Lubich\u2014 no hace ning\u00fan mal\u00bb[1]. De hecho, si amamos, evitamos toda forma de mal, tanto hacia nosotros mismos como hacia nuestros hermanos y hermanas. El primer paso para amar al pr\u00f3jimo es, precisamente, no hacerle da\u00f1o. Pero para llegar a amar plenamente es necesario ser creativos en el amor: el papa Francisco nos recordaba que no basta con no hacer el mal al pr\u00f3jimo, sino que es necesario elegir hacer el bien, aprovechando todas las ocasiones que se presentan. Lo sabemos: ninguno de nosotros puede dar lo que no tiene, y solo reconociendo que todo, hemos sido amados en alg\u00fan momento, podemos liberar plenamente nuestros dones hacia los dem\u00e1s. \u00bfC\u00f3mo vivir, entonces, esta Idea del Mes? Volvamos a poner el amor en el centro de nuestra vida. Amemos a los dem\u00e1s de manera concreta, con creatividad e imaginaci\u00f3n y, sobre todo, con una escucha profunda, que viene \u00abde dentro\u00bb, del coraz\u00f3n. Doris, una joven de Escocia, nos cuenta: \u00abEn nuestras visitas habituales a un refugio para personas sin hogar, entro en un mundo muy diferente del m\u00edo. S\u00e9 que no importa tanto lo que yo siento, sino amar. Un d\u00eda, un hombre con una profunda tristeza en el rostro me confi\u00f3 que se sent\u00eda dispuesto a acabar con todo, que incluso quer\u00eda morir. Simplemente me puse a escucharlo y despu\u00e9s compartimos un bocadillo y un caf\u00e9. Y comprend\u00ed que escuchar y estar presente ya era una forma de demostrar amor. Cuando lleg\u00f3 el momento de irme, me abraz\u00f3 con fuerza y me sonri\u00f3, dici\u00e9ndome que lo que est\u00e1bamos haciendo era muy importante, no solo para \u00e9l, sino para todos los que estaban all\u00ed. Sent\u00ed la incre\u00edble fuerza del amor. Quiz\u00e1 no lo \u201csalv\u00e9\u201d, pero su gratitud me llen\u00f3 de alegr\u00eda, y eso, por s\u00ed solo, ya es algo muy poderoso\u00bb. [1] C. Lubich, Palabra de vida, septiembre de 1993, en Palabras de Vida\/2 1991-2006) (ed. F. Ciardi), Ciudad Nueva, Madrid 2026, p. 77.\" \/>\n<meta property=\"og:url\" content=\"https:\/\/focolares.es\/en\/idea-of-the-month\/september-2027\/\" \/>\n<meta property=\"og:site_name\" content=\"Movimiento de los Focolares\" \/>\n<meta name=\"twitter:card\" content=\"summary_large_image\" \/>\n<script type=\"application\/ld+json\" class=\"yoast-schema-graph\">{\"@context\":\"https:\\\/\\\/schema.org\",\"@graph\":[{\"@type\":\"WebPage\",\"@id\":\"https:\\\/\\\/focolares.es\\\/idea-del-mes\\\/septiembre-2026\\\/\",\"url\":\"https:\\\/\\\/focolares.es\\\/idea-del-mes\\\/septiembre-2026\\\/\",\"name\":\"La Regla de Platino - Movimiento de los Focolares\",\"isPartOf\":{\"@id\":\"https:\\\/\\\/focolares.es\\\/#website\"},\"datePublished\":\"2026-09-01T05:35:18+00:00\",\"breadcrumb\":{\"@id\":\"https:\\\/\\\/focolares.es\\\/idea-del-mes\\\/septiembre-2026\\\/#breadcrumb\"},\"inLanguage\":\"en-GB\",\"potentialAction\":[{\"@type\":\"ReadAction\",\"target\":[\"https:\\\/\\\/focolares.es\\\/idea-del-mes\\\/septiembre-2026\\\/\"]}]},{\"@type\":\"BreadcrumbList\",\"@id\":\"https:\\\/\\\/focolares.es\\\/idea-del-mes\\\/septiembre-2026\\\/#breadcrumb\",\"itemListElement\":[{\"@type\":\"ListItem\",\"position\":1,\"name\":\"Portada\",\"item\":\"https:\\\/\\\/focolares.es\\\/\"},{\"@type\":\"ListItem\",\"position\":2,\"name\":\"La Regla de Platino\"}]},{\"@type\":\"WebSite\",\"@id\":\"https:\\\/\\\/focolares.es\\\/#website\",\"url\":\"https:\\\/\\\/focolares.es\\\/\",\"name\":\"Movimiento de los Focolares\",\"description\":\"\",\"publisher\":{\"@id\":\"https:\\\/\\\/focolares.es\\\/#organization\"},\"potentialAction\":[{\"@type\":\"SearchAction\",\"target\":{\"@type\":\"EntryPoint\",\"urlTemplate\":\"https:\\\/\\\/focolares.es\\\/?s={search_term_string}\"},\"query-input\":{\"@type\":\"PropertyValueSpecification\",\"valueRequired\":true,\"valueName\":\"search_term_string\"}}],\"inLanguage\":\"en-GB\"},{\"@type\":\"Organization\",\"@id\":\"https:\\\/\\\/focolares.es\\\/#organization\",\"name\":\"Movimiento de los Focolares\",\"url\":\"https:\\\/\\\/focolares.es\\\/\",\"logo\":{\"@type\":\"ImageObject\",\"inLanguage\":\"en-GB\",\"@id\":\"https:\\\/\\\/focolares.es\\\/#\\\/schema\\\/logo\\\/image\\\/\",\"url\":\"https:\\\/\\\/focolares.es\\\/wp-content\\\/uploads\\\/2024\\\/03\\\/Logo_focolares-1024x944-1.jpg\",\"contentUrl\":\"https:\\\/\\\/focolares.es\\\/wp-content\\\/uploads\\\/2024\\\/03\\\/Logo_focolares-1024x944-1.jpg\",\"width\":1024,\"height\":944,\"caption\":\"Movimiento de los Focolares\"},\"image\":{\"@id\":\"https:\\\/\\\/focolares.es\\\/#\\\/schema\\\/logo\\\/image\\\/\"}}]}<\/script>\n<!-- \/ Yoast SEO plugin. -->","yoast_head_json":{"title":"La Regla de Platino - Movimiento de los Focolares","robots":{"index":"index","follow":"follow","max-snippet":"max-snippet:-1","max-image-preview":"max-image-preview:large","max-video-preview":"max-video-preview:-1"},"canonical":"https:\/\/focolares.es\/en\/idea-of-the-month\/september-2027\/","og_locale":"en_GB","og_type":"article","og_title":"La Regla de Platino - Movimiento de los Focolares","og_description":"La llaman \u00abla Regla de Platino\u00bb. Todos conocemos la grandeza de la Regla de Oro (\u00abhaz al otro lo que querr\u00edas que te hicieran a ti\u00bb) y precisamente de ella nace lo que puede considerarse una evoluci\u00f3n incluso m\u00e1s universal: \u00abesfu\u00e9rzate por comprender qu\u00e9 querr\u00eda el otro que le hicieran y act\u00faa en consecuencia\u00bb. Quiz\u00e1 precisamente aqu\u00ed podamos reconocer una de las formas m\u00e1s aut\u00e9nticas del amor: encontrarnos de igual a igual, cada uno con sus fortalezas y sus fragilidades, en una relaci\u00f3n de reciprocidad y respeto, reconociendo el valor y la dignidad de cada vida incluso en los contextos m\u00e1s dif\u00edciles. Se trata de mirar con atenci\u00f3n a quien tenemos al lado, sin ignorarlo. \u00abEl verdadero amor al pr\u00f3jimo \u2014afirma Chiara Lubich\u2014 no hace ning\u00fan mal\u00bb[1]. De hecho, si amamos, evitamos toda forma de mal, tanto hacia nosotros mismos como hacia nuestros hermanos y hermanas. El primer paso para amar al pr\u00f3jimo es, precisamente, no hacerle da\u00f1o. Pero para llegar a amar plenamente es necesario ser creativos en el amor: el papa Francisco nos recordaba que no basta con no hacer el mal al pr\u00f3jimo, sino que es necesario elegir hacer el bien, aprovechando todas las ocasiones que se presentan. Lo sabemos: ninguno de nosotros puede dar lo que no tiene, y solo reconociendo que todo, hemos sido amados en alg\u00fan momento, podemos liberar plenamente nuestros dones hacia los dem\u00e1s. \u00bfC\u00f3mo vivir, entonces, esta Idea del Mes? Volvamos a poner el amor en el centro de nuestra vida. Amemos a los dem\u00e1s de manera concreta, con creatividad e imaginaci\u00f3n y, sobre todo, con una escucha profunda, que viene \u00abde dentro\u00bb, del coraz\u00f3n. Doris, una joven de Escocia, nos cuenta: \u00abEn nuestras visitas habituales a un refugio para personas sin hogar, entro en un mundo muy diferente del m\u00edo. S\u00e9 que no importa tanto lo que yo siento, sino amar. Un d\u00eda, un hombre con una profunda tristeza en el rostro me confi\u00f3 que se sent\u00eda dispuesto a acabar con todo, que incluso quer\u00eda morir. Simplemente me puse a escucharlo y despu\u00e9s compartimos un bocadillo y un caf\u00e9. Y comprend\u00ed que escuchar y estar presente ya era una forma de demostrar amor. Cuando lleg\u00f3 el momento de irme, me abraz\u00f3 con fuerza y me sonri\u00f3, dici\u00e9ndome que lo que est\u00e1bamos haciendo era muy importante, no solo para \u00e9l, sino para todos los que estaban all\u00ed. Sent\u00ed la incre\u00edble fuerza del amor. Quiz\u00e1 no lo \u201csalv\u00e9\u201d, pero su gratitud me llen\u00f3 de alegr\u00eda, y eso, por s\u00ed solo, ya es algo muy poderoso\u00bb. [1] C. Lubich, Palabra de vida, septiembre de 1993, en Palabras de Vida\/2 1991-2006) (ed. F. Ciardi), Ciudad Nueva, Madrid 2026, p. 77.","og_url":"https:\/\/focolares.es\/en\/idea-of-the-month\/september-2027\/","og_site_name":"Movimiento de los Focolares","twitter_card":"summary_large_image","schema":{"@context":"https:\/\/schema.org","@graph":[{"@type":"WebPage","@id":"https:\/\/focolares.es\/idea-del-mes\/septiembre-2026\/","url":"https:\/\/focolares.es\/idea-del-mes\/septiembre-2026\/","name":"La Regla de Platino - Movimiento de los Focolares","isPartOf":{"@id":"https:\/\/focolares.es\/#website"},"datePublished":"2026-09-01T05:35:18+00:00","breadcrumb":{"@id":"https:\/\/focolares.es\/idea-del-mes\/septiembre-2026\/#breadcrumb"},"inLanguage":"en-GB","potentialAction":[{"@type":"ReadAction","target":["https:\/\/focolares.es\/idea-del-mes\/septiembre-2026\/"]}]},{"@type":"BreadcrumbList","@id":"https:\/\/focolares.es\/idea-del-mes\/septiembre-2026\/#breadcrumb","itemListElement":[{"@type":"ListItem","position":1,"name":"Portada","item":"https:\/\/focolares.es\/"},{"@type":"ListItem","position":2,"name":"La Regla de Platino"}]},{"@type":"WebSite","@id":"https:\/\/focolares.es\/#website","url":"https:\/\/focolares.es\/","name":"Focolare Movement","description":"","publisher":{"@id":"https:\/\/focolares.es\/#organization"},"potentialAction":[{"@type":"SearchAction","target":{"@type":"EntryPoint","urlTemplate":"https:\/\/focolares.es\/?s={search_term_string}"},"query-input":{"@type":"PropertyValueSpecification","valueRequired":true,"valueName":"search_term_string"}}],"inLanguage":"en-GB"},{"@type":"Organization","@id":"https:\/\/focolares.es\/#organization","name":"Focolare Movement","url":"https:\/\/focolares.es\/","logo":{"@type":"ImageObject","inLanguage":"en-GB","@id":"https:\/\/focolares.es\/#\/schema\/logo\/image\/","url":"https:\/\/focolares.es\/wp-content\/uploads\/2024\/03\/Logo_focolares-1024x944-1.jpg","contentUrl":"https:\/\/focolares.es\/wp-content\/uploads\/2024\/03\/Logo_focolares-1024x944-1.jpg","width":1024,"height":944,"caption":"Movimiento de los Focolares"},"image":{"@id":"https:\/\/focolares.es\/#\/schema\/logo\/image\/"}}]}},"_links":{"self":[{"href":"https:\/\/focolares.es\/en\/wp-json\/wp\/v2\/idea_del_mes\/20081","targetHints":{"allow":["GET"]}}],"collection":[{"href":"https:\/\/focolares.es\/en\/wp-json\/wp\/v2\/idea_del_mes"}],"about":[{"href":"https:\/\/focolares.es\/en\/wp-json\/wp\/v2\/types\/idea_del_mes"}],"wp:attachment":[{"href":"https:\/\/focolares.es\/en\/wp-json\/wp\/v2\/media?parent=20081"}],"wp:term":[{"taxonomy":"category","embeddable":true,"href":"https:\/\/focolares.es\/en\/wp-json\/wp\/v2\/categories?post=20081"},{"taxonomy":"post_tag","embeddable":true,"href":"https:\/\/focolares.es\/en\/wp-json\/wp\/v2\/tags?post=20081"}],"curies":[{"name":"wp","href":"https:\/\/api.w.org\/{rel}","templated":true}]}}