{"id":12889,"date":"2024-10-09T19:24:27","date_gmt":"2024-10-09T17:24:27","guid":{"rendered":"https:\/\/focolares.es\/?page_id=12889"},"modified":"2025-02-21T12:02:10","modified_gmt":"2025-02-21T11:02:10","slug":"listening-points","status":"publish","type":"page","link":"https:\/\/focolares.es\/en\/puntos-de-escucha\/","title":{"rendered":"Listening points"},"content":{"rendered":"<p><\/p>\n\n\n\n<p>The Listening Point professionals who can be contacted in Spanish are:<\/p>\n\n\n\n<h2 class=\"wp-block-heading\">Toni Mart\u00edn <br><a href=\"mailto:toni.puntodeescucha.euoccident@gmail.com\">toni.puntodeescucha.euoccident@gmail.com<\/a><\/h2>\n\n\n\n<div class=\"wp-block-columns is-layout-flex wp-container-core-columns-is-layout-28f84493 wp-block-columns-is-layout-flex\">\n<div class=\"wp-block-column is-layout-flow wp-block-column-is-layout-flow\" style=\"flex-basis:33.33%\">\n<figure class=\"wp-block-image aligncenter size-full\"><img decoding=\"async\" width=\"175\" height=\"239\" src=\"https:\/\/focolares.es\/wp-content\/uploads\/2024\/10\/Toni-Martin-178x243-1.jpg\" alt=\"\" class=\"wp-image-12890\" srcset=\"https:\/\/focolares.es\/wp-content\/uploads\/2024\/10\/Toni-Martin-178x243-1.jpg 175w, https:\/\/focolares.es\/wp-content\/uploads\/2024\/10\/Toni-Martin-178x243-1-9x12.jpg 9w\" sizes=\"(max-width: 175px) 100vw, 175px\" \/><\/figure>\n<\/div>\n\n\n\n<div class=\"wp-block-column is-layout-flow wp-block-column-is-layout-flow\" style=\"flex-basis:66.66%\">\n<p class=\"translation-block\">Born in 1955 in Barcelona, where he currently lives. He is not a member of the <em>Focolare Movement<\/em> . He specializes in psychosomatic disorders: emotional disturbances and somatic pain. He is a cognitive behavioral psychotherapist ( <em>Albert Ellis Institute<\/em> ). He has been a clinical sexologist and couples therapist since 1985.<\/p>\n\n\n\n<p class=\"translation-block\">Member of the board of directors of the <em>Medical Sexology Section of the Official College of Physicians of Barcelona<\/em> . He is a professor in the <em>Master&#039;s Program in Clinical Sexology and Sexual Health<\/em> at the <em>University of Barcelona<\/em> , specializing in sexual addiction and paraphilias. He is a mindfulness instructor (MBSR), lecturer, and promoter of mental health topics.<\/p>\n<\/div>\n<\/div>\n\n\n\n<h2 class=\"wp-block-heading\">Elvira Mira Garc\u00eda\u00a0<br><a href=\"mailto:elvira.puntodeescucha.euoccident@gmail.com\">elvira.puntodeescucha.euoccident@gmail.com<\/a><\/h2>\n\n\n\n<div class=\"wp-block-columns is-layout-flex wp-container-core-columns-is-layout-28f84493 wp-block-columns-is-layout-flex\">\n<div class=\"wp-block-column is-layout-flow wp-block-column-is-layout-flow\" style=\"flex-basis:33.33%\">\n<figure class=\"wp-block-image aligncenter size-full\"><img decoding=\"async\" width=\"173\" height=\"229\" src=\"https:\/\/focolares.es\/wp-content\/uploads\/2024\/10\/Elvira-Mira-Garcia-178x235-1.jpg\" alt=\"\" class=\"wp-image-12891\" srcset=\"https:\/\/focolares.es\/wp-content\/uploads\/2024\/10\/Elvira-Mira-Garcia-178x235-1.jpg 173w, https:\/\/focolares.es\/wp-content\/uploads\/2024\/10\/Elvira-Mira-Garcia-178x235-1-9x12.jpg 9w\" sizes=\"(max-width: 173px) 100vw, 173px\" \/><\/figure>\n<\/div>\n\n\n\n<div class=\"wp-block-column is-layout-flow wp-block-column-is-layout-flow\" style=\"flex-basis:66.66%\">\n<p class=\"translation-block\">She graduated in psychology in 1986 from the <em>University of Seville<\/em> . Her professional experience focuses on clinical psychology. Since 1988, she has worked in clinical intervention clinics, focusing on the individual treatment of pathologies in adults, children, and couples. She has taught courses, seminars, and conferences, primarily in the areas of couple communication, values education, dialogue, adoption, and adolescence. In recent years, she has also been a member of the <em>Itinerarios de Luz<\/em> team, a laboratory for couples in difficulty.<\/p>\n<\/div>\n<\/div>\n\n\n\n<p class=\"translation-block\">The members of the Western European <em>Listening Point<\/em> carry out their listening tasks individually, but are assisted by a consultant, Dr. <strong>Gabriele Muller<\/strong> .<\/p>\n\n\n\n<h2 class=\"wp-block-heading\">Gabriele M\u00fcller<\/h2>\n\n\n\n<div class=\"wp-block-columns is-layout-flex wp-container-core-columns-is-layout-28f84493 wp-block-columns-is-layout-flex\">\n<div class=\"wp-block-column is-layout-flow wp-block-column-is-layout-flow\" style=\"flex-basis:33.33%\">\n<figure class=\"wp-block-image aligncenter size-full\"><img decoding=\"async\" width=\"178\" height=\"168\" src=\"https:\/\/focolares.es\/wp-content\/uploads\/2024\/10\/Gabriele-Muller-178x171-1.jpg\" alt=\"\" class=\"wp-image-12892\" srcset=\"https:\/\/focolares.es\/wp-content\/uploads\/2024\/10\/Gabriele-Muller-178x171-1.jpg 178w, https:\/\/focolares.es\/wp-content\/uploads\/2024\/10\/Gabriele-Muller-178x171-1-13x12.jpg 13w\" sizes=\"(max-width: 178px) 100vw, 178px\" \/><\/figure>\n<\/div>\n\n\n\n<div class=\"wp-block-column is-layout-flow wp-block-column-is-layout-flow\" style=\"flex-basis:66.66%\">\n<p class=\"translation-block\">Born in 1964, she lives in a focolare in Frankfurt-und-Main. She has no leadership role in the <em>Focolare Movement<\/em> . An anesthesiologist, she specializes in pain management, palliative care, palliative medicine, and acupuncture. She specializes in issue-centered interaction based on depth psychology at the <em>Simone Weil Institute<\/em> and in communication psychology at the <em>Schultz-von-Thun Institute<\/em> . She works as an assistant in the medical management team at the <em>Rhein-Main Pain and Palliative Care Center<\/em> in Wiesbaden and Frankfurt.<\/p>\n<\/div>\n<\/div>\n\n\n\n<p>To contact and receive general information:&nbsp;     <a href=\"mailto:info.puntoascolto.EUOccident@gmail.com\" target=\"_blank\" rel=\"noreferrer noopener\">info.puntoascolto.euoccident@gmail.com<\/a><\/p>","protected":false},"excerpt":{"rendered":"<p>The Listening Point professionals who can be contacted in Spanish are: Toni Mart\u00edn toni.puntodeescucha.euoccident@gmail.com Born in 1955 in Barcelona, the city where he lives. He is not a member of the Focolare Movement. He is a physician specializing in psychosomatic pathologies: emotional disturbances and somatic pain. He is a cognitive behavioral psychotherapist (Albert Ellis Institute). He has been a clinical sexologist and couples therapist since 1985. He is a member of the board of directors of the Collegiate Section of Medical Sexology of the Official College of Physicians of Barcelona. He is a professor in the Master&#039;s Degree in Clinical Sexology and Sexual Health at the University of Barcelona, specializing in sexual addiction and paraphilias. He is a mindfulness instructor (MBSR), lecturer, and promoter of mental health topics. Elvira Mira Garc\u00eda elvira.puntodeescucha.euoccident@gmail.com Graduated in Psychology in 1986 from the University of Seville. Her professional experience focuses on clinical psychology. Since 1988, she has practiced clinical intervention, focusing on the individual care of pathologies in adults, children, and couples. She has given courses, seminars, and conferences, primarily in the areas of couple communication, values education, dialogue, adoption, and adolescence. In recent years, she has also been a member of the Itineraries of Light team, a laboratory for couples in difficulty. Members of the Western European Listening Point carry out their listening tasks individually, but are assisted by a consultant, Dr. Gabriele Muller. Gabriele M\u00fcller was born in 1964 and lives in a focolare center in Frankfurt-und-Main. She does not hold a leadership role in the Focolare Movement. She is an anesthesiologist, specialist in pain management, palliative care, palliative medicine, and acupuncture, specializing in issue-centered interaction based on depth psychology from the Simone Weil Institute, as well as in communication psychology from the Schultz-von-Thun Institute. She works as an assistant in the medical management team at the Rhein-Main Pain and Palliative Care Center in Wiesbaden and Frankfurt. For general information and to contact her, please visit: info.puntoascolto.euoccident@gmail.com<\/p>","protected":false},"author":1,"featured_media":0,"parent":0,"menu_order":0,"comment_status":"closed","ping_status":"closed","template":"elementor_theme","meta":{"_price":"","_stock":"","_tribe_ticket_header":"","_tribe_default_ticket_provider":"","_tribe_ticket_capacity":"0","_ticket_start_date":"","_ticket_end_date":"","_tribe_ticket_show_description":"","_tribe_ticket_show_not_going":false,"_tribe_ticket_use_global_stock":"","_tribe_ticket_global_stock_level":"","_global_stock_mode":"","_global_stock_cap":"","_tribe_rsvp_for_event":"","_tribe_ticket_going_count":"","_tribe_ticket_not_going_count":"","_tribe_tickets_list":"[]","_tribe_ticket_has_attendee_info_fields":false,"footnotes":"","_tec_slr_enabled":"","_tec_slr_layout":""},"class_list":["post-12889","page","type-page","status-publish","hentry"],"yoast_head":"<!-- This site is optimized with the Yoast SEO plugin v27.2 - https:\/\/yoast.com\/product\/yoast-seo-wordpress\/ -->\n<title>Puntos de escucha - Movimiento de los Focolares<\/title>\n<meta name=\"robots\" content=\"index, follow, max-snippet:-1, max-image-preview:large, max-video-preview:-1\" \/>\n<link rel=\"canonical\" href=\"https:\/\/focolares.es\/en\/listening-points\/\" \/>\n<meta property=\"og:locale\" content=\"en_GB\" \/>\n<meta property=\"og:type\" content=\"article\" \/>\n<meta property=\"og:title\" content=\"Puntos de escucha - Movimiento de los Focolares\" \/>\n<meta property=\"og:description\" content=\"Los profesionales del Punto de escucha con los que se puede contactar en lengua castellana son: Toni Mart\u00edn toni.puntodeescucha.euoccident@gmail.com Nacido en 1955 en Barcelona, ciudad en la que vive. No pertenece al&nbsp;Movimiento de los Focolares. M\u00e9dico especialista en patolog\u00edas psicosom\u00e1ticas: perturbaciones emocionales y dolor som\u00e1tico. Es psicoterapeuta cognitivo conductual (Albert Ellis Institute). Sex\u00f3logo cl\u00ednico y terapeuta de pareja desde 1985. Miembro de la&nbsp;junta directiva&nbsp;de la&nbsp;Secci\u00f3n Colegial de Sexolog\u00eda M\u00e9dica del Colegio Oficial de M\u00e9dicos de Barcelona. Es profesor en el&nbsp;M\u00e1ster de Sexolog\u00eda Cl\u00ednica y Salud Sexual&nbsp;de la&nbsp;Universidad de Barcelona, especializado en temas de Adicci\u00f3n Sexual y Parafilias. Es instructor de mindfulness (MBSR), conferenciante y divulgador de temas de salud mental. Elvira Mira Garc\u00eda\u00a0elvira.puntodeescucha.euoccident@gmail.com Licenciada en psicolog\u00eda en 1986 por la&nbsp;Universidad de Sevilla. Su experiencia profesional est\u00e1 enfocada en la psicolog\u00eda cl\u00ednica. Desde 1988 ejerce en consulta de intervenci\u00f3n cl\u00ednica, enfocada en la atenci\u00f3n individual de la patolog\u00eda en adultos, ni\u00f1os y parejas. Ha impartido cursos, seminarios y conferencias sobre todo en el \u00e1mbito de la comunicaci\u00f3n de pareja, educaci\u00f3n en valores, di\u00e1logo, adopciones y adolescencia. En los \u00faltimos a\u00f1os, adem\u00e1s, es miembro del equipo&nbsp;Itinerarios de Luz, un laboratorio para parejas en dificultad. Los miembros del&nbsp;Punto de escucha&nbsp;de Europa Occidental llevan a cabo su tarea de escucha de modo individual, pero cuentan con la ayuda de una consultora, la Dra.&nbsp;Gabriele Muller. Gabriele M\u00fcller Nacida en 1964, vive en un focolar en Frankfurt-und-Main. No tiene ning\u00fan papel directivo en el&nbsp;Movimiento de los Focolares. M\u00e9dico anestesista, especialista en tratamiento del dolor, cuidados paliativos, medicina paliativa y acupuntura, especializada en la interacci\u00f3n centrada en el tema, basada en la psicolog\u00eda profunda del&nbsp;Instituto Simone Weil, as\u00ed como en psicolog\u00eda de la comunicaci\u00f3n en el&nbsp;Instituto Schultz-von-Thun. Trabaja como adjunta en el equipo de direcci\u00f3n m\u00e9dica del&nbsp;Centro de tratamiento del dolor y cuidados paliativos Rhein-Main&nbsp;en Wiesbaden y en Frankfurt. Para contactar y recibir informaci\u00f3n general:&nbsp; info.puntoascolto.euoccident@gmail.com\" \/>\n<meta property=\"og:url\" content=\"https:\/\/focolares.es\/en\/listening-points\/\" \/>\n<meta property=\"og:site_name\" content=\"Movimiento de los Focolares\" \/>\n<meta property=\"article:modified_time\" content=\"2025-02-21T11:02:10+00:00\" \/>\n<meta property=\"og:image\" content=\"https:\/\/focolares.es\/wp-content\/uploads\/2024\/10\/Toni-Martin-178x243-1.jpg\" \/>\n\t<meta property=\"og:image:width\" content=\"175\" \/>\n\t<meta property=\"og:image:height\" content=\"239\" \/>\n\t<meta property=\"og:image:type\" content=\"image\/jpeg\" \/>\n<meta name=\"twitter:card\" content=\"summary_large_image\" \/>\n<meta name=\"twitter:label1\" content=\"Estimated reading time\" \/>\n\t<meta name=\"twitter:data1\" content=\"3 minutes\" \/>\n<script type=\"application\/ld+json\" class=\"yoast-schema-graph\">{\"@context\":\"https:\/\/schema.org\",\"@graph\":[{\"@type\":\"WebPage\",\"@id\":\"https:\/\/focolares.es\/puntos-de-escucha\/\",\"url\":\"https:\/\/focolares.es\/puntos-de-escucha\/\",\"name\":\"Puntos de escucha - Movimiento de los Focolares\",\"isPartOf\":{\"@id\":\"https:\/\/focolares.es\/#website\"},\"primaryImageOfPage\":{\"@id\":\"https:\/\/focolares.es\/puntos-de-escucha\/#primaryimage\"},\"image\":{\"@id\":\"https:\/\/focolares.es\/puntos-de-escucha\/#primaryimage\"},\"thumbnailUrl\":\"https:\/\/focolares.es\/wp-content\/uploads\/2024\/10\/Toni-Martin-178x243-1.jpg\",\"datePublished\":\"2024-10-09T17:24:27+00:00\",\"dateModified\":\"2025-02-21T11:02:10+00:00\",\"breadcrumb\":{\"@id\":\"https:\/\/focolares.es\/puntos-de-escucha\/#breadcrumb\"},\"inLanguage\":\"en-GB\",\"potentialAction\":[{\"@type\":\"ReadAction\",\"target\":[\"https:\/\/focolares.es\/puntos-de-escucha\/\"]}]},{\"@type\":\"ImageObject\",\"inLanguage\":\"en-GB\",\"@id\":\"https:\/\/focolares.es\/puntos-de-escucha\/#primaryimage\",\"url\":\"https:\/\/focolares.es\/wp-content\/uploads\/2024\/10\/Toni-Martin-178x243-1.jpg\",\"contentUrl\":\"https:\/\/focolares.es\/wp-content\/uploads\/2024\/10\/Toni-Martin-178x243-1.jpg\"},{\"@type\":\"BreadcrumbList\",\"@id\":\"https:\/\/focolares.es\/puntos-de-escucha\/#breadcrumb\",\"itemListElement\":[{\"@type\":\"ListItem\",\"position\":1,\"name\":\"Portada\",\"item\":\"https:\/\/focolares.es\/\"},{\"@type\":\"ListItem\",\"position\":2,\"name\":\"Puntos de escucha\"}]},{\"@type\":\"WebSite\",\"@id\":\"https:\/\/focolares.es\/#website\",\"url\":\"https:\/\/focolares.es\/\",\"name\":\"Movimiento de los Focolares\",\"description\":\"\",\"publisher\":{\"@id\":\"https:\/\/focolares.es\/#organization\"},\"potentialAction\":[{\"@type\":\"SearchAction\",\"target\":{\"@type\":\"EntryPoint\",\"urlTemplate\":\"https:\/\/focolares.es\/?s={search_term_string}\"},\"query-input\":{\"@type\":\"PropertyValueSpecification\",\"valueRequired\":true,\"valueName\":\"search_term_string\"}}],\"inLanguage\":\"en-GB\"},{\"@type\":\"Organization\",\"@id\":\"https:\/\/focolares.es\/#organization\",\"name\":\"Movimiento de los Focolares\",\"url\":\"https:\/\/focolares.es\/\",\"logo\":{\"@type\":\"ImageObject\",\"inLanguage\":\"en-GB\",\"@id\":\"https:\/\/focolares.es\/#\/schema\/logo\/image\/\",\"url\":\"https:\/\/focolares.es\/wp-content\/uploads\/2024\/03\/Logo_focolares-1024x944-1.jpg\",\"contentUrl\":\"https:\/\/focolares.es\/wp-content\/uploads\/2024\/03\/Logo_focolares-1024x944-1.jpg\",\"width\":1024,\"height\":944,\"caption\":\"Movimiento de los Focolares\"},\"image\":{\"@id\":\"https:\/\/focolares.es\/#\/schema\/logo\/image\/\"}}]}<\/script>\n<!-- \/ Yoast SEO plugin. -->","yoast_head_json":{"title":"Listening Points - Focolare Movement","robots":{"index":"index","follow":"follow","max-snippet":"max-snippet:-1","max-image-preview":"max-image-preview:large","max-video-preview":"max-video-preview:-1"},"canonical":"https:\/\/focolares.es\/en\/listening-points\/","og_locale":"en_GB","og_type":"article","og_title":"Puntos de escucha - Movimiento de los Focolares","og_description":"Los profesionales del Punto de escucha con los que se puede contactar en lengua castellana son: Toni Mart\u00edn toni.puntodeescucha.euoccident@gmail.com Nacido en 1955 en Barcelona, ciudad en la que vive. No pertenece al&nbsp;Movimiento de los Focolares. M\u00e9dico especialista en patolog\u00edas psicosom\u00e1ticas: perturbaciones emocionales y dolor som\u00e1tico. Es psicoterapeuta cognitivo conductual (Albert Ellis Institute). Sex\u00f3logo cl\u00ednico y terapeuta de pareja desde 1985. Miembro de la&nbsp;junta directiva&nbsp;de la&nbsp;Secci\u00f3n Colegial de Sexolog\u00eda M\u00e9dica del Colegio Oficial de M\u00e9dicos de Barcelona. Es profesor en el&nbsp;M\u00e1ster de Sexolog\u00eda Cl\u00ednica y Salud Sexual&nbsp;de la&nbsp;Universidad de Barcelona, especializado en temas de Adicci\u00f3n Sexual y Parafilias. Es instructor de mindfulness (MBSR), conferenciante y divulgador de temas de salud mental. Elvira Mira Garc\u00eda\u00a0elvira.puntodeescucha.euoccident@gmail.com Licenciada en psicolog\u00eda en 1986 por la&nbsp;Universidad de Sevilla. Su experiencia profesional est\u00e1 enfocada en la psicolog\u00eda cl\u00ednica. Desde 1988 ejerce en consulta de intervenci\u00f3n cl\u00ednica, enfocada en la atenci\u00f3n individual de la patolog\u00eda en adultos, ni\u00f1os y parejas. Ha impartido cursos, seminarios y conferencias sobre todo en el \u00e1mbito de la comunicaci\u00f3n de pareja, educaci\u00f3n en valores, di\u00e1logo, adopciones y adolescencia. En los \u00faltimos a\u00f1os, adem\u00e1s, es miembro del equipo&nbsp;Itinerarios de Luz, un laboratorio para parejas en dificultad. Los miembros del&nbsp;Punto de escucha&nbsp;de Europa Occidental llevan a cabo su tarea de escucha de modo individual, pero cuentan con la ayuda de una consultora, la Dra.&nbsp;Gabriele Muller. Gabriele M\u00fcller Nacida en 1964, vive en un focolar en Frankfurt-und-Main. No tiene ning\u00fan papel directivo en el&nbsp;Movimiento de los Focolares. M\u00e9dico anestesista, especialista en tratamiento del dolor, cuidados paliativos, medicina paliativa y acupuntura, especializada en la interacci\u00f3n centrada en el tema, basada en la psicolog\u00eda profunda del&nbsp;Instituto Simone Weil, as\u00ed como en psicolog\u00eda de la comunicaci\u00f3n en el&nbsp;Instituto Schultz-von-Thun. Trabaja como adjunta en el equipo de direcci\u00f3n m\u00e9dica del&nbsp;Centro de tratamiento del dolor y cuidados paliativos Rhein-Main&nbsp;en Wiesbaden y en Frankfurt. Para contactar y recibir informaci\u00f3n general:&nbsp; info.puntoascolto.euoccident@gmail.com","og_url":"https:\/\/focolares.es\/en\/listening-points\/","og_site_name":"Movimiento de los Focolares","article_modified_time":"2025-02-21T11:02:10+00:00","og_image":[{"width":175,"height":239,"url":"https:\/\/focolares.es\/wp-content\/uploads\/2024\/10\/Toni-Martin-178x243-1.jpg","type":"image\/jpeg"}],"twitter_card":"summary_large_image","twitter_misc":{"Estimated reading time":"3 minutes"},"schema":{"@context":"https:\/\/schema.org","@graph":[{"@type":"WebPage","@id":"https:\/\/focolares.es\/puntos-de-escucha\/","url":"https:\/\/focolares.es\/puntos-de-escucha\/","name":"Listening Points - Focolare Movement","isPartOf":{"@id":"https:\/\/focolares.es\/#website"},"primaryImageOfPage":{"@id":"https:\/\/focolares.es\/puntos-de-escucha\/#primaryimage"},"image":{"@id":"https:\/\/focolares.es\/puntos-de-escucha\/#primaryimage"},"thumbnailUrl":"https:\/\/focolares.es\/wp-content\/uploads\/2024\/10\/Toni-Martin-178x243-1.jpg","datePublished":"2024-10-09T17:24:27+00:00","dateModified":"2025-02-21T11:02:10+00:00","breadcrumb":{"@id":"https:\/\/focolares.es\/puntos-de-escucha\/#breadcrumb"},"inLanguage":"en-GB","potentialAction":[{"@type":"ReadAction","target":["https:\/\/focolares.es\/puntos-de-escucha\/"]}]},{"@type":"ImageObject","inLanguage":"en-GB","@id":"https:\/\/focolares.es\/puntos-de-escucha\/#primaryimage","url":"https:\/\/focolares.es\/wp-content\/uploads\/2024\/10\/Toni-Martin-178x243-1.jpg","contentUrl":"https:\/\/focolares.es\/wp-content\/uploads\/2024\/10\/Toni-Martin-178x243-1.jpg"},{"@type":"BreadcrumbList","@id":"https:\/\/focolares.es\/puntos-de-escucha\/#breadcrumb","itemListElement":[{"@type":"ListItem","position":1,"name":"Portada","item":"https:\/\/focolares.es\/"},{"@type":"ListItem","position":2,"name":"Puntos de escucha"}]},{"@type":"WebSite","@id":"https:\/\/focolares.es\/#website","url":"https:\/\/focolares.es\/","name":"Focolare Movement","description":"","publisher":{"@id":"https:\/\/focolares.es\/#organization"},"potentialAction":[{"@type":"SearchAction","target":{"@type":"EntryPoint","urlTemplate":"https:\/\/focolares.es\/?s={search_term_string}"},"query-input":{"@type":"PropertyValueSpecification","valueRequired":true,"valueName":"search_term_string"}}],"inLanguage":"en-GB"},{"@type":"Organization","@id":"https:\/\/focolares.es\/#organization","name":"Focolare Movement","url":"https:\/\/focolares.es\/","logo":{"@type":"ImageObject","inLanguage":"en-GB","@id":"https:\/\/focolares.es\/#\/schema\/logo\/image\/","url":"https:\/\/focolares.es\/wp-content\/uploads\/2024\/03\/Logo_focolares-1024x944-1.jpg","contentUrl":"https:\/\/focolares.es\/wp-content\/uploads\/2024\/03\/Logo_focolares-1024x944-1.jpg","width":1024,"height":944,"caption":"Movimiento de los Focolares"},"image":{"@id":"https:\/\/focolares.es\/#\/schema\/logo\/image\/"}}]}},"ticketed":false,"_links":{"self":[{"href":"https:\/\/focolares.es\/en\/wp-json\/wp\/v2\/pages\/12889","targetHints":{"allow":["GET"]}}],"collection":[{"href":"https:\/\/focolares.es\/en\/wp-json\/wp\/v2\/pages"}],"about":[{"href":"https:\/\/focolares.es\/en\/wp-json\/wp\/v2\/types\/page"}],"author":[{"embeddable":true,"href":"https:\/\/focolares.es\/en\/wp-json\/wp\/v2\/users\/1"}],"replies":[{"embeddable":true,"href":"https:\/\/focolares.es\/en\/wp-json\/wp\/v2\/comments?post=12889"}],"version-history":[{"count":20,"href":"https:\/\/focolares.es\/en\/wp-json\/wp\/v2\/pages\/12889\/revisions"}],"predecessor-version":[{"id":15279,"href":"https:\/\/focolares.es\/en\/wp-json\/wp\/v2\/pages\/12889\/revisions\/15279"}],"wp:attachment":[{"href":"https:\/\/focolares.es\/en\/wp-json\/wp\/v2\/media?parent=12889"}],"curies":[{"name":"wp","href":"https:\/\/api.w.org\/{rel}","templated":true}]}}