{"id":19373,"date":"2026-05-01T11:36:46","date_gmt":"2026-05-01T09:36:46","guid":{"rendered":"https:\/\/focolares.es\/?post_type=palabra_de_vida&#038;p=19373"},"modified":"2026-05-01T11:38:30","modified_gmt":"2026-05-01T09:38:30","slug":"may-2026","status":"publish","type":"palabra_de_vida","link":"https:\/\/focolares.es\/en\/palabra-de-vida\/mayo-2026\/","title":{"rendered":"Word of life"},"content":{"rendered":"\n<p>Despu\u00e9s de haberse aparecido a Mar\u00eda de Magdala en la ma\u00f1ana de Pascua, al atardecer de aquel mismo d\u00eda el Resucitado se presenta por primera vez entre sus disc\u00edpulos. La reacci\u00f3n inmediata de ellos es de alegr\u00eda, acrecentada por la paz, esa paz verdadera que solo \u00c9l puede dar (cf. <em>Jn<\/em> 14, 27): \u00abLa paz con vosotros\u00bb (v. 21). Alegr\u00eda y paz son frutos del Esp\u00edritu<a href=\"#_ftn1\" id=\"_ftnref1\"><sup>[1]<\/sup><\/a>. De hecho, Jes\u00fas les dice inmediatamente: \u00abRecibid el Esp\u00edritu Santo\u00bb (v. 22).<\/p>\n\n\n\n<p><strong>\u00ab\u201cComo el Padre me envi\u00f3, tambi\u00e9n yo os env\u00edo\u201d. Dicho esto, sopl\u00f3 sobre ellos y les dijo: \u201cRecibid el Esp\u00edritu Santo\u201d\u00bb<\/strong>.<\/p>\n\n\n\n<p>El Esp\u00edritu Santo no solo capacita a los disc\u00edpulos para la misma misi\u00f3n que el Padre dio a Jes\u00fas, sino que los <em>recrea<\/em> como humanidad nueva. El gesto del Resucitado que sopl\u00f3 sobre ellos es el mismo que el Creador hizo en las narices del hombre, que form\u00f3 con polvo del suelo (cf. <em>Gn<\/em> 2, 7). As\u00ed como la creaci\u00f3n es obra continua del amor del Padre, que sostiene el universo entero, la nueva creaci\u00f3n obrada por el Resucitado en el Esp\u00edritu Santo sostiene continuamente a la humanidad que est\u00e1 en camino hacia el Reino.<\/p>\n\n\n\n<p>La Palabra de Vida de este mes nos recuerda que en nuestra existencia tenemos una gran posibilidad: convertirnos en \u00abotros Jes\u00fas\u00bb. Y esto es verdad para cada uno de nosotros personalmente, pero a\u00fan m\u00e1s comunitariamente. Jes\u00fas habla en plural a sus disc\u00edpulos, pues solo juntos, cada miembro con su peculiaridad, pueden <em>repetir<\/em> el cuerpo m\u00edstico de Jes\u00fas.<\/p>\n\n\n\n<p><strong>\u00ab\u201cComo el Padre me envi\u00f3, tambi\u00e9n yo os env\u00edo\u201d. Dicho esto, sopl\u00f3 sobre ellos y les dijo: \u201cRecibid el Esp\u00edritu Santo\u201d\u00bb<\/strong>.<\/p>\n\n\n\n<p>As\u00ed pues, como hijos en el Hijo, tenemos la misma vocaci\u00f3n que Jes\u00fas: salidos del seno del Padre, estamos llamados a volver a \u00c9l y a repetir en el mundo sus gestos y sus palabras, acompa\u00f1ados por la gracia del Esp\u00edritu Santo. Si nos abrimos a este don, tambi\u00e9n nosotros podemos afirmar con Pablo: \u00abY no vivo yo, sino que es Cristo quien vive en m\u00ed\u00bb (<em>Ga<\/em> 2, 20).<\/p>\n\n\n\n<p>Entonces, esta palabra nos invita a profundizar nuestra relaci\u00f3n con el Esp\u00edritu Santo, tanto en la oraci\u00f3n como en la vida de cada d\u00eda, \u00abescuchando aquella voz\u00bb y recordando que \u00absin el Esp\u00edritu Santo, Dios resulta lejano, Cristo permanece en el pasado, el Evangelio es letra muerta, la Iglesia es una simple organizaci\u00f3n y la misi\u00f3n es propaganda. Pero con el Esp\u00edritu Santo, el cosmos se eleva y gime en el alumbramiento del Reino, Cristo resucitado est\u00e1 con nosotros, el Evangelio es poder de vida, la Iglesia significa comuni\u00f3n trinitaria y la misi\u00f3n es un nuevo Pentecost\u00e9s\u00bb<a href=\"#_ftn2\" id=\"_ftnref2\"><sup>[2]<\/sup><\/a>.<\/p>\n\n\n\n<p><strong>\u00ab\u201cComo el Padre me envi\u00f3, tambi\u00e9n yo os env\u00edo\u201d. Dicho esto, sopl\u00f3 sobre ellos y les dijo: \u201cRecibid el Esp\u00edritu Santo\u201d\u00bb<\/strong>.<\/p>\n\n\n\n<p>Andr\u00e9s es un adolescente en plena crisis existencial: sus dudas sobre el sentido de la vida, el miedo al futuro y su sensaci\u00f3n de fragilidad le parecen monta\u00f1as insuperables, y a menudo se siente desanimado e infeliz. Alguien le sugiere hablar con Chiara Lubich. Justo antes de hablar con ella, Andr\u00e9s la oye pronunciar en voz baja \u00abEsp\u00edritu Santo\u00bb, y comprende que Chiara est\u00e1 rezando.<\/p>\n\n\n\n<p>Durante el coloquio con ella se siente profundamente comprendido, escuchado tal como es. Y recobra la paz, no porque sus problemas hayan desaparecido de repente, sino porque ahora hay alguien con quien compartirlos.<\/p>\n\n\n\n<p>\u00abDe Chiara no solo recib\u00ed una ayuda concreta \u2013confiesa a\u00f1os m\u00e1s tarde\u2013, sino que tambi\u00e9n aprend\u00ed un estilo: estar cerca de quien sufre con delicadeza y comprensi\u00f3n, sin juzgar, tal como har\u00eda Jes\u00fas\u00bb.<\/p>\n\n\n\n<p>Esto solo puede realizarlo el Esp\u00edritu Santo si lo acogemos y dejamos que act\u00fae en nosotros.<\/p>\n\n\n\n<p class=\"has-text-align-right\"><em>Claudio Cianfaglioni y el equipo de la Palabra de Vida<\/em><\/p>\n\n\n\n<hr class=\"wp-block-separator has-alpha-channel-opacity\"\/>\n\n\n\n<p class=\"has-small-font-size\"><a href=\"#_ftnref1\" id=\"_ftn1\">[1]<\/a> \u00abEl fruto del Esp\u00edritu es amor, alegr\u00eda, paz, paciencia\u2026\u00bb (<em>Ga<\/em> 5, 22).<br><a href=\"#_ftnref2\" id=\"_ftn2\">[2]<\/a> Ignacio IV Hazin, patriarca de la Iglesia Greco-Ortodoxa de Antioqu\u00eda, <em>Consejo Ecum\u00e9nico de las Iglesias<\/em>, Uppsala 1968.<\/p>\n\n\n\n<div style=\"height:50px\" aria-hidden=\"true\" class=\"wp-block-spacer\"><\/div>\n\n\n\n<div class=\"vimeovideo\" style=\"padding:56.25% 0 0 0;position:relative;margin-bottom:20px;\">\n    <iframe src=\"https:\/\/player.vimeo.com\/video\/1188012128?dnt=1&#038;\" style=\"position:absolute;top:0;left:0;width:100%;height:100%;\" frameborder=\"0\" allow=\"autoplay; fullscreen; picture-in-picture\" allowfullscreen><\/iframe>\n<\/div>\n<script src=\"https:\/\/player.vimeo.com\/api\/player.js\"><\/script>\n\n\n\n<div class=\"vimeovideo\" style=\"padding:56.25% 0 0 0;position:relative;margin-bottom:20px;\">\n    <iframe src=\"https:\/\/player.vimeo.com\/video\/1188017915?dnt=1&#038;\" style=\"position:absolute;top:0;left:0;width:100%;height:100%;\" frameborder=\"0\" allow=\"autoplay; fullscreen; picture-in-picture\" allowfullscreen><\/iframe>\n<\/div>\n<script src=\"https:\/\/player.vimeo.com\/api\/player.js\"><\/script>\n\n\n\n<div style=\"height:40px\" aria-hidden=\"true\" class=\"wp-block-spacer\"><\/div>\n\n\n\n<div class=\"wp-block-columns is-layout-flex wp-container-core-columns-is-layout-28f84493 wp-block-columns-is-layout-flex\">\n<div class=\"wp-block-column is-layout-flow wp-block-column-is-layout-flow\">\n<div class=\"wp-block-buttons is-layout-flex wp-block-buttons-is-layout-flex\">\n<div class=\"wp-block-button has-custom-width wp-block-button__width-100 is-style-outline is-style-outline--1\"><a class=\"wp-block-button__link has-custom-font-size wp-element-button\" href=\"https:\/\/focolares.es\/wp-content\/uploads\/2026\/04\/26-05-PV-CAS.pdf\" style=\"font-size:16px\" target=\"_blank\" rel=\"noreferrer noopener\">Castellano<\/a><\/div>\n<\/div>\n<\/div>\n\n\n\n<div class=\"wp-block-column is-layout-flow wp-block-column-is-layout-flow\">\n<div class=\"wp-block-buttons is-layout-flex wp-block-buttons-is-layout-flex\">\n<div class=\"wp-block-button has-custom-width wp-block-button__width-100 is-style-outline is-style-outline--2\"><a class=\"wp-block-button__link has-custom-font-size wp-element-button\" href=\"https:\/\/focolares.es\/wp-content\/uploads\/2026\/04\/26-05-PV-CAT.pdf\" style=\"font-size:16px\" target=\"_blank\" rel=\"noreferrer noopener\">Catal\u00e1n<\/a><\/div>\n<\/div>\n<\/div>\n\n\n\n<div class=\"wp-block-column is-layout-flow wp-block-column-is-layout-flow\">\n<div class=\"wp-block-buttons is-layout-flex wp-block-buttons-is-layout-flex\">\n<div class=\"wp-block-button has-custom-width wp-block-button__width-100 is-style-outline is-style-outline--3\"><a class=\"wp-block-button__link has-custom-font-size wp-element-button\" href=\"https:\/\/focolares.es\/wp-content\/uploads\/2026\/04\/26-05-PV-EUS.pdf\" style=\"font-size:16px\" target=\"_blank\" rel=\"noreferrer noopener\">Euskera<\/a><\/div>\n<\/div>\n<\/div>\n\n\n\n<div class=\"wp-block-column is-layout-flow wp-block-column-is-layout-flow\">\n<div class=\"wp-block-buttons is-layout-flex wp-block-buttons-is-layout-flex\">\n<div class=\"wp-block-button has-custom-width wp-block-button__width-100 is-style-outline is-style-outline--4\"><a class=\"wp-block-button__link has-custom-font-size wp-element-button\" href=\"https:\/\/focolares.es\/wp-content\/uploads\/2026\/04\/26-05-PV-GAL.pdf\" style=\"font-size:16px\" target=\"_blank\" rel=\"noreferrer noopener\">Gallego<\/a><\/div>\n<\/div>\n<\/div>\n<\/div>\n\n\n\n<p><\/p>\n","protected":false},"template":"","categories":[1],"tags":[27],"class_list":["post-19373","palabra_de_vida","type-palabra_de_vida","status-publish","hentry","category-uncategorized","tag-palabra-de-vida"],"yoast_head":"<!-- This site is optimized with the Yoast SEO plugin v27.2 - https:\/\/yoast.com\/product\/yoast-seo-wordpress\/ -->\n<title>Palabra de vida - Movimiento de los Focolares<\/title>\n<meta name=\"robots\" content=\"index, follow, max-snippet:-1, max-image-preview:large, max-video-preview:-1\" \/>\n<link rel=\"canonical\" href=\"https:\/\/focolares.es\/en\/word-of-life\/may-2026\/\" \/>\n<meta property=\"og:locale\" content=\"en_GB\" \/>\n<meta property=\"og:type\" content=\"article\" \/>\n<meta property=\"og:title\" content=\"Palabra de vida - Movimiento de los Focolares\" \/>\n<meta property=\"og:description\" content=\"Despu\u00e9s de haberse aparecido a Mar\u00eda de Magdala en la ma\u00f1ana de Pascua, al atardecer de aquel mismo d\u00eda el Resucitado se presenta por primera vez entre sus disc\u00edpulos. La reacci\u00f3n inmediata de ellos es de alegr\u00eda, acrecentada por la paz, esa paz verdadera que solo \u00c9l puede dar (cf. Jn 14, 27): \u00abLa paz con vosotros\u00bb (v. 21). Alegr\u00eda y paz son frutos del Esp\u00edritu[1]. De hecho, Jes\u00fas les dice inmediatamente: \u00abRecibid el Esp\u00edritu Santo\u00bb (v. 22). \u00ab\u201cComo el Padre me envi\u00f3, tambi\u00e9n yo os env\u00edo\u201d. Dicho esto, sopl\u00f3 sobre ellos y les dijo: \u201cRecibid el Esp\u00edritu Santo\u201d\u00bb. El Esp\u00edritu Santo no solo capacita a los disc\u00edpulos para la misma misi\u00f3n que el Padre dio a Jes\u00fas, sino que los recrea como humanidad nueva. El gesto del Resucitado que sopl\u00f3 sobre ellos es el mismo que el Creador hizo en las narices del hombre, que form\u00f3 con polvo del suelo (cf. Gn 2, 7). As\u00ed como la creaci\u00f3n es obra continua del amor del Padre, que sostiene el universo entero, la nueva creaci\u00f3n obrada por el Resucitado en el Esp\u00edritu Santo sostiene continuamente a la humanidad que est\u00e1 en camino hacia el Reino. La Palabra de Vida de este mes nos recuerda que en nuestra existencia tenemos una gran posibilidad: convertirnos en \u00abotros Jes\u00fas\u00bb. Y esto es verdad para cada uno de nosotros personalmente, pero a\u00fan m\u00e1s comunitariamente. Jes\u00fas habla en plural a sus disc\u00edpulos, pues solo juntos, cada miembro con su peculiaridad, pueden repetir el cuerpo m\u00edstico de Jes\u00fas. \u00ab\u201cComo el Padre me envi\u00f3, tambi\u00e9n yo os env\u00edo\u201d. Dicho esto, sopl\u00f3 sobre ellos y les dijo: \u201cRecibid el Esp\u00edritu Santo\u201d\u00bb. As\u00ed pues, como hijos en el Hijo, tenemos la misma vocaci\u00f3n que Jes\u00fas: salidos del seno del Padre, estamos llamados a volver a \u00c9l y a repetir en el mundo sus gestos y sus palabras, acompa\u00f1ados por la gracia del Esp\u00edritu Santo. Si nos abrimos a este don, tambi\u00e9n nosotros podemos afirmar con Pablo: \u00abY no vivo yo, sino que es Cristo quien vive en m\u00ed\u00bb (Ga 2, 20). Entonces, esta palabra nos invita a profundizar nuestra relaci\u00f3n con el Esp\u00edritu Santo, tanto en la oraci\u00f3n como en la vida de cada d\u00eda, \u00abescuchando aquella voz\u00bb y recordando que \u00absin el Esp\u00edritu Santo, Dios resulta lejano, Cristo permanece en el pasado, el Evangelio es letra muerta, la Iglesia es una simple organizaci\u00f3n y la misi\u00f3n es propaganda. Pero con el Esp\u00edritu Santo, el cosmos se eleva y gime en el alumbramiento del Reino, Cristo resucitado est\u00e1 con nosotros, el Evangelio es poder de vida, la Iglesia significa comuni\u00f3n trinitaria y la misi\u00f3n es un nuevo Pentecost\u00e9s\u00bb[2]. \u00ab\u201cComo el Padre me envi\u00f3, tambi\u00e9n yo os env\u00edo\u201d. Dicho esto, sopl\u00f3 sobre ellos y les dijo: \u201cRecibid el Esp\u00edritu Santo\u201d\u00bb. Andr\u00e9s es un adolescente en plena crisis existencial: sus dudas sobre el sentido de la vida, el miedo al futuro y su sensaci\u00f3n de fragilidad le parecen monta\u00f1as insuperables, y a menudo se siente desanimado e infeliz. Alguien le sugiere hablar con Chiara Lubich. Justo antes de hablar con ella, Andr\u00e9s la oye pronunciar en voz baja \u00abEsp\u00edritu Santo\u00bb, y comprende que Chiara est\u00e1 rezando. Durante el coloquio con ella se siente profundamente comprendido, escuchado tal como es. Y recobra la paz, no porque sus problemas hayan desaparecido de repente, sino porque ahora hay alguien con quien compartirlos. \u00abDe Chiara no solo recib\u00ed una ayuda concreta \u2013confiesa a\u00f1os m\u00e1s tarde\u2013, sino que tambi\u00e9n aprend\u00ed un estilo: estar cerca de quien sufre con delicadeza y comprensi\u00f3n, sin juzgar, tal como har\u00eda Jes\u00fas\u00bb. Esto solo puede realizarlo el Esp\u00edritu Santo si lo acogemos y dejamos que act\u00fae en nosotros. Claudio Cianfaglioni y el equipo de la Palabra de Vida [1] \u00abEl fruto del Esp\u00edritu es amor, alegr\u00eda, paz, paciencia\u2026\u00bb (Ga 5, 22).[2] Ignacio IV Hazin, patriarca de la Iglesia Greco-Ortodoxa de Antioqu\u00eda, Consejo Ecum\u00e9nico de las Iglesias, Uppsala 1968.\" \/>\n<meta property=\"og:url\" content=\"https:\/\/focolares.es\/en\/word-of-life\/may-2026\/\" \/>\n<meta property=\"og:site_name\" content=\"Movimiento de los Focolares\" \/>\n<meta property=\"article:modified_time\" content=\"2026-05-01T09:38:30+00:00\" \/>\n<meta name=\"twitter:card\" content=\"summary_large_image\" \/>\n<meta name=\"twitter:label1\" content=\"Estimated reading time\" \/>\n\t<meta name=\"twitter:data1\" content=\"3 minutes\" \/>\n<script type=\"application\/ld+json\" class=\"yoast-schema-graph\">{\"@context\":\"https:\/\/schema.org\",\"@graph\":[{\"@type\":\"WebPage\",\"@id\":\"https:\/\/focolares.es\/palabra-de-vida\/mayo-2026\/\",\"url\":\"https:\/\/focolares.es\/palabra-de-vida\/mayo-2026\/\",\"name\":\"Palabra de vida - Movimiento de los Focolares\",\"isPartOf\":{\"@id\":\"https:\/\/focolares.es\/#website\"},\"datePublished\":\"2026-05-01T09:36:46+00:00\",\"dateModified\":\"2026-05-01T09:38:30+00:00\",\"breadcrumb\":{\"@id\":\"https:\/\/focolares.es\/palabra-de-vida\/mayo-2026\/#breadcrumb\"},\"inLanguage\":\"en-GB\",\"potentialAction\":[{\"@type\":\"ReadAction\",\"target\":[\"https:\/\/focolares.es\/palabra-de-vida\/mayo-2026\/\"]}]},{\"@type\":\"BreadcrumbList\",\"@id\":\"https:\/\/focolares.es\/palabra-de-vida\/mayo-2026\/#breadcrumb\",\"itemListElement\":[{\"@type\":\"ListItem\",\"position\":1,\"name\":\"Portada\",\"item\":\"https:\/\/focolares.es\/\"},{\"@type\":\"ListItem\",\"position\":2,\"name\":\"Palabra de vida\"}]},{\"@type\":\"WebSite\",\"@id\":\"https:\/\/focolares.es\/#website\",\"url\":\"https:\/\/focolares.es\/\",\"name\":\"Movimiento de los Focolares\",\"description\":\"\",\"publisher\":{\"@id\":\"https:\/\/focolares.es\/#organization\"},\"potentialAction\":[{\"@type\":\"SearchAction\",\"target\":{\"@type\":\"EntryPoint\",\"urlTemplate\":\"https:\/\/focolares.es\/?s={search_term_string}\"},\"query-input\":{\"@type\":\"PropertyValueSpecification\",\"valueRequired\":true,\"valueName\":\"search_term_string\"}}],\"inLanguage\":\"en-GB\"},{\"@type\":\"Organization\",\"@id\":\"https:\/\/focolares.es\/#organization\",\"name\":\"Movimiento de los Focolares\",\"url\":\"https:\/\/focolares.es\/\",\"logo\":{\"@type\":\"ImageObject\",\"inLanguage\":\"en-GB\",\"@id\":\"https:\/\/focolares.es\/#\/schema\/logo\/image\/\",\"url\":\"https:\/\/focolares.es\/wp-content\/uploads\/2024\/03\/Logo_focolares-1024x944-1.jpg\",\"contentUrl\":\"https:\/\/focolares.es\/wp-content\/uploads\/2024\/03\/Logo_focolares-1024x944-1.jpg\",\"width\":1024,\"height\":944,\"caption\":\"Movimiento de los Focolares\"},\"image\":{\"@id\":\"https:\/\/focolares.es\/#\/schema\/logo\/image\/\"}}]}<\/script>\n<!-- \/ Yoast SEO plugin. -->","yoast_head_json":{"title":"Word of Life - Focolare Movement","robots":{"index":"index","follow":"follow","max-snippet":"max-snippet:-1","max-image-preview":"max-image-preview:large","max-video-preview":"max-video-preview:-1"},"canonical":"https:\/\/focolares.es\/en\/word-of-life\/may-2026\/","og_locale":"en_GB","og_type":"article","og_title":"Palabra de vida - Movimiento de los Focolares","og_description":"Despu\u00e9s de haberse aparecido a Mar\u00eda de Magdala en la ma\u00f1ana de Pascua, al atardecer de aquel mismo d\u00eda el Resucitado se presenta por primera vez entre sus disc\u00edpulos. La reacci\u00f3n inmediata de ellos es de alegr\u00eda, acrecentada por la paz, esa paz verdadera que solo \u00c9l puede dar (cf. Jn 14, 27): \u00abLa paz con vosotros\u00bb (v. 21). Alegr\u00eda y paz son frutos del Esp\u00edritu[1]. De hecho, Jes\u00fas les dice inmediatamente: \u00abRecibid el Esp\u00edritu Santo\u00bb (v. 22). \u00ab\u201cComo el Padre me envi\u00f3, tambi\u00e9n yo os env\u00edo\u201d. Dicho esto, sopl\u00f3 sobre ellos y les dijo: \u201cRecibid el Esp\u00edritu Santo\u201d\u00bb. El Esp\u00edritu Santo no solo capacita a los disc\u00edpulos para la misma misi\u00f3n que el Padre dio a Jes\u00fas, sino que los recrea como humanidad nueva. El gesto del Resucitado que sopl\u00f3 sobre ellos es el mismo que el Creador hizo en las narices del hombre, que form\u00f3 con polvo del suelo (cf. Gn 2, 7). As\u00ed como la creaci\u00f3n es obra continua del amor del Padre, que sostiene el universo entero, la nueva creaci\u00f3n obrada por el Resucitado en el Esp\u00edritu Santo sostiene continuamente a la humanidad que est\u00e1 en camino hacia el Reino. La Palabra de Vida de este mes nos recuerda que en nuestra existencia tenemos una gran posibilidad: convertirnos en \u00abotros Jes\u00fas\u00bb. Y esto es verdad para cada uno de nosotros personalmente, pero a\u00fan m\u00e1s comunitariamente. Jes\u00fas habla en plural a sus disc\u00edpulos, pues solo juntos, cada miembro con su peculiaridad, pueden repetir el cuerpo m\u00edstico de Jes\u00fas. \u00ab\u201cComo el Padre me envi\u00f3, tambi\u00e9n yo os env\u00edo\u201d. Dicho esto, sopl\u00f3 sobre ellos y les dijo: \u201cRecibid el Esp\u00edritu Santo\u201d\u00bb. As\u00ed pues, como hijos en el Hijo, tenemos la misma vocaci\u00f3n que Jes\u00fas: salidos del seno del Padre, estamos llamados a volver a \u00c9l y a repetir en el mundo sus gestos y sus palabras, acompa\u00f1ados por la gracia del Esp\u00edritu Santo. Si nos abrimos a este don, tambi\u00e9n nosotros podemos afirmar con Pablo: \u00abY no vivo yo, sino que es Cristo quien vive en m\u00ed\u00bb (Ga 2, 20). Entonces, esta palabra nos invita a profundizar nuestra relaci\u00f3n con el Esp\u00edritu Santo, tanto en la oraci\u00f3n como en la vida de cada d\u00eda, \u00abescuchando aquella voz\u00bb y recordando que \u00absin el Esp\u00edritu Santo, Dios resulta lejano, Cristo permanece en el pasado, el Evangelio es letra muerta, la Iglesia es una simple organizaci\u00f3n y la misi\u00f3n es propaganda. Pero con el Esp\u00edritu Santo, el cosmos se eleva y gime en el alumbramiento del Reino, Cristo resucitado est\u00e1 con nosotros, el Evangelio es poder de vida, la Iglesia significa comuni\u00f3n trinitaria y la misi\u00f3n es un nuevo Pentecost\u00e9s\u00bb[2]. \u00ab\u201cComo el Padre me envi\u00f3, tambi\u00e9n yo os env\u00edo\u201d. Dicho esto, sopl\u00f3 sobre ellos y les dijo: \u201cRecibid el Esp\u00edritu Santo\u201d\u00bb. Andr\u00e9s es un adolescente en plena crisis existencial: sus dudas sobre el sentido de la vida, el miedo al futuro y su sensaci\u00f3n de fragilidad le parecen monta\u00f1as insuperables, y a menudo se siente desanimado e infeliz. Alguien le sugiere hablar con Chiara Lubich. Justo antes de hablar con ella, Andr\u00e9s la oye pronunciar en voz baja \u00abEsp\u00edritu Santo\u00bb, y comprende que Chiara est\u00e1 rezando. Durante el coloquio con ella se siente profundamente comprendido, escuchado tal como es. Y recobra la paz, no porque sus problemas hayan desaparecido de repente, sino porque ahora hay alguien con quien compartirlos. \u00abDe Chiara no solo recib\u00ed una ayuda concreta \u2013confiesa a\u00f1os m\u00e1s tarde\u2013, sino que tambi\u00e9n aprend\u00ed un estilo: estar cerca de quien sufre con delicadeza y comprensi\u00f3n, sin juzgar, tal como har\u00eda Jes\u00fas\u00bb. Esto solo puede realizarlo el Esp\u00edritu Santo si lo acogemos y dejamos que act\u00fae en nosotros. Claudio Cianfaglioni y el equipo de la Palabra de Vida [1] \u00abEl fruto del Esp\u00edritu es amor, alegr\u00eda, paz, paciencia\u2026\u00bb (Ga 5, 22).[2] Ignacio IV Hazin, patriarca de la Iglesia Greco-Ortodoxa de Antioqu\u00eda, Consejo Ecum\u00e9nico de las Iglesias, Uppsala 1968.","og_url":"https:\/\/focolares.es\/en\/word-of-life\/may-2026\/","og_site_name":"Movimiento de los Focolares","article_modified_time":"2026-05-01T09:38:30+00:00","twitter_card":"summary_large_image","twitter_misc":{"Estimated reading time":"3 minutes"},"schema":{"@context":"https:\/\/schema.org","@graph":[{"@type":"WebPage","@id":"https:\/\/focolares.es\/palabra-de-vida\/mayo-2026\/","url":"https:\/\/focolares.es\/palabra-de-vida\/mayo-2026\/","name":"Word of Life - Focolare Movement","isPartOf":{"@id":"https:\/\/focolares.es\/#website"},"datePublished":"2026-05-01T09:36:46+00:00","dateModified":"2026-05-01T09:38:30+00:00","breadcrumb":{"@id":"https:\/\/focolares.es\/palabra-de-vida\/mayo-2026\/#breadcrumb"},"inLanguage":"en-GB","potentialAction":[{"@type":"ReadAction","target":["https:\/\/focolares.es\/palabra-de-vida\/mayo-2026\/"]}]},{"@type":"BreadcrumbList","@id":"https:\/\/focolares.es\/palabra-de-vida\/mayo-2026\/#breadcrumb","itemListElement":[{"@type":"ListItem","position":1,"name":"Portada","item":"https:\/\/focolares.es\/"},{"@type":"ListItem","position":2,"name":"Palabra de vida"}]},{"@type":"WebSite","@id":"https:\/\/focolares.es\/#website","url":"https:\/\/focolares.es\/","name":"Focolare Movement","description":"","publisher":{"@id":"https:\/\/focolares.es\/#organization"},"potentialAction":[{"@type":"SearchAction","target":{"@type":"EntryPoint","urlTemplate":"https:\/\/focolares.es\/?s={search_term_string}"},"query-input":{"@type":"PropertyValueSpecification","valueRequired":true,"valueName":"search_term_string"}}],"inLanguage":"en-GB"},{"@type":"Organization","@id":"https:\/\/focolares.es\/#organization","name":"Focolare Movement","url":"https:\/\/focolares.es\/","logo":{"@type":"ImageObject","inLanguage":"en-GB","@id":"https:\/\/focolares.es\/#\/schema\/logo\/image\/","url":"https:\/\/focolares.es\/wp-content\/uploads\/2024\/03\/Logo_focolares-1024x944-1.jpg","contentUrl":"https:\/\/focolares.es\/wp-content\/uploads\/2024\/03\/Logo_focolares-1024x944-1.jpg","width":1024,"height":944,"caption":"Movimiento de los Focolares"},"image":{"@id":"https:\/\/focolares.es\/#\/schema\/logo\/image\/"}}]}},"_links":{"self":[{"href":"https:\/\/focolares.es\/en\/wp-json\/wp\/v2\/palabra_de_vida\/19373","targetHints":{"allow":["GET"]}}],"collection":[{"href":"https:\/\/focolares.es\/en\/wp-json\/wp\/v2\/palabra_de_vida"}],"about":[{"href":"https:\/\/focolares.es\/en\/wp-json\/wp\/v2\/types\/palabra_de_vida"}],"wp:attachment":[{"href":"https:\/\/focolares.es\/en\/wp-json\/wp\/v2\/media?parent=19373"}],"wp:term":[{"taxonomy":"category","embeddable":true,"href":"https:\/\/focolares.es\/en\/wp-json\/wp\/v2\/categories?post=19373"},{"taxonomy":"post_tag","embeddable":true,"href":"https:\/\/focolares.es\/en\/wp-json\/wp\/v2\/tags?post=19373"}],"curies":[{"name":"wp","href":"https:\/\/api.w.org\/{rel}","templated":true}]}}