{"id":12889,"date":"2024-10-09T19:24:27","date_gmt":"2024-10-09T17:24:27","guid":{"rendered":"https:\/\/focolares.es\/?page_id=12889"},"modified":"2025-02-21T12:02:10","modified_gmt":"2025-02-21T11:02:10","slug":"entzuteko-guneak","status":"publish","type":"page","link":"https:\/\/focolares.es\/eu\/puntos-de-escucha\/","title":{"rendered":"Entzuteko guneak"},"content":{"rendered":"<p><\/p>\n\n\n\n<p>Entzute guneko profesional hauekin jar zaitezke harremanetan gaztelaniaz:<\/p>\n\n\n\n<h2 class=\"wp-block-heading\">Toni Martin <br><a href=\"mailto:toni.puntodeescucha.euoccident@gmail.com\">toni.puntodeescucha.euoccident@gmail.com<\/a><\/h2>\n\n\n\n<div class=\"wp-block-columns is-layout-flex wp-container-core-columns-is-layout-28f84493 wp-block-columns-is-layout-flex\">\n<div class=\"wp-block-column is-layout-flow wp-block-column-is-layout-flow\" style=\"flex-basis:33.33%\">\n<figure class=\"wp-block-image aligncenter size-full\"><img decoding=\"async\" width=\"175\" height=\"239\" src=\"https:\/\/focolares.es\/wp-content\/uploads\/2024\/10\/Toni-Martin-178x243-1.jpg\" alt=\"\" class=\"wp-image-12890\" srcset=\"https:\/\/focolares.es\/wp-content\/uploads\/2024\/10\/Toni-Martin-178x243-1.jpg 175w, https:\/\/focolares.es\/wp-content\/uploads\/2024\/10\/Toni-Martin-178x243-1-9x12.jpg 9w\" sizes=\"(max-width: 175px) 100vw, 175px\" \/><\/figure>\n<\/div>\n\n\n\n<div class=\"wp-block-column is-layout-flow wp-block-column-is-layout-flow\" style=\"flex-basis:66.66%\">\n<p class=\"translation-block\">1955ean jaio zen Bartzelonan, eta hiri horretan bizi da. Ez da <em>Fokolareen Mugimendukoa<\/em>. Patologia psikosomatikoetan espezialista den medikua: asaldura emozionalak eta min somatikoa. Portaerazko psikoterapeuta kognitiboa da (<em>Albert Ellis Institute<\/em>). Sexologo klinikoa eta bikote-terapeuta 1985etik.<\/p>\n\n\n\n<p class=\"translation-block\"><em>Bartzelonako Sendagileen Elkargo Ofizialeko Sexologia Medikoko Elkargo Ataleko Zuzendaritza Batzordeko<\/em> kidea. Irakaslea da <em>Bartzelonako Unibertsitateko<\/em> <em>Sexologia Kliniko eta Sexu Osasuneko Masterrean<\/em>, Sexu adikzio eta parafiliazio gaietan espezializatua. Mindfulness (MBSR) irakaslea, hizlaria eta osasun mentaleko gaien dibulgatzailea da.<\/p>\n<\/div>\n<\/div>\n\n\n\n<h2 class=\"wp-block-heading\">Elvira Mira Garc\u00eda\u00a0<br><a href=\"mailto:elvira.puntodeescucha.euoccident@gmail.com\">elvira.puntodeescucha.euoccident@gmail.com<\/a><\/h2>\n\n\n\n<div class=\"wp-block-columns is-layout-flex wp-container-core-columns-is-layout-28f84493 wp-block-columns-is-layout-flex\">\n<div class=\"wp-block-column is-layout-flow wp-block-column-is-layout-flow\" style=\"flex-basis:33.33%\">\n<figure class=\"wp-block-image aligncenter size-full\"><img decoding=\"async\" width=\"173\" height=\"229\" src=\"https:\/\/focolares.es\/wp-content\/uploads\/2024\/10\/Elvira-Mira-Garcia-178x235-1.jpg\" alt=\"\" class=\"wp-image-12891\" srcset=\"https:\/\/focolares.es\/wp-content\/uploads\/2024\/10\/Elvira-Mira-Garcia-178x235-1.jpg 173w, https:\/\/focolares.es\/wp-content\/uploads\/2024\/10\/Elvira-Mira-Garcia-178x235-1-9x12.jpg 9w\" sizes=\"(max-width: 173px) 100vw, 173px\" \/><\/figure>\n<\/div>\n\n\n\n<div class=\"wp-block-column is-layout-flow wp-block-column-is-layout-flow\" style=\"flex-basis:66.66%\">\n<p class=\"translation-block\">Psikologian lizentziaduna 1986an, <em>Sevillako Unibertsitatean<\/em>. Bere esperientzia profesionala psikologia klinikora bideratuta dago. 1988az geroztik, esku-hartze klinikoko kontsultan dihardu, helduen, haurren eta bikoteen patologiaren banakako arretan. Ikastaroak, mintegiak eta hitzaldiak eman ditu, batez ere bikote-komunikazioaren, balioetan oinarritutako hezkuntzaren, elkarrizketaren, adopzioen eta nerabezaroaren arloetan. Azken urteotan, gainera, <em>Itinerarios de Luz<\/em> taldeko kidea da, zailtasunak dituzten bikoteentzako laborategia.<\/p>\n<\/div>\n<\/div>\n\n\n\n<p class=\"translation-block\">Mendebaldeko Europako <em>Entzute-guneko<\/em> kideek banaka egiten dute entzuketa-lana, baina aholkulari baten laguntza dute, <strong>Gabriele Muller<\/strong> doktorearena<\/p>\n\n\n\n<h2 class=\"wp-block-heading\">Gabriele M\u00fcller<\/h2>\n\n\n\n<div class=\"wp-block-columns is-layout-flex wp-container-core-columns-is-layout-28f84493 wp-block-columns-is-layout-flex\">\n<div class=\"wp-block-column is-layout-flow wp-block-column-is-layout-flow\" style=\"flex-basis:33.33%\">\n<figure class=\"wp-block-image aligncenter size-full\"><img decoding=\"async\" width=\"178\" height=\"168\" src=\"https:\/\/focolares.es\/wp-content\/uploads\/2024\/10\/Gabriele-Muller-178x171-1.jpg\" alt=\"\" class=\"wp-image-12892\" srcset=\"https:\/\/focolares.es\/wp-content\/uploads\/2024\/10\/Gabriele-Muller-178x171-1.jpg 178w, https:\/\/focolares.es\/wp-content\/uploads\/2024\/10\/Gabriele-Muller-178x171-1-13x12.jpg 13w\" sizes=\"(max-width: 178px) 100vw, 178px\" \/><\/figure>\n<\/div>\n\n\n\n<div class=\"wp-block-column is-layout-flow wp-block-column-is-layout-flow\" style=\"flex-basis:66.66%\">\n<p class=\"translation-block\">1964an jaioa, Frankfurt-und-Main-eko fokolar batean bizi da. Ez du zuzendaritza-eginkizunik <em>Fokolareen Mugimenduan<\/em>. Mediku anestesista, minaren tratamenduan, zainketa aringarrietan, medikuntza aringarrian eta akupunturan espezialista, gaian oinarritutako elkarrekintzan espezializatua, <em>Simone Weil Institutuko<\/em> psikologia sakonean oinarrituta, baita <em>Schultz-von-Thun Institutuko<\/em> komunikazioaren psikologian ere. Wiesbadenen eta Frankfurten <em>mina tratatzeko eta zainketa aringarriak emateko Rhein-Main zentroko<\/em> zuzendaritza medikoko taldeko laguntzaile gisa lan egiten du.<\/p>\n<\/div>\n<\/div>\n\n\n\n<p>Harremanetarako eta informazio orokorra jasotzeko:&nbsp;     <a href=\"mailto:info.puntoascolto.EUOccident@gmail.com\" target=\"_blank\" rel=\"noreferrer noopener\">info.puntoascolto.euoccident@gmail.com<\/a><\/p>","protected":false},"excerpt":{"rendered":"<p>Gaztelaniaz harremanetan jar daitezkeen Entzuteguneko profesionalak hauek dira: Toni Mart\u00edn toni.puntodeescucha.euoccident@gmail.com 1955ean jaio zen Bartzelonan, bere bizi den hirian. Ez da Fokolarien Mugimenduarena. Patologia psikosomatikoetan aditua den medikua: asaldura emozionalak eta min somatikoa. Jokabide kognitiboko psikoterapeuta da (Albert Ellis Institute). Sexologo klinikoa eta bikote terapeuta 1985az geroztik. Bartzelonako Medikuen Elkargo Ofizialeko Sexologia Medikoko Atal Kolegiatuko Zuzendaritza Batzordeko kidea. Bartzelonako Unibertsitateko Sexologia Klinikoko eta Sexu Osasuneko Masterreko irakaslea da, Sexu Menpekotasun eta Parafilia gaietan espezializatua. Mindfulness irakaslea (MBSR), irakaslea eta osasun mentaleko gaien hedatzailea da. Elvira Mira Garc\u00eda elvira.puntodeescucha.euoccident@gmail.com Psikologian lizentziatua 1986an Sevillako Unibertsitatean. Bere esperientzia profesionala psikologia klinikoan oinarritzen da. 1988tik esku-hartze klinikoko kontsulta egiten ari da, helduen, haurren eta bikoteen patologiaren banakako arretara bideratuta. Ikastaroak, mintegiak eta hitzaldiak eman ditu bereziki bikote komunikazioaren, baloreen heziketaren, elkarrizketaren, adopzioen eta nerabezaroaren alorrean. Azken urteotan, Itinerarios de Luz taldeko kide ere izan da, zailtasunetan dauden bikoteentzako laborategian. Mendebaldeko Europako Entzute Puntuko kideek bakarka egiten dute entzuteko zeregina, baina Gabriele Muller doktorea aholkulari batek laguntzen die. Gabriele M\u00fcller 1964an jaioa, Frankfurt-und-Main-eko merkatu batean bizi da. Ez du lidergo rolik Fokolarien Mugimenduan. Anestesista, minaren tratamenduan, zainketa aringarrietan, medikuntza aringarrietan eta akupunturan espezializatua, gaiari buruzko interakzioan espezializatua, Simone Weil Institutuan sakoneko psikologian, baita Schultz-von-Institut Thun-en komunikazioaren psikologian ere. Wiesbaden eta Frankfurteko Rhein-Main Minaren eta Zainketa Aringarrien Zentroko kudeaketa-taldeko laguntzaile gisa lan egiten du. Harremanetarako eta informazio orokorra jasotzeko: info.puntoascolto.euoccident@gmail.com<\/p>","protected":false},"author":1,"featured_media":0,"parent":0,"menu_order":0,"comment_status":"closed","ping_status":"closed","template":"elementor_theme","meta":{"_price":"","_stock":"","_tribe_ticket_header":"","_tribe_default_ticket_provider":"","_tribe_ticket_capacity":"0","_ticket_start_date":"","_ticket_end_date":"","_tribe_ticket_show_description":"","_tribe_ticket_show_not_going":false,"_tribe_ticket_use_global_stock":"","_tribe_ticket_global_stock_level":"","_global_stock_mode":"","_global_stock_cap":"","_tribe_rsvp_for_event":"","_tribe_ticket_going_count":"","_tribe_ticket_not_going_count":"","_tribe_tickets_list":"[]","_tribe_ticket_has_attendee_info_fields":false,"footnotes":"","_tec_slr_enabled":"","_tec_slr_layout":""},"class_list":["post-12889","page","type-page","status-publish","hentry"],"yoast_head":"<!-- This site is optimized with the Yoast SEO plugin v27.2 - https:\/\/yoast.com\/product\/yoast-seo-wordpress\/ -->\n<title>Puntos de escucha - Movimiento de los Focolares<\/title>\n<meta name=\"robots\" content=\"index, follow, max-snippet:-1, max-image-preview:large, max-video-preview:-1\" \/>\n<link rel=\"canonical\" href=\"https:\/\/focolares.es\/eu\/entzuteko-guneak\/\" \/>\n<meta property=\"og:locale\" content=\"en_US\" \/>\n<meta property=\"og:type\" content=\"article\" \/>\n<meta property=\"og:title\" content=\"Puntos de escucha - Movimiento de los Focolares\" \/>\n<meta property=\"og:description\" content=\"Los profesionales del Punto de escucha con los que se puede contactar en lengua castellana son: Toni Mart\u00edn toni.puntodeescucha.euoccident@gmail.com Nacido en 1955 en Barcelona, ciudad en la que vive. No pertenece al&nbsp;Movimiento de los Focolares. M\u00e9dico especialista en patolog\u00edas psicosom\u00e1ticas: perturbaciones emocionales y dolor som\u00e1tico. Es psicoterapeuta cognitivo conductual (Albert Ellis Institute). Sex\u00f3logo cl\u00ednico y terapeuta de pareja desde 1985. Miembro de la&nbsp;junta directiva&nbsp;de la&nbsp;Secci\u00f3n Colegial de Sexolog\u00eda M\u00e9dica del Colegio Oficial de M\u00e9dicos de Barcelona. Es profesor en el&nbsp;M\u00e1ster de Sexolog\u00eda Cl\u00ednica y Salud Sexual&nbsp;de la&nbsp;Universidad de Barcelona, especializado en temas de Adicci\u00f3n Sexual y Parafilias. Es instructor de mindfulness (MBSR), conferenciante y divulgador de temas de salud mental. Elvira Mira Garc\u00eda\u00a0elvira.puntodeescucha.euoccident@gmail.com Licenciada en psicolog\u00eda en 1986 por la&nbsp;Universidad de Sevilla. Su experiencia profesional est\u00e1 enfocada en la psicolog\u00eda cl\u00ednica. Desde 1988 ejerce en consulta de intervenci\u00f3n cl\u00ednica, enfocada en la atenci\u00f3n individual de la patolog\u00eda en adultos, ni\u00f1os y parejas. Ha impartido cursos, seminarios y conferencias sobre todo en el \u00e1mbito de la comunicaci\u00f3n de pareja, educaci\u00f3n en valores, di\u00e1logo, adopciones y adolescencia. En los \u00faltimos a\u00f1os, adem\u00e1s, es miembro del equipo&nbsp;Itinerarios de Luz, un laboratorio para parejas en dificultad. Los miembros del&nbsp;Punto de escucha&nbsp;de Europa Occidental llevan a cabo su tarea de escucha de modo individual, pero cuentan con la ayuda de una consultora, la Dra.&nbsp;Gabriele Muller. Gabriele M\u00fcller Nacida en 1964, vive en un focolar en Frankfurt-und-Main. No tiene ning\u00fan papel directivo en el&nbsp;Movimiento de los Focolares. M\u00e9dico anestesista, especialista en tratamiento del dolor, cuidados paliativos, medicina paliativa y acupuntura, especializada en la interacci\u00f3n centrada en el tema, basada en la psicolog\u00eda profunda del&nbsp;Instituto Simone Weil, as\u00ed como en psicolog\u00eda de la comunicaci\u00f3n en el&nbsp;Instituto Schultz-von-Thun. Trabaja como adjunta en el equipo de direcci\u00f3n m\u00e9dica del&nbsp;Centro de tratamiento del dolor y cuidados paliativos Rhein-Main&nbsp;en Wiesbaden y en Frankfurt. Para contactar y recibir informaci\u00f3n general:&nbsp; info.puntoascolto.euoccident@gmail.com\" \/>\n<meta property=\"og:url\" content=\"https:\/\/focolares.es\/eu\/entzuteko-guneak\/\" \/>\n<meta property=\"og:site_name\" content=\"Movimiento de los Focolares\" \/>\n<meta property=\"article:modified_time\" content=\"2025-02-21T11:02:10+00:00\" \/>\n<meta property=\"og:image\" content=\"https:\/\/focolares.es\/wp-content\/uploads\/2024\/10\/Toni-Martin-178x243-1.jpg\" \/>\n\t<meta property=\"og:image:width\" content=\"175\" \/>\n\t<meta property=\"og:image:height\" content=\"239\" \/>\n\t<meta property=\"og:image:type\" content=\"image\/jpeg\" \/>\n<meta name=\"twitter:card\" content=\"summary_large_image\" \/>\n<meta name=\"twitter:label1\" content=\"Est. reading time\" \/>\n\t<meta name=\"twitter:data1\" content=\"3 minutua\" \/>\n<script type=\"application\/ld+json\" class=\"yoast-schema-graph\">{\"@context\":\"https:\/\/schema.org\",\"@graph\":[{\"@type\":\"WebPage\",\"@id\":\"https:\/\/focolares.es\/puntos-de-escucha\/\",\"url\":\"https:\/\/focolares.es\/puntos-de-escucha\/\",\"name\":\"Puntos de escucha - Movimiento de los Focolares\",\"isPartOf\":{\"@id\":\"https:\/\/focolares.es\/#website\"},\"primaryImageOfPage\":{\"@id\":\"https:\/\/focolares.es\/puntos-de-escucha\/#primaryimage\"},\"image\":{\"@id\":\"https:\/\/focolares.es\/puntos-de-escucha\/#primaryimage\"},\"thumbnailUrl\":\"https:\/\/focolares.es\/wp-content\/uploads\/2024\/10\/Toni-Martin-178x243-1.jpg\",\"datePublished\":\"2024-10-09T17:24:27+00:00\",\"dateModified\":\"2025-02-21T11:02:10+00:00\",\"breadcrumb\":{\"@id\":\"https:\/\/focolares.es\/puntos-de-escucha\/#breadcrumb\"},\"inLanguage\":\"eu\",\"potentialAction\":[{\"@type\":\"ReadAction\",\"target\":[\"https:\/\/focolares.es\/puntos-de-escucha\/\"]}]},{\"@type\":\"ImageObject\",\"inLanguage\":\"eu\",\"@id\":\"https:\/\/focolares.es\/puntos-de-escucha\/#primaryimage\",\"url\":\"https:\/\/focolares.es\/wp-content\/uploads\/2024\/10\/Toni-Martin-178x243-1.jpg\",\"contentUrl\":\"https:\/\/focolares.es\/wp-content\/uploads\/2024\/10\/Toni-Martin-178x243-1.jpg\"},{\"@type\":\"BreadcrumbList\",\"@id\":\"https:\/\/focolares.es\/puntos-de-escucha\/#breadcrumb\",\"itemListElement\":[{\"@type\":\"ListItem\",\"position\":1,\"name\":\"Portada\",\"item\":\"https:\/\/focolares.es\/\"},{\"@type\":\"ListItem\",\"position\":2,\"name\":\"Puntos de escucha\"}]},{\"@type\":\"WebSite\",\"@id\":\"https:\/\/focolares.es\/#website\",\"url\":\"https:\/\/focolares.es\/\",\"name\":\"Movimiento de los Focolares\",\"description\":\"\",\"publisher\":{\"@id\":\"https:\/\/focolares.es\/#organization\"},\"potentialAction\":[{\"@type\":\"SearchAction\",\"target\":{\"@type\":\"EntryPoint\",\"urlTemplate\":\"https:\/\/focolares.es\/?s={search_term_string}\"},\"query-input\":{\"@type\":\"PropertyValueSpecification\",\"valueRequired\":true,\"valueName\":\"search_term_string\"}}],\"inLanguage\":\"eu\"},{\"@type\":\"Organization\",\"@id\":\"https:\/\/focolares.es\/#organization\",\"name\":\"Movimiento de los Focolares\",\"url\":\"https:\/\/focolares.es\/\",\"logo\":{\"@type\":\"ImageObject\",\"inLanguage\":\"eu\",\"@id\":\"https:\/\/focolares.es\/#\/schema\/logo\/image\/\",\"url\":\"https:\/\/focolares.es\/wp-content\/uploads\/2024\/03\/Logo_focolares-1024x944-1.jpg\",\"contentUrl\":\"https:\/\/focolares.es\/wp-content\/uploads\/2024\/03\/Logo_focolares-1024x944-1.jpg\",\"width\":1024,\"height\":944,\"caption\":\"Movimiento de los Focolares\"},\"image\":{\"@id\":\"https:\/\/focolares.es\/#\/schema\/logo\/image\/\"}}]}<\/script>\n<!-- \/ Yoast SEO plugin. -->","yoast_head_json":{"title":"Entzumen puntuak - Fokolarien Mugimendua","robots":{"index":"index","follow":"follow","max-snippet":"max-snippet:-1","max-image-preview":"max-image-preview:large","max-video-preview":"max-video-preview:-1"},"canonical":"https:\/\/focolares.es\/eu\/entzuteko-guneak\/","og_locale":"en_US","og_type":"article","og_title":"Puntos de escucha - Movimiento de los Focolares","og_description":"Los profesionales del Punto de escucha con los que se puede contactar en lengua castellana son: Toni Mart\u00edn toni.puntodeescucha.euoccident@gmail.com Nacido en 1955 en Barcelona, ciudad en la que vive. No pertenece al&nbsp;Movimiento de los Focolares. M\u00e9dico especialista en patolog\u00edas psicosom\u00e1ticas: perturbaciones emocionales y dolor som\u00e1tico. Es psicoterapeuta cognitivo conductual (Albert Ellis Institute). Sex\u00f3logo cl\u00ednico y terapeuta de pareja desde 1985. Miembro de la&nbsp;junta directiva&nbsp;de la&nbsp;Secci\u00f3n Colegial de Sexolog\u00eda M\u00e9dica del Colegio Oficial de M\u00e9dicos de Barcelona. Es profesor en el&nbsp;M\u00e1ster de Sexolog\u00eda Cl\u00ednica y Salud Sexual&nbsp;de la&nbsp;Universidad de Barcelona, especializado en temas de Adicci\u00f3n Sexual y Parafilias. Es instructor de mindfulness (MBSR), conferenciante y divulgador de temas de salud mental. Elvira Mira Garc\u00eda\u00a0elvira.puntodeescucha.euoccident@gmail.com Licenciada en psicolog\u00eda en 1986 por la&nbsp;Universidad de Sevilla. Su experiencia profesional est\u00e1 enfocada en la psicolog\u00eda cl\u00ednica. Desde 1988 ejerce en consulta de intervenci\u00f3n cl\u00ednica, enfocada en la atenci\u00f3n individual de la patolog\u00eda en adultos, ni\u00f1os y parejas. Ha impartido cursos, seminarios y conferencias sobre todo en el \u00e1mbito de la comunicaci\u00f3n de pareja, educaci\u00f3n en valores, di\u00e1logo, adopciones y adolescencia. En los \u00faltimos a\u00f1os, adem\u00e1s, es miembro del equipo&nbsp;Itinerarios de Luz, un laboratorio para parejas en dificultad. Los miembros del&nbsp;Punto de escucha&nbsp;de Europa Occidental llevan a cabo su tarea de escucha de modo individual, pero cuentan con la ayuda de una consultora, la Dra.&nbsp;Gabriele Muller. Gabriele M\u00fcller Nacida en 1964, vive en un focolar en Frankfurt-und-Main. No tiene ning\u00fan papel directivo en el&nbsp;Movimiento de los Focolares. M\u00e9dico anestesista, especialista en tratamiento del dolor, cuidados paliativos, medicina paliativa y acupuntura, especializada en la interacci\u00f3n centrada en el tema, basada en la psicolog\u00eda profunda del&nbsp;Instituto Simone Weil, as\u00ed como en psicolog\u00eda de la comunicaci\u00f3n en el&nbsp;Instituto Schultz-von-Thun. Trabaja como adjunta en el equipo de direcci\u00f3n m\u00e9dica del&nbsp;Centro de tratamiento del dolor y cuidados paliativos Rhein-Main&nbsp;en Wiesbaden y en Frankfurt. Para contactar y recibir informaci\u00f3n general:&nbsp; info.puntoascolto.euoccident@gmail.com","og_url":"https:\/\/focolares.es\/eu\/entzuteko-guneak\/","og_site_name":"Movimiento de los Focolares","article_modified_time":"2025-02-21T11:02:10+00:00","og_image":[{"width":175,"height":239,"url":"https:\/\/focolares.es\/wp-content\/uploads\/2024\/10\/Toni-Martin-178x243-1.jpg","type":"image\/jpeg"}],"twitter_card":"summary_large_image","twitter_misc":{"Est. reading time":"3 minutua"},"schema":{"@context":"https:\/\/schema.org","@graph":[{"@type":"WebPage","@id":"https:\/\/focolares.es\/puntos-de-escucha\/","url":"https:\/\/focolares.es\/puntos-de-escucha\/","name":"Entzumen puntuak - Fokolarien Mugimendua","isPartOf":{"@id":"https:\/\/focolares.es\/#website"},"primaryImageOfPage":{"@id":"https:\/\/focolares.es\/puntos-de-escucha\/#primaryimage"},"image":{"@id":"https:\/\/focolares.es\/puntos-de-escucha\/#primaryimage"},"thumbnailUrl":"https:\/\/focolares.es\/wp-content\/uploads\/2024\/10\/Toni-Martin-178x243-1.jpg","datePublished":"2024-10-09T17:24:27+00:00","dateModified":"2025-02-21T11:02:10+00:00","breadcrumb":{"@id":"https:\/\/focolares.es\/puntos-de-escucha\/#breadcrumb"},"inLanguage":"eu","potentialAction":[{"@type":"ReadAction","target":["https:\/\/focolares.es\/puntos-de-escucha\/"]}]},{"@type":"ImageObject","inLanguage":"eu","@id":"https:\/\/focolares.es\/puntos-de-escucha\/#primaryimage","url":"https:\/\/focolares.es\/wp-content\/uploads\/2024\/10\/Toni-Martin-178x243-1.jpg","contentUrl":"https:\/\/focolares.es\/wp-content\/uploads\/2024\/10\/Toni-Martin-178x243-1.jpg"},{"@type":"BreadcrumbList","@id":"https:\/\/focolares.es\/puntos-de-escucha\/#breadcrumb","itemListElement":[{"@type":"ListItem","position":1,"name":"Portada","item":"https:\/\/focolares.es\/"},{"@type":"ListItem","position":2,"name":"Puntos de escucha"}]},{"@type":"WebSite","@id":"https:\/\/focolares.es\/#website","url":"https:\/\/focolares.es\/","name":"Fokolareen Mugimenduaren","description":"","publisher":{"@id":"https:\/\/focolares.es\/#organization"},"potentialAction":[{"@type":"SearchAction","target":{"@type":"EntryPoint","urlTemplate":"https:\/\/focolares.es\/?s={search_term_string}"},"query-input":{"@type":"PropertyValueSpecification","valueRequired":true,"valueName":"search_term_string"}}],"inLanguage":"eu"},{"@type":"Organization","@id":"https:\/\/focolares.es\/#organization","name":"Fokolareen Mugimenduaren","url":"https:\/\/focolares.es\/","logo":{"@type":"ImageObject","inLanguage":"eu","@id":"https:\/\/focolares.es\/#\/schema\/logo\/image\/","url":"https:\/\/focolares.es\/wp-content\/uploads\/2024\/03\/Logo_focolares-1024x944-1.jpg","contentUrl":"https:\/\/focolares.es\/wp-content\/uploads\/2024\/03\/Logo_focolares-1024x944-1.jpg","width":1024,"height":944,"caption":"Movimiento de los Focolares"},"image":{"@id":"https:\/\/focolares.es\/#\/schema\/logo\/image\/"}}]}},"ticketed":false,"_links":{"self":[{"href":"https:\/\/focolares.es\/eu\/wp-json\/wp\/v2\/pages\/12889","targetHints":{"allow":["GET"]}}],"collection":[{"href":"https:\/\/focolares.es\/eu\/wp-json\/wp\/v2\/pages"}],"about":[{"href":"https:\/\/focolares.es\/eu\/wp-json\/wp\/v2\/types\/page"}],"author":[{"embeddable":true,"href":"https:\/\/focolares.es\/eu\/wp-json\/wp\/v2\/users\/1"}],"replies":[{"embeddable":true,"href":"https:\/\/focolares.es\/eu\/wp-json\/wp\/v2\/comments?post=12889"}],"version-history":[{"count":20,"href":"https:\/\/focolares.es\/eu\/wp-json\/wp\/v2\/pages\/12889\/revisions"}],"predecessor-version":[{"id":15279,"href":"https:\/\/focolares.es\/eu\/wp-json\/wp\/v2\/pages\/12889\/revisions\/15279"}],"wp:attachment":[{"href":"https:\/\/focolares.es\/eu\/wp-json\/wp\/v2\/media?parent=12889"}],"curies":[{"name":"wp","href":"https:\/\/api.w.org\/{rel}","templated":true}]}}