{"id":131,"date":"2024-02-05T12:56:04","date_gmt":"2024-02-05T12:56:04","guid":{"rendered":"https:\/\/focolares.es\/?page_id=131"},"modified":"2025-01-22T22:25:54","modified_gmt":"2025-01-22T21:25:54","slug":"bizimodu-bat","status":"publish","type":"page","link":"https:\/\/focolares.es\/eu\/un-estilo-de-vida\/","title":{"rendered":"Elkarrizketa bizimodu gisa"},"content":{"rendered":"<div style=\"height:20px\" aria-hidden=\"true\" class=\"wp-block-spacer\"><\/div>\n\n\n\n<h4 class=\"wp-block-heading has-text-align-right\"><em>\"Hona hemen gure garaiko gauzarik liluragarriena: kontenplazio gorenean barneratzea eta denekin nahastuta egotea, gizakia gizakien artean\". <\/em>(Chiara Lubich).<\/h4>\n\n\n\n<div style=\"height:40px\" aria-hidden=\"true\" class=\"wp-block-spacer\"><\/div>\n\n\n\n<h2 class=\"wp-block-heading\">Txinparta inspiratzailea: harremanak eraikitzea<\/h2>\n\n\n\n<p>Pertsonen, herrien, erlijioen eta kulturen arteko senidetasun harremanak eraikitzeko konpromisoa hartzen dugu, elkarrizketaren bitartez, bide hau partekatzen duten beste askorekin bat eginez.<\/p>\n\n\n\n<p>Jesusen otoitzak bultzatuta: <em>\"Denak bat izan daitezela\"<\/em> (Jn 17, 21), elkarrekiko maitasunean, pertsona bakoitzarenganako errespetuan eta desberdintasunak aberastasun iturri gisa balioestean oinarritutako batasunaren espiritualtasuna proposatzen dugu. Espiritualtasun hori adin eta jatorri guztietako pertsonen bizimodu bihurtu da, gure bizitza eta harremanak ez ezik, bizi eta lan egiten ditugun gizarte, familia eta eliz inguruneak ere eraldatuz.<\/p>\n\n\n\n<figure class=\"wp-block-image size-full\"><img fetchpriority=\"high\" decoding=\"async\" width=\"611\" height=\"406\" src=\"https:\/\/focolares.es\/wp-content\/uploads\/2024\/08\/esp-col-red-freepik.jpg\" alt=\"\" class=\"wp-image-11637\" style=\"aspect-ratio:16\/9;object-fit:cover\" srcset=\"https:\/\/focolares.es\/wp-content\/uploads\/2024\/08\/esp-col-red-freepik.jpg 611w, https:\/\/focolares.es\/wp-content\/uploads\/2024\/08\/esp-col-red-freepik-300x199.jpg 300w, https:\/\/focolares.es\/wp-content\/uploads\/2024\/08\/esp-col-red-freepik-18x12.jpg 18w\" sizes=\"(max-width: 611px) 100vw, 611px\" \/><\/figure>\n\n\n\n<div style=\"height:11px\" aria-hidden=\"true\" class=\"wp-block-spacer\"><\/div>\n\n\n\n<h2 class=\"wp-block-heading\">Jatorria eta bokazio unibertsala<\/h2>\n\n\n\n<p>Fokolareen Mugimendua Eliza Katolikoaren baitan jaio zen, Chiara Lubichek sortua, Trenton (Italia) 1943an.<\/p>\n\n\n\n<p>Gaur egun 182 herrialdetan dago eta kristau konfesio guztietako kideak eta kolaboratzaileak ditu, beste erlijio batzuetakoak eta baita erlijiorik gabeko pertsonak ere. Guztiek, beren usteei eta kontzientziarekiko fideltasunari eutsiz, Fokolareen helburua eta izpiritua partekatzen dute: mundu batuago bat eraikitzea.<\/p>\n\n\n\n<h2 class=\"wp-block-heading\">Espiritualitate komunitarioa<\/h2>\n\n\n\n<p>Ideal berak elkartutako familia handi, global eta askotariko baten parte gara. \"Ebanjeliotik jaiotako herri berri\" gisa deskribatu zuen komunitate hori Chiara Lubichek. Bere benetako esentzia ezin da hitzekin bakarrik ulertu, egunez egun bera gorpuzten dutenekin partekatzean bizitzen, esperimentatzen baita. Eraldatzen duen espiritualtasuna da, komunioan bizitzera gonbiatzen gaituena.<\/p>\n\n\n\n<figure class=\"wp-block-image size-full\"><img decoding=\"async\" width=\"1280\" height=\"720\" src=\"https:\/\/focolares.es\/wp-content\/uploads\/2024\/08\/fire-1159157_1280.jpg\" alt=\"\" class=\"wp-image-11669\" style=\"aspect-ratio:16\/9;object-fit:cover\" srcset=\"https:\/\/focolares.es\/wp-content\/uploads\/2024\/08\/fire-1159157_1280.jpg 1280w, https:\/\/focolares.es\/wp-content\/uploads\/2024\/08\/fire-1159157_1280-300x169.jpg 300w, https:\/\/focolares.es\/wp-content\/uploads\/2024\/08\/fire-1159157_1280-1024x576.jpg 1024w, https:\/\/focolares.es\/wp-content\/uploads\/2024\/08\/fire-1159157_1280-768x432.jpg 768w, https:\/\/focolares.es\/wp-content\/uploads\/2024\/08\/fire-1159157_1280-18x10.jpg 18w\" sizes=\"(max-width: 1280px) 100vw, 1280px\" \/><\/figure>\n\n\n\n<p>Mugimenduaren bihotzean \u201cFocolare\u201d izenez ezagutzen diren komunitate txikiak daude. Hauek, eguneroko errealitatean murgilduta, urrats erabakigarria egitea aukeratzen duten gizon-emakumeek osatzen dituzte: familia, etxea eta jaioterria atzean utzi, ideal bat besarkatzeko. Bere bizitza Jesusen otoitzari emandako erantzun zehatza bihurtzen da: \u00abGuztiak bat izan daitezela\u00bb.&nbsp;<\/p>\n\n\n\n<h2 class=\"wp-block-heading\">Maitasuna bizi une bakoitzean&nbsp;<\/h2>\n\n\n\n<p>Gure eguneroko harremanetan, gizaki bakoitzaren balio berezia aitortzen dugu eta pertsona bakoitzari bere beharren arabera harrera egiten eta laguntzen saiatzen gara. Gugandik hurbil daudenak konkretuki maitatuz, maitasun hori gizadi guztiari igortzea bilatzen dugu.<\/p>\n\n\n\n<figure class=\"wp-block-image size-full\"><img decoding=\"async\" width=\"1270\" height=\"828\" src=\"https:\/\/focolares.es\/wp-content\/uploads\/2024\/08\/ayudar1-unsplash.jpg\" alt=\"\" class=\"wp-image-11639\" style=\"aspect-ratio:16\/9;object-fit:cover\" srcset=\"https:\/\/focolares.es\/wp-content\/uploads\/2024\/08\/ayudar1-unsplash.jpg 1270w, https:\/\/focolares.es\/wp-content\/uploads\/2024\/08\/ayudar1-unsplash-300x196.jpg 300w, https:\/\/focolares.es\/wp-content\/uploads\/2024\/08\/ayudar1-unsplash-1024x668.jpg 1024w, https:\/\/focolares.es\/wp-content\/uploads\/2024\/08\/ayudar1-unsplash-768x501.jpg 768w, https:\/\/focolares.es\/wp-content\/uploads\/2024\/08\/ayudar1-unsplash-18x12.jpg 18w\" sizes=\"(max-width: 1270px) 100vw, 1270px\" \/><\/figure>\n\n\n\n<p>Jesusen aginduak<em>\u2014\u00abNik maitatu zaituztedan bezala, maita zaitezte elkar\u00bb.<\/em> (Jn 13, 34)\u2014 gure komunitateetan benetako loturak sortzera eta elkarrekin haztera bultzatzen gaitu, interes pertsonalak gaindituz.<\/p>\n\n\n\n<p>Batasunaren espiritualtasunak elkarrenganako maitasunean bizitzera deitzen gaitu, etengabe berrituz. Ekintza bakoitza emankorra izatea nahi dugu, denontzat eskuragarri den perfekzio espiritualaren bideari lagunduz, edozein egoeratan eta norberaren uste pertsonalen arabera, erlijiosoak izan ala ez.<\/p>\n\n\n\n<p><\/p>","protected":false},"excerpt":{"rendered":"<p>&quot;Hau da gure garaiko gauzarik liluragarriena: kontenplazio gorenean barneratzea eta denekin nahastuta geratzea, gizonen artean gizona&quot; (Chiara Lubich). Txinparta pizgarria: harremanak eraikitzea Pertsonen, herrien, erlijioen eta kulturen arteko anaitasun-harremanak eraikitzeko konpromisoa hartzen dugu, elkarrizketaren bidez, bide hau partekatzen duten beste askorekin bat eginez. Jesusen otoitzak bultzatuta: \u00abGuztiak bat izan daitezen\u00bb (Jn 17, 21), elkarrekiko maitasunean, pertsona bakoitzarenganako errespetuan eta desberdintasunak aberastasun-iturri gisa balioestean oinarritutako batasunaren espiritualtasuna proposatzen dugu. Espiritualtasun hori adin eta jatorri guztietako pertsonen bizimodu bihurtu da, gure bizitza eta harremanak ez ezik, bizi eta lan egiten ditugun gizarte, familia eta eliz inguruneak ere eraldatuz. Jatorria eta bokazio unibertsala Fokolen Mugimendua Eliza Katolikoaren baitan jaio zen, Chiara Lubichek Trenton (Italia) sortu zuen 1943an. Gaur egun 182 herrialdetan dago eta kristau konfesio guztietako kideak eta kolaboratzaileak ditu, baita beste erlijio eta erlijioetakoak ere. baita erlijiorik gabeko jendea ere. Guztiek, beren konbentzimenduei eta kontzientziarekiko fideltasunari eutsiz, Focolaren helburua eta izpiritua partekatzen dute: mundu batuago bat eraikitzea. Espiritualitate komunitarioa Familia handi baten parte gara, globala eta askotarikoa, ideal berak elkartuta. Chiara Lubichek komunitate hau &quot;Ebanjeliotik jaiotako herri berri&quot; gisa deskribatu zuen. Haren benetako esentzia ezin da hitzekin bakarrik ulertu, egunez egun gorpuzten dutenekin partekatuz bizitzen delako. Eraldatzen duen espiritualtasuna da, komunioan bizitzera gonbidatzen gaituena. Mugimenduaren muinean \u201cFocolare\u201d izenez ezagutzen diren komunitate txikiak daude. Hauek, eguneroko errealitatean murgilduta, pauso erabakigarri bat ematea hautatzen duten gizon-emakumeek osatzen dute: familia, etxea eta jaioterria atzean utzi ideal bat bereganatzeko. Haren bizitza Jesusen otoitzaren erantzun zehatza bihurtzen da: \u00abGuztiak bat izan daitezen\u00bb. Maitasuna une bakoitzean bizitzea Gure eguneroko harremanetan, gizaki bakoitzaren balio berezia aitortzen dugu eta pertsona bakoitzari bere beharren arabera harrera egiten eta laguntzen saiatzen gara. Gugandik hurbil daudenak konkretuki maitatuz, maitasun hori gizadi guztiari igortzea bilatzen dugu. Jesusen aginduak \u2014\u00abNik maitatu zaituztedan bezala, maita zaitezte elkar\u00bb (Jn 13,34)\u2014 gure komunitateetan benetako loturak sortzera eta elkarrekin hazitzera bultzatzen gaitu, interes pertsonalak gaindituz. Batasunaren espiritualtasunak elkarrekiko maitasunean bizitzera deitzen gaitu, etengabe berrituz. Ekintza bakoitza emankorra izan dadila nahi dugu, perfekzio espiritualeko bide bati lagunduz, edozein egoeratan eta pertsona bakoitzaren uste pertsonalen arabera, erlijiozko ala ez.<\/p>","protected":false},"author":1,"featured_media":0,"parent":0,"menu_order":0,"comment_status":"closed","ping_status":"closed","template":"","meta":{"_price":"","_stock":"","_tribe_ticket_header":"","_tribe_default_ticket_provider":"","_tribe_ticket_capacity":"0","_ticket_start_date":"","_ticket_end_date":"","_tribe_ticket_show_description":"","_tribe_ticket_show_not_going":false,"_tribe_ticket_use_global_stock":"","_tribe_ticket_global_stock_level":"","_global_stock_mode":"","_global_stock_cap":"","_tribe_rsvp_for_event":"","_tribe_ticket_going_count":"","_tribe_ticket_not_going_count":"","_tribe_tickets_list":"[]","_tribe_ticket_has_attendee_info_fields":false,"footnotes":"","_tec_slr_enabled":"","_tec_slr_layout":""},"class_list":["post-131","page","type-page","status-publish","hentry"],"yoast_head":"<!-- This site is optimized with the Yoast SEO plugin v27.2 - https:\/\/yoast.com\/product\/yoast-seo-wordpress\/ -->\n<title>Di\u00e1logo como estilo de vida - Movimiento de los Focolares<\/title>\n<meta name=\"robots\" content=\"index, follow, max-snippet:-1, max-image-preview:large, max-video-preview:-1\" \/>\n<link rel=\"canonical\" href=\"https:\/\/focolares.es\/eu\/bizimodu-bat\/\" \/>\n<meta property=\"og:locale\" content=\"en_US\" \/>\n<meta property=\"og:type\" content=\"article\" \/>\n<meta property=\"og:title\" content=\"Di\u00e1logo como estilo de vida - Movimiento de los Focolares\" \/>\n<meta property=\"og:description\" content=\"\u201cHe aqu\u00ed lo m\u00e1s fascinante de nuestro tiempo: penetrar en la m\u00e1s alta contemplaci\u00f3n y permanecer mezclado con todos, hombre entre los hombres\u201d (Chiara Lubich). La chispa inspiradora: construir relaciones Nos comprometemos a construir relaciones fraternas entre personas, pueblos, religiones y culturas, a trav\u00e9s del di\u00e1logo, sum\u00e1ndonos a muchos otros que comparten este camino. Inspirados por la oraci\u00f3n de Jes\u00fas: \u201cQue todos sean uno\u201d (Jn 17, 21), proponemos una espiritualidad de la unidad que se basa en el amor rec\u00edproco, el respeto por cada persona y la valoraci\u00f3n de las diferencias como una fuente de riqueza. Esta espiritualidad se ha convertido en un estilo de vida para personas de todas las edades y or\u00edgenes, transformando no solo nuestras vidas y relaciones, sino tambi\u00e9n los entornos sociales, familiares y eclesiales donde vivimos y trabajamos. Or\u00edgenes y vocaci\u00f3n universal El Movimiento de los Focolares naci\u00f3 en el seno de la Iglesia Cat\u00f3lica, fundado por Chiara Lubich en Trento, Italia, en 1943. Hoy est\u00e1 presente en 182 pa\u00edses y cuenta con miembros y colaboradores de todas las confesiones cristianas, as\u00ed como de otras religiones e incluso personas sin afiliaci\u00f3n religiosa. Todos, manteniendo sus convicciones y fidelidad a su conciencia, comparten el objetivo y el esp\u00edritu de los Focolares: construir un mundo m\u00e1s unido. Una espiritualidad comunitaria Somos parte de una gran familia, global y variada, unida por un mismo ideal. Chiara Lubich describi\u00f3 esta comunidad como un \u201cpueblo nuevo nacido del Evangelio\u201d. Su verdadera esencia no se puede comprender solo con palabras, porque se vive, se experimenta al compartirla con quienes la encarnan d\u00eda a d\u00eda. Es una espiritualidad que transforma, que nos invita a vivir en comuni\u00f3n. En el coraz\u00f3n del Movimiento est\u00e1n las peque\u00f1as comunidades conocidas como \u201cfocolares\u201d. Estas est\u00e1n formadas por hombres y mujeres que, inmersos en la realidad cotidiana, eligen dar un paso determinante: dejar atr\u00e1s su familia, su hogar y su tierra natal para abrazar un ideal. Su vida se convierte en una respuesta concreta a la oraci\u00f3n de Jes\u00fas: \u201cQue todos sean uno\u201d.&nbsp; Vivir el amor en cada instante&nbsp; En nuestras relaciones cotidianas, reconocemos el valor \u00fanico de cada ser humano y tratamos de acoger y acompa\u00f1ar a cada persona seg\u00fan sus necesidades. Amando de manera concreta a quienes est\u00e1n cerca, buscamos irradiar ese amor a toda la humanidad. El mandamiento de Jes\u00fas \u2014\u201cComo yo os he amado, amaos tambi\u00e9n unos a otros\u201d (Jn 13, 34)\u2014 nos anima a crear v\u00ednculos aut\u00e9nticos en nuestras comunidades y a crecer juntos, superando intereses personales. La espiritualidad de la unidad nos llama a vivir en el amor rec\u00edproco, renov\u00e1ndolo constantemente. Queremos que cada acci\u00f3n sea fecunda, contribuyendo a un camino de perfecci\u00f3n espiritual accesible para todos, en cualquier circunstancia y seg\u00fan las convicciones personales de cada uno, sean religiosas o no.\" \/>\n<meta property=\"og:url\" content=\"https:\/\/focolares.es\/eu\/bizimodu-bat\/\" \/>\n<meta property=\"og:site_name\" content=\"Movimiento de los Focolares\" \/>\n<meta property=\"article:modified_time\" content=\"2025-01-22T21:25:54+00:00\" \/>\n<meta property=\"og:image\" content=\"https:\/\/focolares.es\/wp-content\/uploads\/2024\/08\/esp-col-red-freepik.jpg\" \/>\n\t<meta property=\"og:image:width\" content=\"611\" \/>\n\t<meta property=\"og:image:height\" content=\"406\" \/>\n\t<meta property=\"og:image:type\" content=\"image\/jpeg\" \/>\n<meta name=\"twitter:card\" content=\"summary_large_image\" \/>\n<meta name=\"twitter:label1\" content=\"Est. reading time\" \/>\n\t<meta name=\"twitter:data1\" content=\"3 minutua\" \/>\n<script type=\"application\/ld+json\" class=\"yoast-schema-graph\">{\"@context\":\"https:\/\/schema.org\",\"@graph\":[{\"@type\":\"WebPage\",\"@id\":\"https:\/\/focolares.es\/un-estilo-de-vida\/\",\"url\":\"https:\/\/focolares.es\/un-estilo-de-vida\/\",\"name\":\"Di\u00e1logo como estilo de vida - Movimiento de los Focolares\",\"isPartOf\":{\"@id\":\"https:\/\/focolares.es\/#website\"},\"primaryImageOfPage\":{\"@id\":\"https:\/\/focolares.es\/un-estilo-de-vida\/#primaryimage\"},\"image\":{\"@id\":\"https:\/\/focolares.es\/un-estilo-de-vida\/#primaryimage\"},\"thumbnailUrl\":\"https:\/\/focolares.es\/wp-content\/uploads\/2024\/08\/esp-col-red-freepik.jpg\",\"datePublished\":\"2024-02-05T12:56:04+00:00\",\"dateModified\":\"2025-01-22T21:25:54+00:00\",\"breadcrumb\":{\"@id\":\"https:\/\/focolares.es\/un-estilo-de-vida\/#breadcrumb\"},\"inLanguage\":\"eu\",\"potentialAction\":[{\"@type\":\"ReadAction\",\"target\":[\"https:\/\/focolares.es\/un-estilo-de-vida\/\"]}]},{\"@type\":\"ImageObject\",\"inLanguage\":\"eu\",\"@id\":\"https:\/\/focolares.es\/un-estilo-de-vida\/#primaryimage\",\"url\":\"https:\/\/focolares.es\/wp-content\/uploads\/2024\/08\/esp-col-red-freepik.jpg\",\"contentUrl\":\"https:\/\/focolares.es\/wp-content\/uploads\/2024\/08\/esp-col-red-freepik.jpg\"},{\"@type\":\"BreadcrumbList\",\"@id\":\"https:\/\/focolares.es\/un-estilo-de-vida\/#breadcrumb\",\"itemListElement\":[{\"@type\":\"ListItem\",\"position\":1,\"name\":\"Portada\",\"item\":\"https:\/\/focolares.es\/\"},{\"@type\":\"ListItem\",\"position\":2,\"name\":\"Di\u00e1logo como estilo de vida\"}]},{\"@type\":\"WebSite\",\"@id\":\"https:\/\/focolares.es\/#website\",\"url\":\"https:\/\/focolares.es\/\",\"name\":\"Movimiento de los Focolares\",\"description\":\"\",\"publisher\":{\"@id\":\"https:\/\/focolares.es\/#organization\"},\"potentialAction\":[{\"@type\":\"SearchAction\",\"target\":{\"@type\":\"EntryPoint\",\"urlTemplate\":\"https:\/\/focolares.es\/?s={search_term_string}\"},\"query-input\":{\"@type\":\"PropertyValueSpecification\",\"valueRequired\":true,\"valueName\":\"search_term_string\"}}],\"inLanguage\":\"eu\"},{\"@type\":\"Organization\",\"@id\":\"https:\/\/focolares.es\/#organization\",\"name\":\"Movimiento de los Focolares\",\"url\":\"https:\/\/focolares.es\/\",\"logo\":{\"@type\":\"ImageObject\",\"inLanguage\":\"eu\",\"@id\":\"https:\/\/focolares.es\/#\/schema\/logo\/image\/\",\"url\":\"https:\/\/focolares.es\/wp-content\/uploads\/2024\/03\/Logo_focolares-1024x944-1.jpg\",\"contentUrl\":\"https:\/\/focolares.es\/wp-content\/uploads\/2024\/03\/Logo_focolares-1024x944-1.jpg\",\"width\":1024,\"height\":944,\"caption\":\"Movimiento de los Focolares\"},\"image\":{\"@id\":\"https:\/\/focolares.es\/#\/schema\/logo\/image\/\"}}]}<\/script>\n<!-- \/ Yoast SEO plugin. -->","yoast_head_json":{"title":"Elkarrizketa bizimodu gisa - Fokolarien Mugimendua","robots":{"index":"index","follow":"follow","max-snippet":"max-snippet:-1","max-image-preview":"max-image-preview:large","max-video-preview":"max-video-preview:-1"},"canonical":"https:\/\/focolares.es\/eu\/bizimodu-bat\/","og_locale":"en_US","og_type":"article","og_title":"Di\u00e1logo como estilo de vida - Movimiento de los Focolares","og_description":"\u201cHe aqu\u00ed lo m\u00e1s fascinante de nuestro tiempo: penetrar en la m\u00e1s alta contemplaci\u00f3n y permanecer mezclado con todos, hombre entre los hombres\u201d (Chiara Lubich). La chispa inspiradora: construir relaciones Nos comprometemos a construir relaciones fraternas entre personas, pueblos, religiones y culturas, a trav\u00e9s del di\u00e1logo, sum\u00e1ndonos a muchos otros que comparten este camino. Inspirados por la oraci\u00f3n de Jes\u00fas: \u201cQue todos sean uno\u201d (Jn 17, 21), proponemos una espiritualidad de la unidad que se basa en el amor rec\u00edproco, el respeto por cada persona y la valoraci\u00f3n de las diferencias como una fuente de riqueza. Esta espiritualidad se ha convertido en un estilo de vida para personas de todas las edades y or\u00edgenes, transformando no solo nuestras vidas y relaciones, sino tambi\u00e9n los entornos sociales, familiares y eclesiales donde vivimos y trabajamos. Or\u00edgenes y vocaci\u00f3n universal El Movimiento de los Focolares naci\u00f3 en el seno de la Iglesia Cat\u00f3lica, fundado por Chiara Lubich en Trento, Italia, en 1943. Hoy est\u00e1 presente en 182 pa\u00edses y cuenta con miembros y colaboradores de todas las confesiones cristianas, as\u00ed como de otras religiones e incluso personas sin afiliaci\u00f3n religiosa. Todos, manteniendo sus convicciones y fidelidad a su conciencia, comparten el objetivo y el esp\u00edritu de los Focolares: construir un mundo m\u00e1s unido. Una espiritualidad comunitaria Somos parte de una gran familia, global y variada, unida por un mismo ideal. Chiara Lubich describi\u00f3 esta comunidad como un \u201cpueblo nuevo nacido del Evangelio\u201d. Su verdadera esencia no se puede comprender solo con palabras, porque se vive, se experimenta al compartirla con quienes la encarnan d\u00eda a d\u00eda. Es una espiritualidad que transforma, que nos invita a vivir en comuni\u00f3n. En el coraz\u00f3n del Movimiento est\u00e1n las peque\u00f1as comunidades conocidas como \u201cfocolares\u201d. Estas est\u00e1n formadas por hombres y mujeres que, inmersos en la realidad cotidiana, eligen dar un paso determinante: dejar atr\u00e1s su familia, su hogar y su tierra natal para abrazar un ideal. Su vida se convierte en una respuesta concreta a la oraci\u00f3n de Jes\u00fas: \u201cQue todos sean uno\u201d.&nbsp; Vivir el amor en cada instante&nbsp; En nuestras relaciones cotidianas, reconocemos el valor \u00fanico de cada ser humano y tratamos de acoger y acompa\u00f1ar a cada persona seg\u00fan sus necesidades. Amando de manera concreta a quienes est\u00e1n cerca, buscamos irradiar ese amor a toda la humanidad. El mandamiento de Jes\u00fas \u2014\u201cComo yo os he amado, amaos tambi\u00e9n unos a otros\u201d (Jn 13, 34)\u2014 nos anima a crear v\u00ednculos aut\u00e9nticos en nuestras comunidades y a crecer juntos, superando intereses personales. La espiritualidad de la unidad nos llama a vivir en el amor rec\u00edproco, renov\u00e1ndolo constantemente. Queremos que cada acci\u00f3n sea fecunda, contribuyendo a un camino de perfecci\u00f3n espiritual accesible para todos, en cualquier circunstancia y seg\u00fan las convicciones personales de cada uno, sean religiosas o no.","og_url":"https:\/\/focolares.es\/eu\/bizimodu-bat\/","og_site_name":"Movimiento de los Focolares","article_modified_time":"2025-01-22T21:25:54+00:00","og_image":[{"width":611,"height":406,"url":"https:\/\/focolares.es\/wp-content\/uploads\/2024\/08\/esp-col-red-freepik.jpg","type":"image\/jpeg"}],"twitter_card":"summary_large_image","twitter_misc":{"Est. reading time":"3 minutua"},"schema":{"@context":"https:\/\/schema.org","@graph":[{"@type":"WebPage","@id":"https:\/\/focolares.es\/un-estilo-de-vida\/","url":"https:\/\/focolares.es\/un-estilo-de-vida\/","name":"Elkarrizketa bizimodu gisa - Fokolarien Mugimendua","isPartOf":{"@id":"https:\/\/focolares.es\/#website"},"primaryImageOfPage":{"@id":"https:\/\/focolares.es\/un-estilo-de-vida\/#primaryimage"},"image":{"@id":"https:\/\/focolares.es\/un-estilo-de-vida\/#primaryimage"},"thumbnailUrl":"https:\/\/focolares.es\/wp-content\/uploads\/2024\/08\/esp-col-red-freepik.jpg","datePublished":"2024-02-05T12:56:04+00:00","dateModified":"2025-01-22T21:25:54+00:00","breadcrumb":{"@id":"https:\/\/focolares.es\/un-estilo-de-vida\/#breadcrumb"},"inLanguage":"eu","potentialAction":[{"@type":"ReadAction","target":["https:\/\/focolares.es\/un-estilo-de-vida\/"]}]},{"@type":"ImageObject","inLanguage":"eu","@id":"https:\/\/focolares.es\/un-estilo-de-vida\/#primaryimage","url":"https:\/\/focolares.es\/wp-content\/uploads\/2024\/08\/esp-col-red-freepik.jpg","contentUrl":"https:\/\/focolares.es\/wp-content\/uploads\/2024\/08\/esp-col-red-freepik.jpg"},{"@type":"BreadcrumbList","@id":"https:\/\/focolares.es\/un-estilo-de-vida\/#breadcrumb","itemListElement":[{"@type":"ListItem","position":1,"name":"Portada","item":"https:\/\/focolares.es\/"},{"@type":"ListItem","position":2,"name":"Di\u00e1logo como estilo de vida"}]},{"@type":"WebSite","@id":"https:\/\/focolares.es\/#website","url":"https:\/\/focolares.es\/","name":"Fokolareen Mugimenduaren","description":"","publisher":{"@id":"https:\/\/focolares.es\/#organization"},"potentialAction":[{"@type":"SearchAction","target":{"@type":"EntryPoint","urlTemplate":"https:\/\/focolares.es\/?s={search_term_string}"},"query-input":{"@type":"PropertyValueSpecification","valueRequired":true,"valueName":"search_term_string"}}],"inLanguage":"eu"},{"@type":"Organization","@id":"https:\/\/focolares.es\/#organization","name":"Fokolareen Mugimenduaren","url":"https:\/\/focolares.es\/","logo":{"@type":"ImageObject","inLanguage":"eu","@id":"https:\/\/focolares.es\/#\/schema\/logo\/image\/","url":"https:\/\/focolares.es\/wp-content\/uploads\/2024\/03\/Logo_focolares-1024x944-1.jpg","contentUrl":"https:\/\/focolares.es\/wp-content\/uploads\/2024\/03\/Logo_focolares-1024x944-1.jpg","width":1024,"height":944,"caption":"Movimiento de los Focolares"},"image":{"@id":"https:\/\/focolares.es\/#\/schema\/logo\/image\/"}}]}},"ticketed":false,"_links":{"self":[{"href":"https:\/\/focolares.es\/eu\/wp-json\/wp\/v2\/pages\/131","targetHints":{"allow":["GET"]}}],"collection":[{"href":"https:\/\/focolares.es\/eu\/wp-json\/wp\/v2\/pages"}],"about":[{"href":"https:\/\/focolares.es\/eu\/wp-json\/wp\/v2\/types\/page"}],"author":[{"embeddable":true,"href":"https:\/\/focolares.es\/eu\/wp-json\/wp\/v2\/users\/1"}],"replies":[{"embeddable":true,"href":"https:\/\/focolares.es\/eu\/wp-json\/wp\/v2\/comments?post=131"}],"version-history":[{"count":190,"href":"https:\/\/focolares.es\/eu\/wp-json\/wp\/v2\/pages\/131\/revisions"}],"predecessor-version":[{"id":14310,"href":"https:\/\/focolares.es\/eu\/wp-json\/wp\/v2\/pages\/131\/revisions\/14310"}],"wp:attachment":[{"href":"https:\/\/focolares.es\/eu\/wp-json\/wp\/v2\/media?parent=131"}],"curies":[{"name":"wp","href":"https:\/\/api.w.org\/{rel}","templated":true}]}}