{"id":20071,"date":"2026-09-01T07:34:45","date_gmt":"2026-09-01T05:34:45","guid":{"rendered":"https:\/\/focolares.es\/?post_type=palabra_de_vida&#038;p=20071"},"modified":"2026-09-01T07:34:46","modified_gmt":"2026-09-01T05:34:46","slug":"2026ko-iraila","status":"publish","type":"palabra_de_vida","link":"https:\/\/focolares.es\/eu\/palabra-de-vida\/septiembre-2026\/","title":{"rendered":"Bizi-Hitza"},"content":{"rendered":"\n<p class=\"wp-block-paragraph\">\u00bfSe le puede ordenar a alguien que ame? Si entendemos el amor como un sentimiento, \u00a1evidentemente es imposible! Pero si m\u00e1s bien lo entendemos como un don de Dios, la cosa cambia.<\/p>\n\n\n\n<p class=\"wp-block-paragraph\">En la Carta a los Romanos, de la que est\u00e1 tomada la Palabra de vida, Pablo describe precisamente la relaci\u00f3n entre Ley y amor, y afirma que el amor es pleno cumplimiento de la Ley. Poco antes nos ha revelado de d\u00f3nde proviene este amor: \u00abLa prueba de que Dios nos ama es que Cristo, siendo nosotros todav\u00eda pecadores, muri\u00f3 por nosotros\u00bb (<em>Rm<\/em> 5, 8). Por su parte, la Primera Carta de Juan dice: \u00abEn esto consiste el amor: no en que nosotros hayamos amado a Dios, sino en que \u00e9l nos am\u00f3 y nos envi\u00f3 a su Hijo como propiciaci\u00f3n por nuestros pecados\u00bb (<em>1 Jn<\/em> 4, 10).<\/p>\n\n\n\n<p class=\"wp-block-paragraph\"><strong>\u00abLa caridad no hace mal al pr\u00f3jimo. La caridad es, por tanto, la ley en su plenitud<\/strong><strong>\u00bb.<\/strong><strong><\/strong><\/p>\n\n\n\n<p class=\"wp-block-paragraph\">Nadie puede dar lo que no tiene. Lo hab\u00eda entendido bien Agust\u00edn cuando, dirigi\u00e9ndose directamente a Dios, ped\u00eda: \u00abDa lo que mandas y manda lo que quieras\u00bb<a href=\"#_ftn1\" id=\"_ftnref1\"><sup>[1]<\/sup><\/a>. Hemos recibido el don inestimable del amor de Dios y estamos llamados a no guard\u00e1rnoslo, sino a ponerlo en circulaci\u00f3n. Podemos convertirnos en sujetos en lugar de ser simples destinatarios del amor de Dios: pasar de <em>amados<\/em> a <em>amantes<\/em>, y as\u00ed participar en la vida misma del Padre, del Hijo y del Esp\u00edritu Santo: el Amante, el Amado y el Amor.<\/p>\n\n\n\n<p class=\"wp-block-paragraph\">No tenemos con nadie otra deuda que la del amor mutuo \u2013nos reconforta Pablo\u2013, pues quien ama al otro ha cumplido la Ley (cf. <em>Rm<\/em> 13, 8).<\/p>\n\n\n\n<p class=\"wp-block-paragraph\"><strong>\u00abLa caridad no hace mal al pr\u00f3jimo. La caridad es, por tanto, la ley en su plenitud<\/strong><strong>\u00bb.<\/strong><strong><\/strong><\/p>\n\n\n\n<p class=\"wp-block-paragraph\">\u00abEl verdadero amor al pr\u00f3jimo no causa ning\u00fan da\u00f1o \u2013afirma Chiara Lubich\u2013. Es decir, nos lleva a vivir todos los mandamientos de Dios sin exclusi\u00f3n, ya que el primer objetivo que tienen es llevarnos a evitar todas las formas del mal en que podr\u00edamos caer, ya sea contra nosotros mismos o contra nuestros hermanos y hermanas\u00bb<a href=\"#_ftn2\" id=\"_ftnref2\"><sup>[2]<\/sup><\/a>.<\/p>\n\n\n\n<p class=\"wp-block-paragraph\">As\u00ed entendidos, los mandamientos de la Ley se convierten en un don del amor de Dios m\u00e1s que en una obligaci\u00f3n: no constri\u00f1en nuestro amor, sino que lo liberan plenamente.<\/p>\n\n\n\n<p class=\"wp-block-paragraph\"><strong>\u00abLa caridad no hace mal al pr\u00f3jimo. La caridad es, por tanto, la ley en su plenitud<\/strong><strong>\u00bb.<\/strong><\/p>\n\n\n\n<p class=\"wp-block-paragraph\">Para alcanzar este \u00abpleno cumplimiento\u00bb, el primer paso en el amar al pr\u00f3jimo es no hacerle da\u00f1o. Pero adem\u00e1s hace falta ser creativos en el amor: \u00abNo basta con no hacer da\u00f1o al pr\u00f3jimo \u2013nos recordaba el papa Francisco\u2013; es necesario elegir hacer el bien aprovechando las ocasiones para dar buen testimonio de que somos disc\u00edpulos de Jes\u00fas\u00bb<a href=\"#_ftn3\" id=\"_ftnref3\"><sup>[3]<\/sup><\/a><em>.<\/em><\/p>\n\n\n\n<p class=\"wp-block-paragraph\">\u00bfC\u00f3mo vivir entonces esta Palabra de Vida? Volvamos a poner el amor en el centro de nuestra vida. Amemos a los dem\u00e1s concretamente, como los amar\u00eda Jes\u00fas: \u00c9l es la plenitud del amor que se dona completamente a Dios y a la humanidad. De \u00c9l podemos aprender la alta medida del amor.<\/p>\n\n\n\n<p class=\"wp-block-paragraph\"><strong>\u00abLa caridad no hace mal al pr\u00f3jimo. La caridad es, por tanto, la ley en su plenitud<\/strong><strong>\u00bb.<\/strong><\/p>\n\n\n\n<p class=\"wp-block-paragraph\">Doris, una chica escocesa, nos cuenta: \u00abEn nuestras visitas habituales a un refugio para personas sin hogar, entro en un mundo muy distinto del m\u00edo. S\u00e9 que lo que cuenta no es tanto lo que siento, sino amar. Un d\u00eda, un hombre que reflejaba una profunda tristeza me confes\u00f3 que estaba dispuesto a terminar con todo, que quer\u00eda incluso morir. Me puse simplemente a escucharlo; luego nos tomamos juntos un bocadillo y un caf\u00e9. Y entend\u00ed que escuchar y estar presente era ya un modo de demostrar amor. Cuando lleg\u00f3 el momento de irme, me dio un fuerte abrazo, me sonri\u00f3 y me dijo que lo que est\u00e1bamos haciendo era muy importante, no solo para \u00e9l, sino para todos los que estaban all\u00ed. Sent\u00ed la fuerza incre\u00edble del amor. Quiz\u00e1 no lo haya \u201csalvado\u201d, pero su gratitud me llen\u00f3 de alegr\u00eda, y esto, ya de por s\u00ed, es muy potente\u00bb.<\/p>\n\n\n\n<p class=\"has-text-align-right wp-block-paragraph\"><em>Claudio Cianfaglioni y el equipo de la Palabra de Vida<\/em><\/p>\n\n\n\n<hr class=\"wp-block-separator has-alpha-channel-opacity\"\/>\n\n\n\n<p class=\"has-small-font-size wp-block-paragraph\"><a href=\"#_ftnref1\" id=\"_ftn1\">[1]<\/a> Agust\u00edn de Hipona, <em>Confesiones<\/em>, X, 29, 40: <em>da quod iubes et iube quod vis<\/em>.<br><a href=\"#_ftnref2\" id=\"_ftn2\">[2]<\/a> C. Lubich, Palabra de vida de septiembre de 1993: <em>Palabras de Vida\/2 (1991-2006)<\/em> (ed. F. Ciardi), Ciudad Nueva, Madrid 2026, p. 77.<br><a href=\"#_ftnref3\" id=\"_ftn3\">[3]<\/a> Francisco, Audiencia general, 3-1-2018: <em>El encuentro con el Resucitado. Catequesis sobre la santa misa<\/em>, Ciudad Nueva, Madrid 2018, p. 48.<\/p>\n\n\n\n<div style=\"height:38px\" aria-hidden=\"true\" class=\"wp-block-spacer\"><\/div>\n\n\n\n<div class=\"wp-block-columns is-layout-flex wp-container-core-columns-is-layout-7387b849 wp-block-columns-is-layout-flex\">\n<div class=\"wp-block-column is-layout-flow wp-block-column-is-layout-flow\">\n<div class=\"wp-block-buttons is-layout-flex wp-block-buttons-is-layout-flex\">\n<div class=\"wp-block-button has-custom-width wp-block-button__width-100 is-style-outline is-style-outline--1\"><a class=\"wp-block-button__link has-custom-font-size wp-element-button\" href=\"https:\/\/focolares.es\/wp-content\/uploads\/2026\/08\/26-09-PV-CAS.pdf\" style=\"font-size:16px\" target=\"_blank\" rel=\"noreferrer noopener\">Castellano<\/a><\/div>\n<\/div>\n<\/div>\n\n\n\n<div class=\"wp-block-column is-layout-flow wp-block-column-is-layout-flow\">\n<div class=\"wp-block-buttons is-layout-flex wp-block-buttons-is-layout-flex\">\n<div class=\"wp-block-button has-custom-width wp-block-button__width-100 is-style-outline is-style-outline--2\"><a class=\"wp-block-button__link has-custom-font-size wp-element-button\" href=\"https:\/\/focolares.es\/wp-content\/uploads\/2026\/08\/26-09-PV-CAT.pdf\" style=\"font-size:16px\" target=\"_blank\" rel=\"noreferrer noopener\">Catal\u00e1n<\/a><\/div>\n<\/div>\n<\/div>\n\n\n\n<div class=\"wp-block-column is-layout-flow wp-block-column-is-layout-flow\">\n<div class=\"wp-block-buttons is-layout-flex wp-block-buttons-is-layout-flex\">\n<div class=\"wp-block-button has-custom-width wp-block-button__width-100 is-style-outline is-style-outline--3\"><a class=\"wp-block-button__link has-custom-font-size wp-element-button\" href=\"https:\/\/focolares.es\/wp-content\/uploads\/2026\/08\/26-09-PV-EUS.pdf\" style=\"font-size:16px\" target=\"_blank\" rel=\"noreferrer noopener\">Euskera<\/a><\/div>\n<\/div>\n<\/div>\n\n\n\n<div class=\"wp-block-column is-layout-flow wp-block-column-is-layout-flow\">\n<div class=\"wp-block-buttons is-layout-flex wp-block-buttons-is-layout-flex\">\n<div class=\"wp-block-button has-custom-width wp-block-button__width-100 is-style-outline is-style-outline--4\"><a class=\"wp-block-button__link has-custom-font-size wp-element-button\" href=\"https:\/\/focolares.es\/wp-content\/uploads\/2026\/08\/26-09-PV-GAL.pdf\" style=\"font-size:16px\" target=\"_blank\" rel=\"noreferrer noopener\">Gallego<\/a><\/div>\n<\/div>\n<\/div>\n<\/div>\n\n\n\n<p class=\"wp-block-paragraph\"><\/p>\n","protected":false},"template":"","categories":[1],"tags":[27],"class_list":["post-20071","palabra_de_vida","type-palabra_de_vida","status-publish","hentry","category-uncategorized","tag-palabra-de-vida"],"yoast_head":"<!-- This site is optimized with the Yoast SEO plugin v28.1 - https:\/\/yoast.com\/product\/yoast-seo-wordpress\/ -->\n<title>Palabra de vida - Movimiento de los Focolares<\/title>\n<meta name=\"robots\" content=\"index, follow, max-snippet:-1, max-image-preview:large, max-video-preview:-1\" \/>\n<link rel=\"canonical\" href=\"https:\/\/focolares.es\/eu\/bizitza-hitza\/2026ko-iraila\/\" \/>\n<meta property=\"og:locale\" content=\"en_US\" \/>\n<meta property=\"og:type\" content=\"article\" \/>\n<meta property=\"og:title\" content=\"Palabra de vida - Movimiento de los Focolares\" \/>\n<meta property=\"og:description\" content=\"\u00bfSe le puede ordenar a alguien que ame? Si entendemos el amor como un sentimiento, \u00a1evidentemente es imposible! Pero si m\u00e1s bien lo entendemos como un don de Dios, la cosa cambia. En la Carta a los Romanos, de la que est\u00e1 tomada la Palabra de vida, Pablo describe precisamente la relaci\u00f3n entre Ley y amor, y afirma que el amor es pleno cumplimiento de la Ley. Poco antes nos ha revelado de d\u00f3nde proviene este amor: \u00abLa prueba de que Dios nos ama es que Cristo, siendo nosotros todav\u00eda pecadores, muri\u00f3 por nosotros\u00bb (Rm 5, 8). Por su parte, la Primera Carta de Juan dice: \u00abEn esto consiste el amor: no en que nosotros hayamos amado a Dios, sino en que \u00e9l nos am\u00f3 y nos envi\u00f3 a su Hijo como propiciaci\u00f3n por nuestros pecados\u00bb (1 Jn 4, 10). \u00abLa caridad no hace mal al pr\u00f3jimo. La caridad es, por tanto, la ley en su plenitud\u00bb. Nadie puede dar lo que no tiene. Lo hab\u00eda entendido bien Agust\u00edn cuando, dirigi\u00e9ndose directamente a Dios, ped\u00eda: \u00abDa lo que mandas y manda lo que quieras\u00bb[1]. Hemos recibido el don inestimable del amor de Dios y estamos llamados a no guard\u00e1rnoslo, sino a ponerlo en circulaci\u00f3n. Podemos convertirnos en sujetos en lugar de ser simples destinatarios del amor de Dios: pasar de amados a amantes, y as\u00ed participar en la vida misma del Padre, del Hijo y del Esp\u00edritu Santo: el Amante, el Amado y el Amor. No tenemos con nadie otra deuda que la del amor mutuo \u2013nos reconforta Pablo\u2013, pues quien ama al otro ha cumplido la Ley (cf. Rm 13, 8). \u00abLa caridad no hace mal al pr\u00f3jimo. La caridad es, por tanto, la ley en su plenitud\u00bb. \u00abEl verdadero amor al pr\u00f3jimo no causa ning\u00fan da\u00f1o \u2013afirma Chiara Lubich\u2013. Es decir, nos lleva a vivir todos los mandamientos de Dios sin exclusi\u00f3n, ya que el primer objetivo que tienen es llevarnos a evitar todas las formas del mal en que podr\u00edamos caer, ya sea contra nosotros mismos o contra nuestros hermanos y hermanas\u00bb[2]. As\u00ed entendidos, los mandamientos de la Ley se convierten en un don del amor de Dios m\u00e1s que en una obligaci\u00f3n: no constri\u00f1en nuestro amor, sino que lo liberan plenamente. \u00abLa caridad no hace mal al pr\u00f3jimo. La caridad es, por tanto, la ley en su plenitud\u00bb. Para alcanzar este \u00abpleno cumplimiento\u00bb, el primer paso en el amar al pr\u00f3jimo es no hacerle da\u00f1o. Pero adem\u00e1s hace falta ser creativos en el amor: \u00abNo basta con no hacer da\u00f1o al pr\u00f3jimo \u2013nos recordaba el papa Francisco\u2013; es necesario elegir hacer el bien aprovechando las ocasiones para dar buen testimonio de que somos disc\u00edpulos de Jes\u00fas\u00bb[3]. \u00bfC\u00f3mo vivir entonces esta Palabra de Vida? Volvamos a poner el amor en el centro de nuestra vida. Amemos a los dem\u00e1s concretamente, como los amar\u00eda Jes\u00fas: \u00c9l es la plenitud del amor que se dona completamente a Dios y a la humanidad. De \u00c9l podemos aprender la alta medida del amor. \u00abLa caridad no hace mal al pr\u00f3jimo. La caridad es, por tanto, la ley en su plenitud\u00bb. Doris, una chica escocesa, nos cuenta: \u00abEn nuestras visitas habituales a un refugio para personas sin hogar, entro en un mundo muy distinto del m\u00edo. S\u00e9 que lo que cuenta no es tanto lo que siento, sino amar. Un d\u00eda, un hombre que reflejaba una profunda tristeza me confes\u00f3 que estaba dispuesto a terminar con todo, que quer\u00eda incluso morir. Me puse simplemente a escucharlo; luego nos tomamos juntos un bocadillo y un caf\u00e9. Y entend\u00ed que escuchar y estar presente era ya un modo de demostrar amor. Cuando lleg\u00f3 el momento de irme, me dio un fuerte abrazo, me sonri\u00f3 y me dijo que lo que est\u00e1bamos haciendo era muy importante, no solo para \u00e9l, sino para todos los que estaban all\u00ed. Sent\u00ed la fuerza incre\u00edble del amor. Quiz\u00e1 no lo haya \u201csalvado\u201d, pero su gratitud me llen\u00f3 de alegr\u00eda, y esto, ya de por s\u00ed, es muy potente\u00bb. Claudio Cianfaglioni y el equipo de la Palabra de Vida [1] Agust\u00edn de Hipona, Confesiones, X, 29, 40: da quod iubes et iube quod vis.[2] C. Lubich, Palabra de vida de septiembre de 1993: Palabras de Vida\/2 (1991-2006) (ed. F. Ciardi), Ciudad Nueva, Madrid 2026, p. 77.[3] Francisco, Audiencia general, 3-1-2018: El encuentro con el Resucitado. Catequesis sobre la santa misa, Ciudad Nueva, Madrid 2018, p. 48.\" \/>\n<meta property=\"og:url\" content=\"https:\/\/focolares.es\/eu\/bizitza-hitza\/2026ko-iraila\/\" \/>\n<meta property=\"og:site_name\" content=\"Movimiento de los Focolares\" \/>\n<meta property=\"article:modified_time\" content=\"2026-09-01T05:34:46+00:00\" \/>\n<meta name=\"twitter:card\" content=\"summary_large_image\" \/>\n<meta name=\"twitter:label1\" content=\"Est. reading time\" \/>\n\t<meta name=\"twitter:data1\" content=\"4 minutua\" \/>\n<script type=\"application\/ld+json\" class=\"yoast-schema-graph\">{\"@context\":\"https:\\\/\\\/schema.org\",\"@graph\":[{\"@type\":\"WebPage\",\"@id\":\"https:\\\/\\\/focolares.es\\\/palabra-de-vida\\\/septiembre-2026\\\/\",\"url\":\"https:\\\/\\\/focolares.es\\\/palabra-de-vida\\\/septiembre-2026\\\/\",\"name\":\"Palabra de vida - Movimiento de los Focolares\",\"isPartOf\":{\"@id\":\"https:\\\/\\\/focolares.es\\\/#website\"},\"datePublished\":\"2026-09-01T05:34:45+00:00\",\"dateModified\":\"2026-09-01T05:34:46+00:00\",\"breadcrumb\":{\"@id\":\"https:\\\/\\\/focolares.es\\\/palabra-de-vida\\\/septiembre-2026\\\/#breadcrumb\"},\"inLanguage\":\"eu\",\"potentialAction\":[{\"@type\":\"ReadAction\",\"target\":[\"https:\\\/\\\/focolares.es\\\/palabra-de-vida\\\/septiembre-2026\\\/\"]}]},{\"@type\":\"BreadcrumbList\",\"@id\":\"https:\\\/\\\/focolares.es\\\/palabra-de-vida\\\/septiembre-2026\\\/#breadcrumb\",\"itemListElement\":[{\"@type\":\"ListItem\",\"position\":1,\"name\":\"Portada\",\"item\":\"https:\\\/\\\/focolares.es\\\/\"},{\"@type\":\"ListItem\",\"position\":2,\"name\":\"Palabra de vida\"}]},{\"@type\":\"WebSite\",\"@id\":\"https:\\\/\\\/focolares.es\\\/#website\",\"url\":\"https:\\\/\\\/focolares.es\\\/\",\"name\":\"Movimiento de los Focolares\",\"description\":\"\",\"publisher\":{\"@id\":\"https:\\\/\\\/focolares.es\\\/#organization\"},\"potentialAction\":[{\"@type\":\"SearchAction\",\"target\":{\"@type\":\"EntryPoint\",\"urlTemplate\":\"https:\\\/\\\/focolares.es\\\/?s={search_term_string}\"},\"query-input\":{\"@type\":\"PropertyValueSpecification\",\"valueRequired\":true,\"valueName\":\"search_term_string\"}}],\"inLanguage\":\"eu\"},{\"@type\":\"Organization\",\"@id\":\"https:\\\/\\\/focolares.es\\\/#organization\",\"name\":\"Movimiento de los Focolares\",\"url\":\"https:\\\/\\\/focolares.es\\\/\",\"logo\":{\"@type\":\"ImageObject\",\"inLanguage\":\"eu\",\"@id\":\"https:\\\/\\\/focolares.es\\\/#\\\/schema\\\/logo\\\/image\\\/\",\"url\":\"https:\\\/\\\/focolares.es\\\/wp-content\\\/uploads\\\/2024\\\/03\\\/Logo_focolares-1024x944-1.jpg\",\"contentUrl\":\"https:\\\/\\\/focolares.es\\\/wp-content\\\/uploads\\\/2024\\\/03\\\/Logo_focolares-1024x944-1.jpg\",\"width\":1024,\"height\":944,\"caption\":\"Movimiento de los Focolares\"},\"image\":{\"@id\":\"https:\\\/\\\/focolares.es\\\/#\\\/schema\\\/logo\\\/image\\\/\"}}]}<\/script>\n<!-- \/ Yoast SEO plugin. -->","yoast_head_json":{"title":"Bizitza Hitza - Fokolarien Mugimendua","robots":{"index":"index","follow":"follow","max-snippet":"max-snippet:-1","max-image-preview":"max-image-preview:large","max-video-preview":"max-video-preview:-1"},"canonical":"https:\/\/focolares.es\/eu\/bizitza-hitza\/2026ko-iraila\/","og_locale":"en_US","og_type":"article","og_title":"Palabra de vida - Movimiento de los Focolares","og_description":"\u00bfSe le puede ordenar a alguien que ame? Si entendemos el amor como un sentimiento, \u00a1evidentemente es imposible! Pero si m\u00e1s bien lo entendemos como un don de Dios, la cosa cambia. En la Carta a los Romanos, de la que est\u00e1 tomada la Palabra de vida, Pablo describe precisamente la relaci\u00f3n entre Ley y amor, y afirma que el amor es pleno cumplimiento de la Ley. Poco antes nos ha revelado de d\u00f3nde proviene este amor: \u00abLa prueba de que Dios nos ama es que Cristo, siendo nosotros todav\u00eda pecadores, muri\u00f3 por nosotros\u00bb (Rm 5, 8). Por su parte, la Primera Carta de Juan dice: \u00abEn esto consiste el amor: no en que nosotros hayamos amado a Dios, sino en que \u00e9l nos am\u00f3 y nos envi\u00f3 a su Hijo como propiciaci\u00f3n por nuestros pecados\u00bb (1 Jn 4, 10). \u00abLa caridad no hace mal al pr\u00f3jimo. La caridad es, por tanto, la ley en su plenitud\u00bb. Nadie puede dar lo que no tiene. Lo hab\u00eda entendido bien Agust\u00edn cuando, dirigi\u00e9ndose directamente a Dios, ped\u00eda: \u00abDa lo que mandas y manda lo que quieras\u00bb[1]. Hemos recibido el don inestimable del amor de Dios y estamos llamados a no guard\u00e1rnoslo, sino a ponerlo en circulaci\u00f3n. Podemos convertirnos en sujetos en lugar de ser simples destinatarios del amor de Dios: pasar de amados a amantes, y as\u00ed participar en la vida misma del Padre, del Hijo y del Esp\u00edritu Santo: el Amante, el Amado y el Amor. No tenemos con nadie otra deuda que la del amor mutuo \u2013nos reconforta Pablo\u2013, pues quien ama al otro ha cumplido la Ley (cf. Rm 13, 8). \u00abLa caridad no hace mal al pr\u00f3jimo. La caridad es, por tanto, la ley en su plenitud\u00bb. \u00abEl verdadero amor al pr\u00f3jimo no causa ning\u00fan da\u00f1o \u2013afirma Chiara Lubich\u2013. Es decir, nos lleva a vivir todos los mandamientos de Dios sin exclusi\u00f3n, ya que el primer objetivo que tienen es llevarnos a evitar todas las formas del mal en que podr\u00edamos caer, ya sea contra nosotros mismos o contra nuestros hermanos y hermanas\u00bb[2]. As\u00ed entendidos, los mandamientos de la Ley se convierten en un don del amor de Dios m\u00e1s que en una obligaci\u00f3n: no constri\u00f1en nuestro amor, sino que lo liberan plenamente. \u00abLa caridad no hace mal al pr\u00f3jimo. La caridad es, por tanto, la ley en su plenitud\u00bb. Para alcanzar este \u00abpleno cumplimiento\u00bb, el primer paso en el amar al pr\u00f3jimo es no hacerle da\u00f1o. Pero adem\u00e1s hace falta ser creativos en el amor: \u00abNo basta con no hacer da\u00f1o al pr\u00f3jimo \u2013nos recordaba el papa Francisco\u2013; es necesario elegir hacer el bien aprovechando las ocasiones para dar buen testimonio de que somos disc\u00edpulos de Jes\u00fas\u00bb[3]. \u00bfC\u00f3mo vivir entonces esta Palabra de Vida? Volvamos a poner el amor en el centro de nuestra vida. Amemos a los dem\u00e1s concretamente, como los amar\u00eda Jes\u00fas: \u00c9l es la plenitud del amor que se dona completamente a Dios y a la humanidad. De \u00c9l podemos aprender la alta medida del amor. \u00abLa caridad no hace mal al pr\u00f3jimo. La caridad es, por tanto, la ley en su plenitud\u00bb. Doris, una chica escocesa, nos cuenta: \u00abEn nuestras visitas habituales a un refugio para personas sin hogar, entro en un mundo muy distinto del m\u00edo. S\u00e9 que lo que cuenta no es tanto lo que siento, sino amar. Un d\u00eda, un hombre que reflejaba una profunda tristeza me confes\u00f3 que estaba dispuesto a terminar con todo, que quer\u00eda incluso morir. Me puse simplemente a escucharlo; luego nos tomamos juntos un bocadillo y un caf\u00e9. Y entend\u00ed que escuchar y estar presente era ya un modo de demostrar amor. Cuando lleg\u00f3 el momento de irme, me dio un fuerte abrazo, me sonri\u00f3 y me dijo que lo que est\u00e1bamos haciendo era muy importante, no solo para \u00e9l, sino para todos los que estaban all\u00ed. Sent\u00ed la fuerza incre\u00edble del amor. Quiz\u00e1 no lo haya \u201csalvado\u201d, pero su gratitud me llen\u00f3 de alegr\u00eda, y esto, ya de por s\u00ed, es muy potente\u00bb. Claudio Cianfaglioni y el equipo de la Palabra de Vida [1] Agust\u00edn de Hipona, Confesiones, X, 29, 40: da quod iubes et iube quod vis.[2] C. Lubich, Palabra de vida de septiembre de 1993: Palabras de Vida\/2 (1991-2006) (ed. F. Ciardi), Ciudad Nueva, Madrid 2026, p. 77.[3] Francisco, Audiencia general, 3-1-2018: El encuentro con el Resucitado. Catequesis sobre la santa misa, Ciudad Nueva, Madrid 2018, p. 48.","og_url":"https:\/\/focolares.es\/eu\/bizitza-hitza\/2026ko-iraila\/","og_site_name":"Movimiento de los Focolares","article_modified_time":"2026-09-01T05:34:46+00:00","twitter_card":"summary_large_image","twitter_misc":{"Est. reading time":"4 minutua"},"schema":{"@context":"https:\/\/schema.org","@graph":[{"@type":"WebPage","@id":"https:\/\/focolares.es\/palabra-de-vida\/septiembre-2026\/","url":"https:\/\/focolares.es\/palabra-de-vida\/septiembre-2026\/","name":"Bizitza Hitza - Fokolarien Mugimendua","isPartOf":{"@id":"https:\/\/focolares.es\/#website"},"datePublished":"2026-09-01T05:34:45+00:00","dateModified":"2026-09-01T05:34:46+00:00","breadcrumb":{"@id":"https:\/\/focolares.es\/palabra-de-vida\/septiembre-2026\/#breadcrumb"},"inLanguage":"eu","potentialAction":[{"@type":"ReadAction","target":["https:\/\/focolares.es\/palabra-de-vida\/septiembre-2026\/"]}]},{"@type":"BreadcrumbList","@id":"https:\/\/focolares.es\/palabra-de-vida\/septiembre-2026\/#breadcrumb","itemListElement":[{"@type":"ListItem","position":1,"name":"Portada","item":"https:\/\/focolares.es\/"},{"@type":"ListItem","position":2,"name":"Palabra de vida"}]},{"@type":"WebSite","@id":"https:\/\/focolares.es\/#website","url":"https:\/\/focolares.es\/","name":"Fokolareen Mugimenduaren","description":"","publisher":{"@id":"https:\/\/focolares.es\/#organization"},"potentialAction":[{"@type":"SearchAction","target":{"@type":"EntryPoint","urlTemplate":"https:\/\/focolares.es\/?s={search_term_string}"},"query-input":{"@type":"PropertyValueSpecification","valueRequired":true,"valueName":"search_term_string"}}],"inLanguage":"eu"},{"@type":"Organization","@id":"https:\/\/focolares.es\/#organization","name":"Fokolareen Mugimenduaren","url":"https:\/\/focolares.es\/","logo":{"@type":"ImageObject","inLanguage":"eu","@id":"https:\/\/focolares.es\/#\/schema\/logo\/image\/","url":"https:\/\/focolares.es\/wp-content\/uploads\/2024\/03\/Logo_focolares-1024x944-1.jpg","contentUrl":"https:\/\/focolares.es\/wp-content\/uploads\/2024\/03\/Logo_focolares-1024x944-1.jpg","width":1024,"height":944,"caption":"Movimiento de los Focolares"},"image":{"@id":"https:\/\/focolares.es\/#\/schema\/logo\/image\/"}}]}},"_links":{"self":[{"href":"https:\/\/focolares.es\/eu\/wp-json\/wp\/v2\/palabra_de_vida\/20071","targetHints":{"allow":["GET"]}}],"collection":[{"href":"https:\/\/focolares.es\/eu\/wp-json\/wp\/v2\/palabra_de_vida"}],"about":[{"href":"https:\/\/focolares.es\/eu\/wp-json\/wp\/v2\/types\/palabra_de_vida"}],"wp:attachment":[{"href":"https:\/\/focolares.es\/eu\/wp-json\/wp\/v2\/media?parent=20071"}],"wp:term":[{"taxonomy":"category","embeddable":true,"href":"https:\/\/focolares.es\/eu\/wp-json\/wp\/v2\/categories?post=20071"},{"taxonomy":"post_tag","embeddable":true,"href":"https:\/\/focolares.es\/eu\/wp-json\/wp\/v2\/tags?post=20071"}],"curies":[{"name":"wp","href":"https:\/\/api.w.org\/{rel}","templated":true}]}}