{"version":"1.0","provider_name":"Movemento dos Focolares","provider_url":"https:\/\/focolares.es\/gl","author_name":"Jordi Illa","author_url":"https:\/\/focolares.es\/gl\/author\/jordi\/","title":"Gesti\u00f3n del agua - Movimiento de los Focolares","type":"rich","width":600,"height":338,"html":"<blockquote class=\"wp-embedded-content\" data-secret=\"Gf7sSCXr8A\"><a href=\"https:\/\/focolares.es\/gl\/gestion-del-agua\/\">Xesti\u00f3n da auga<\/a><\/blockquote><iframe sandbox=\"allow-scripts\" security=\"restricted\" src=\"https:\/\/focolares.es\/gl\/gestion-del-agua\/embed\/#?secret=Gf7sSCXr8A\" width=\"600\" height=\"338\" title=\"&#8220;Gesti\u00f3n del agua&#8221; &#8212; Movimiento de los Focolares\" data-secret=\"Gf7sSCXr8A\" frameborder=\"0\" marginwidth=\"0\" marginheight=\"0\" scrolling=\"no\" class=\"wp-embedded-content\"><\/iframe><script>\n\/*! This file is auto-generated *\/\n!function(d,l){\"use strict\";l.querySelector&&d.addEventListener&&\"undefined\"!=typeof URL&&(d.wp=d.wp||{},d.wp.receiveEmbedMessage||(d.wp.receiveEmbedMessage=function(e){var t=e.data;if((t||t.secret||t.message||t.value)&&!\/[^a-zA-Z0-9]\/.test(t.secret)){for(var s,r,n,a=l.querySelectorAll('iframe[data-secret=\"'+t.secret+'\"]'),o=l.querySelectorAll('blockquote[data-secret=\"'+t.secret+'\"]'),c=new RegExp(\"^https?:$\",\"i\"),i=0;i<o.length;i++)o[i].style.display=\"none\";for(i=0;i<a.length;i++)s=a[i],e.source===s.contentWindow&&(s.removeAttribute(\"style\"),\"height\"===t.message?(1e3<(r=parseInt(t.value,10))?r=1e3:~~r<200&&(r=200),s.height=r):\"link\"===t.message&&(r=new URL(s.getAttribute(\"src\")),n=new URL(t.value),c.test(n.protocol))&&n.host===r.host&&l.activeElement===s&&(d.top.location.href=t.value))}},d.addEventListener(\"message\",d.wp.receiveEmbedMessage,!1),l.addEventListener(\"DOMContentLoaded\",function(){for(var e,t,s=l.querySelectorAll(\"iframe.wp-embedded-content\"),r=0;r<s.length;r++)(t=(e=s[r]).getAttribute(\"data-secret\"))||(t=Math.random().toString(36).substring(2,12),e.src+=\"#?secret=\"+t,e.setAttribute(\"data-secret\",t)),e.contentWindow.postMessage({message:\"ready\",secret:t},\"*\")},!1)))}(window,document);\n<\/script>","thumbnail_url":"https:\/\/focolares.es\/wp-content\/uploads\/2024\/03\/20230425_GrupGestioEmpresarial_cartel.jpg","thumbnail_width":600,"thumbnail_height":338,"description":"En la reuni\u00f3n del martes 25 de abril se tratar\u00e1 el caso:&nbsp;Gesti\u00f3n del agua y del ciclo de los servicios asociados. Para esta sesi\u00f3n se contar\u00e1 con&nbsp;Lorenzo Correa,&nbsp;Ingeniero civil &amp; Coach. Como en anteriores ocasiones, se podr\u00e1 seguir&nbsp;online&nbsp;para facilitar la participaci\u00f3n de personas de todos los pa\u00edses de lengua castellana. El formato contin\u00faa siendo el mismo: exposici\u00f3n de un caso real de gesti\u00f3n empresarial sobre el que los asistentes podr\u00e1n expresar sus opiniones y realizar propuestas concretas. La pr\u00f3xima sesi\u00f3n ser\u00e1 el martes 25 de abril de 2023, en horario de 19 a 20:30 h. Zona horaria: Madrid, Roma, Par\u00eds. Para participar en la reuni\u00f3n por videoconferencia&nbsp;Zoom&nbsp;se requiere que las personas interesadas confirmen su asistencia por&nbsp;correo electr\u00f3nico. En el plazo m\u00e1s breve posible recibir\u00e1n un resumen escrito del caso que se tratar\u00e1, para que puedan preparar sus opiniones y propuestas, si as\u00ed lo desean. El d\u00eda de la reuni\u00f3n les llegar\u00e1n por correo electr\u00f3nico las indicaciones para conectar. Para conocer m\u00e1s al\u00a0Grupo,\u00a0perteneciente a\u00a0Humanidad Nueva,\u00a0se puede acceder a\u00a0su presentaci\u00f3n. Puede ponerse en contacto con ellos a trav\u00e9s del\u00a0correo electr\u00f3nico. El\u00a0Grupo de Gesti\u00f3n Empresarial de Barcelona\u00a0se encuentra asociado a la\u00a0Econom\u00eda de Comuni\u00f3n\u00a0como\u00a0C\u00edrculo de Comuni\u00f3n."}