{"id":12889,"date":"2024-10-09T19:24:27","date_gmt":"2024-10-09T17:24:27","guid":{"rendered":"https:\/\/focolares.es\/?page_id=12889"},"modified":"2025-02-21T12:02:10","modified_gmt":"2025-02-21T11:02:10","slug":"puntos-de-escoita","status":"publish","type":"page","link":"https:\/\/focolares.es\/gl\/puntos-de-escucha\/","title":{"rendered":"Puntos de escoita"},"content":{"rendered":"<p><\/p>\n\n\n\n<p>Os profesionais de Listening Point cos que se pode contactar en castel\u00e1n son:<\/p>\n\n\n\n<h2 class=\"wp-block-heading\">Toni Mart\u00edn <br><a href=\"mailto:toni.puntodeescucha.euoccident@gmail.com\">toni.puntodeescucha.euoccident@gmail.com<\/a><\/h2>\n\n\n\n<div class=\"wp-block-columns is-layout-flex wp-container-core-columns-is-layout-28f84493 wp-block-columns-is-layout-flex\">\n<div class=\"wp-block-column is-layout-flow wp-block-column-is-layout-flow\" style=\"flex-basis:33.33%\">\n<figure class=\"wp-block-image aligncenter size-full\"><img decoding=\"async\" width=\"175\" height=\"239\" src=\"https:\/\/focolares.es\/wp-content\/uploads\/2024\/10\/Toni-Martin-178x243-1.jpg\" alt=\"\" class=\"wp-image-12890\" srcset=\"https:\/\/focolares.es\/wp-content\/uploads\/2024\/10\/Toni-Martin-178x243-1.jpg 175w, https:\/\/focolares.es\/wp-content\/uploads\/2024\/10\/Toni-Martin-178x243-1-9x12.jpg 9w\" sizes=\"(max-width: 175px) 100vw, 175px\" \/><\/figure>\n<\/div>\n\n\n\n<div class=\"wp-block-column is-layout-flow wp-block-column-is-layout-flow\" style=\"flex-basis:66.66%\">\n<p class=\"translation-block\">Naceu en 1955 en Barcelona, cidade onde vive. Non pertence a <em>Movemento dos Focolares<\/em>. M\u00e9dico especialista en patolox\u00edas psicosom\u00e1ticas: trastornos emocionais e dor som\u00e1tica. \u00c9 un psicoterapeuta cognitivo conductual (<em>Instituto Albert Ellis<\/em>). Sex\u00f3loga cl\u00ednica e terapeuta de parella desde 1985.<\/p>\n\n\n\n<p class=\"translation-block\">Membro da Xunta Directiva da <em>Secci\u00f3n Colexiada de Sexolox\u00eda M\u00e9dica do Colexio Oficial de M\u00e9dicos de Barcelona<\/em>. \u00c9 profesor en <em>M\u00e1ster en Sexolox\u00eda Cl\u00ednica e Sa\u00fade Sexual<\/em> da <em>Universidade de Barcelona<\/em>, especializada en temas de Adicci\u00f3n Sexual e Parafilias. \u00c9 instrutor de mindfulness (MBSR), conferenciante e divulgador de temas de sa\u00fade mental.<\/p>\n<\/div>\n<\/div>\n\n\n\n<h2 class=\"wp-block-heading\">Elvira Mira Garc\u00eda\u00a0<br><a href=\"mailto:elvira.puntodeescucha.euoccident@gmail.com\">elvira.puntodeescucha.euoccident@gmail.com<\/a><\/h2>\n\n\n\n<div class=\"wp-block-columns is-layout-flex wp-container-core-columns-is-layout-28f84493 wp-block-columns-is-layout-flex\">\n<div class=\"wp-block-column is-layout-flow wp-block-column-is-layout-flow\" style=\"flex-basis:33.33%\">\n<figure class=\"wp-block-image aligncenter size-full\"><img decoding=\"async\" width=\"173\" height=\"229\" src=\"https:\/\/focolares.es\/wp-content\/uploads\/2024\/10\/Elvira-Mira-Garcia-178x235-1.jpg\" alt=\"\" class=\"wp-image-12891\" srcset=\"https:\/\/focolares.es\/wp-content\/uploads\/2024\/10\/Elvira-Mira-Garcia-178x235-1.jpg 173w, https:\/\/focolares.es\/wp-content\/uploads\/2024\/10\/Elvira-Mira-Garcia-178x235-1-9x12.jpg 9w\" sizes=\"(max-width: 173px) 100vw, 173px\" \/><\/figure>\n<\/div>\n\n\n\n<div class=\"wp-block-column is-layout-flow wp-block-column-is-layout-flow\" style=\"flex-basis:66.66%\">\n<p class=\"translation-block\">Licenciada en Psicolox\u00eda no ano 1986 <em>Universidade de Sevilla<\/em>. A s\u00faa experiencia profesional c\u00e9ntrase na psicolox\u00eda cl\u00ednica. Desde 1988 traballa en cl\u00ednicas de intervenci\u00f3n cl\u00ednica, centr\u00e1ndose na atenci\u00f3n individualizada de patolox\u00edas en adultos, nenos e parellas. Impartiu cursos, seminarios e conferencias principalmente no \u00e1mbito da comunicaci\u00f3n entre parellas, educaci\u00f3n en valores, di\u00e1logo, adopci\u00f3ns e adolescencia. Nos \u00faltimos anos tam\u00e9n formou parte do equipo <em>Itinerarios de Luz<\/em>, un laboratorio para parellas en dificultades.<\/p>\n<\/div>\n<\/div>\n\n\n\n<p class=\"translation-block\">Os membros da <em>Punto de escoita<\/em> de Europa Occidental realizan a s\u00faa tarefa de escoita individualmente, pero contan coa axuda dun consultor, o Dr. <strong>Gabriele Muller<\/strong>.<\/p>\n\n\n\n<h2 class=\"wp-block-heading\">Gabriele M\u00fcller<\/h2>\n\n\n\n<div class=\"wp-block-columns is-layout-flex wp-container-core-columns-is-layout-28f84493 wp-block-columns-is-layout-flex\">\n<div class=\"wp-block-column is-layout-flow wp-block-column-is-layout-flow\" style=\"flex-basis:33.33%\">\n<figure class=\"wp-block-image aligncenter size-full\"><img decoding=\"async\" width=\"178\" height=\"168\" src=\"https:\/\/focolares.es\/wp-content\/uploads\/2024\/10\/Gabriele-Muller-178x171-1.jpg\" alt=\"\" class=\"wp-image-12892\" srcset=\"https:\/\/focolares.es\/wp-content\/uploads\/2024\/10\/Gabriele-Muller-178x171-1.jpg 178w, https:\/\/focolares.es\/wp-content\/uploads\/2024\/10\/Gabriele-Muller-178x171-1-13x12.jpg 13w\" sizes=\"(max-width: 178px) 100vw, 178px\" \/><\/figure>\n<\/div>\n\n\n\n<div class=\"wp-block-column is-layout-flow wp-block-column-is-layout-flow\" style=\"flex-basis:66.66%\">\n<p class=\"translation-block\">Nacida en 1964, vive nun focolar de Frankfurt-und-Main. Non ten ningunha funci\u00f3n directiva no <em>Movemento dos Focolares<\/em>. Anestesista, especialista en tratamento da dor, coidados paliativos, medicina paliativa e acupuntura, especializado en interacci\u00f3n tem\u00e1tica, baseada na psicolox\u00eda da profundidade do <em>Instituto Simone Weil<\/em>, as\u00ed como en psicolox\u00eda da comunicaci\u00f3n no <em>Instituto Schultz-von-Thun<em>. Traballa como asistente no equipo de xesti\u00f3n m\u00e9dica do <em>Centro de Tratamento da Dor e Coidados Paliativos Rhein-Main<em> en Wiesbaden e en Frankfurt.<\/p>\n<\/div>\n<\/div>\n\n\n\n<p>Para contactar e recibir informaci\u00f3n xeral:&nbsp;     <a href=\"mailto:info.puntoascolto.EUOccident@gmail.com\" target=\"_blank\" rel=\"noreferrer noopener\">info.puntoascolto.euoccident@gmail.com<\/a><\/p>","protected":false},"excerpt":{"rendered":"<p>Os profesionais do Punto de Escoita cos que se pode contactar en castel\u00e1n son: Toni Mart\u00edn toni.puntodeescucha.euoccident@gmail.com Nado en 1955 en Barcelona, cidade onde vive. Non pertence ao Movemento dos Focolares. M\u00e9dico especialista en patolox\u00edas psicosom\u00e1ticas: trastornos emocionais e dor som\u00e1tica. \u00c9 un psicoterapeuta cognitivo conductual (Instituto Albert Ellis). Sex\u00f3loga cl\u00ednica e terapeuta de parella desde 1985. Membro da Xunta Directiva da Secci\u00f3n Colexiada de Sexolox\u00eda M\u00e9dica do Colexio Oficial de M\u00e9dicos de Barcelona. \u00c9 profesor do M\u00e1ster de Sexolox\u00eda Cl\u00ednica e Sa\u00fade Sexual da Universidade de Barcelona, especializado en temas de Adicci\u00f3n Sexual e Parafilias. \u00c9 instrutor de mindfulness (MBSR), conferenciante e divulgador de temas de sa\u00fade mental. Elvira Mira Garc\u00eda elvira.puntodeescucha.euoccident@gmail.com Licenciada en Psicolox\u00eda en 1986 pola Universidade de Sevilla. A s\u00faa experiencia profesional c\u00e9ntrase na psicolox\u00eda cl\u00ednica. Desde 1988 exerce a consulta de intervenci\u00f3n cl\u00ednica, centrada na atenci\u00f3n individualizada da patolox\u00eda en adultos, nenos e parellas. Impartiu cursos, seminarios e conferencias sobre todo no \u00e1mbito da comunicaci\u00f3n de parella, educaci\u00f3n en valores, di\u00e1logo, adopci\u00f3ns e adolescencia. Nos \u00faltimos anos tam\u00e9n formou parte do equipo de Itinerarios de Luz, un laboratorio para parellas en dificultades. Os membros do Punto de Escoita de Europa Occidental realizan a s\u00faa tarefa de escoita individualmente, pero est\u00e1n asistidos por unha consultora, a doutora Gabriele Muller. Gabriele M\u00fcller Nacida en 1964, vive nun mercado de Frankfurt-und-Main. Non ten ning\u00fan papel de liderado no Movemento dos Focolares. Anestesista, especialista en tratamento da dor, coidados paliativos, medicina paliativa e acupuntura, especializada en interacci\u00f3n tem\u00e1tica, baseada na psicolox\u00eda da profundidade no Instituto Simone Weil, as\u00ed como en psicolox\u00eda da comunicaci\u00f3n no Instituto Schultz-von de Thun. Traballa como asistente no equipo de xesti\u00f3n m\u00e9dica do Centro de Coidados Paliativos e Dor de Rhein-Main en Wiesbaden e Frankfurt. Para contactar e recibir informaci\u00f3n xeral: info.puntoascolto.euoccident@gmail.com<\/p>","protected":false},"author":1,"featured_media":0,"parent":0,"menu_order":0,"comment_status":"closed","ping_status":"closed","template":"elementor_theme","meta":{"_price":"","_stock":"","_tribe_ticket_header":"","_tribe_default_ticket_provider":"","_tribe_ticket_capacity":"0","_ticket_start_date":"","_ticket_end_date":"","_tribe_ticket_show_description":"","_tribe_ticket_show_not_going":false,"_tribe_ticket_use_global_stock":"","_tribe_ticket_global_stock_level":"","_global_stock_mode":"","_global_stock_cap":"","_tribe_rsvp_for_event":"","_tribe_ticket_going_count":"","_tribe_ticket_not_going_count":"","_tribe_tickets_list":"[]","_tribe_ticket_has_attendee_info_fields":false,"footnotes":"","_tec_slr_enabled":"","_tec_slr_layout":""},"class_list":["post-12889","page","type-page","status-publish","hentry"],"yoast_head":"<!-- This site is optimized with the Yoast SEO plugin v27.2 - https:\/\/yoast.com\/product\/yoast-seo-wordpress\/ -->\n<title>Puntos de escucha - Movimiento de los Focolares<\/title>\n<meta name=\"robots\" content=\"index, follow, max-snippet:-1, max-image-preview:large, max-video-preview:-1\" \/>\n<link rel=\"canonical\" href=\"https:\/\/focolares.es\/gl\/puntos-de-escoita\/\" \/>\n<meta property=\"og:locale\" content=\"gl_ES\" \/>\n<meta property=\"og:type\" content=\"article\" \/>\n<meta property=\"og:title\" content=\"Puntos de escucha - Movimiento de los Focolares\" \/>\n<meta property=\"og:description\" content=\"Los profesionales del Punto de escucha con los que se puede contactar en lengua castellana son: Toni Mart\u00edn toni.puntodeescucha.euoccident@gmail.com Nacido en 1955 en Barcelona, ciudad en la que vive. No pertenece al&nbsp;Movimiento de los Focolares. M\u00e9dico especialista en patolog\u00edas psicosom\u00e1ticas: perturbaciones emocionales y dolor som\u00e1tico. Es psicoterapeuta cognitivo conductual (Albert Ellis Institute). Sex\u00f3logo cl\u00ednico y terapeuta de pareja desde 1985. Miembro de la&nbsp;junta directiva&nbsp;de la&nbsp;Secci\u00f3n Colegial de Sexolog\u00eda M\u00e9dica del Colegio Oficial de M\u00e9dicos de Barcelona. Es profesor en el&nbsp;M\u00e1ster de Sexolog\u00eda Cl\u00ednica y Salud Sexual&nbsp;de la&nbsp;Universidad de Barcelona, especializado en temas de Adicci\u00f3n Sexual y Parafilias. Es instructor de mindfulness (MBSR), conferenciante y divulgador de temas de salud mental. Elvira Mira Garc\u00eda\u00a0elvira.puntodeescucha.euoccident@gmail.com Licenciada en psicolog\u00eda en 1986 por la&nbsp;Universidad de Sevilla. Su experiencia profesional est\u00e1 enfocada en la psicolog\u00eda cl\u00ednica. Desde 1988 ejerce en consulta de intervenci\u00f3n cl\u00ednica, enfocada en la atenci\u00f3n individual de la patolog\u00eda en adultos, ni\u00f1os y parejas. Ha impartido cursos, seminarios y conferencias sobre todo en el \u00e1mbito de la comunicaci\u00f3n de pareja, educaci\u00f3n en valores, di\u00e1logo, adopciones y adolescencia. En los \u00faltimos a\u00f1os, adem\u00e1s, es miembro del equipo&nbsp;Itinerarios de Luz, un laboratorio para parejas en dificultad. Los miembros del&nbsp;Punto de escucha&nbsp;de Europa Occidental llevan a cabo su tarea de escucha de modo individual, pero cuentan con la ayuda de una consultora, la Dra.&nbsp;Gabriele Muller. Gabriele M\u00fcller Nacida en 1964, vive en un focolar en Frankfurt-und-Main. No tiene ning\u00fan papel directivo en el&nbsp;Movimiento de los Focolares. M\u00e9dico anestesista, especialista en tratamiento del dolor, cuidados paliativos, medicina paliativa y acupuntura, especializada en la interacci\u00f3n centrada en el tema, basada en la psicolog\u00eda profunda del&nbsp;Instituto Simone Weil, as\u00ed como en psicolog\u00eda de la comunicaci\u00f3n en el&nbsp;Instituto Schultz-von-Thun. Trabaja como adjunta en el equipo de direcci\u00f3n m\u00e9dica del&nbsp;Centro de tratamiento del dolor y cuidados paliativos Rhein-Main&nbsp;en Wiesbaden y en Frankfurt. Para contactar y recibir informaci\u00f3n general:&nbsp; info.puntoascolto.euoccident@gmail.com\" \/>\n<meta property=\"og:url\" content=\"https:\/\/focolares.es\/gl\/puntos-de-escoita\/\" \/>\n<meta property=\"og:site_name\" content=\"Movimiento de los Focolares\" \/>\n<meta property=\"article:modified_time\" content=\"2025-02-21T11:02:10+00:00\" \/>\n<meta property=\"og:image\" content=\"https:\/\/focolares.es\/wp-content\/uploads\/2024\/10\/Toni-Martin-178x243-1.jpg\" \/>\n\t<meta property=\"og:image:width\" content=\"175\" \/>\n\t<meta property=\"og:image:height\" content=\"239\" \/>\n\t<meta property=\"og:image:type\" content=\"image\/jpeg\" \/>\n<meta name=\"twitter:card\" content=\"summary_large_image\" \/>\n<meta name=\"twitter:label1\" content=\"Tempo de lectura\" \/>\n\t<meta name=\"twitter:data1\" content=\"3 minutos\" \/>\n<script type=\"application\/ld+json\" class=\"yoast-schema-graph\">{\"@context\":\"https:\/\/schema.org\",\"@graph\":[{\"@type\":\"WebPage\",\"@id\":\"https:\/\/focolares.es\/puntos-de-escucha\/\",\"url\":\"https:\/\/focolares.es\/puntos-de-escucha\/\",\"name\":\"Puntos de escucha - Movimiento de los Focolares\",\"isPartOf\":{\"@id\":\"https:\/\/focolares.es\/#website\"},\"primaryImageOfPage\":{\"@id\":\"https:\/\/focolares.es\/puntos-de-escucha\/#primaryimage\"},\"image\":{\"@id\":\"https:\/\/focolares.es\/puntos-de-escucha\/#primaryimage\"},\"thumbnailUrl\":\"https:\/\/focolares.es\/wp-content\/uploads\/2024\/10\/Toni-Martin-178x243-1.jpg\",\"datePublished\":\"2024-10-09T17:24:27+00:00\",\"dateModified\":\"2025-02-21T11:02:10+00:00\",\"breadcrumb\":{\"@id\":\"https:\/\/focolares.es\/puntos-de-escucha\/#breadcrumb\"},\"inLanguage\":\"gl-ES\",\"potentialAction\":[{\"@type\":\"ReadAction\",\"target\":[\"https:\/\/focolares.es\/puntos-de-escucha\/\"]}]},{\"@type\":\"ImageObject\",\"inLanguage\":\"gl-ES\",\"@id\":\"https:\/\/focolares.es\/puntos-de-escucha\/#primaryimage\",\"url\":\"https:\/\/focolares.es\/wp-content\/uploads\/2024\/10\/Toni-Martin-178x243-1.jpg\",\"contentUrl\":\"https:\/\/focolares.es\/wp-content\/uploads\/2024\/10\/Toni-Martin-178x243-1.jpg\"},{\"@type\":\"BreadcrumbList\",\"@id\":\"https:\/\/focolares.es\/puntos-de-escucha\/#breadcrumb\",\"itemListElement\":[{\"@type\":\"ListItem\",\"position\":1,\"name\":\"Portada\",\"item\":\"https:\/\/focolares.es\/\"},{\"@type\":\"ListItem\",\"position\":2,\"name\":\"Puntos de escucha\"}]},{\"@type\":\"WebSite\",\"@id\":\"https:\/\/focolares.es\/#website\",\"url\":\"https:\/\/focolares.es\/\",\"name\":\"Movimiento de los Focolares\",\"description\":\"\",\"publisher\":{\"@id\":\"https:\/\/focolares.es\/#organization\"},\"potentialAction\":[{\"@type\":\"SearchAction\",\"target\":{\"@type\":\"EntryPoint\",\"urlTemplate\":\"https:\/\/focolares.es\/?s={search_term_string}\"},\"query-input\":{\"@type\":\"PropertyValueSpecification\",\"valueRequired\":true,\"valueName\":\"search_term_string\"}}],\"inLanguage\":\"gl-ES\"},{\"@type\":\"Organization\",\"@id\":\"https:\/\/focolares.es\/#organization\",\"name\":\"Movimiento de los Focolares\",\"url\":\"https:\/\/focolares.es\/\",\"logo\":{\"@type\":\"ImageObject\",\"inLanguage\":\"gl-ES\",\"@id\":\"https:\/\/focolares.es\/#\/schema\/logo\/image\/\",\"url\":\"https:\/\/focolares.es\/wp-content\/uploads\/2024\/03\/Logo_focolares-1024x944-1.jpg\",\"contentUrl\":\"https:\/\/focolares.es\/wp-content\/uploads\/2024\/03\/Logo_focolares-1024x944-1.jpg\",\"width\":1024,\"height\":944,\"caption\":\"Movimiento de los Focolares\"},\"image\":{\"@id\":\"https:\/\/focolares.es\/#\/schema\/logo\/image\/\"}}]}<\/script>\n<!-- \/ Yoast SEO plugin. -->","yoast_head_json":{"title":"Puntos de escoita - Movemento dos Focolares","robots":{"index":"index","follow":"follow","max-snippet":"max-snippet:-1","max-image-preview":"max-image-preview:large","max-video-preview":"max-video-preview:-1"},"canonical":"https:\/\/focolares.es\/gl\/puntos-de-escoita\/","og_locale":"gl_ES","og_type":"article","og_title":"Puntos de escucha - Movimiento de los Focolares","og_description":"Los profesionales del Punto de escucha con los que se puede contactar en lengua castellana son: Toni Mart\u00edn toni.puntodeescucha.euoccident@gmail.com Nacido en 1955 en Barcelona, ciudad en la que vive. No pertenece al&nbsp;Movimiento de los Focolares. M\u00e9dico especialista en patolog\u00edas psicosom\u00e1ticas: perturbaciones emocionales y dolor som\u00e1tico. Es psicoterapeuta cognitivo conductual (Albert Ellis Institute). Sex\u00f3logo cl\u00ednico y terapeuta de pareja desde 1985. Miembro de la&nbsp;junta directiva&nbsp;de la&nbsp;Secci\u00f3n Colegial de Sexolog\u00eda M\u00e9dica del Colegio Oficial de M\u00e9dicos de Barcelona. Es profesor en el&nbsp;M\u00e1ster de Sexolog\u00eda Cl\u00ednica y Salud Sexual&nbsp;de la&nbsp;Universidad de Barcelona, especializado en temas de Adicci\u00f3n Sexual y Parafilias. Es instructor de mindfulness (MBSR), conferenciante y divulgador de temas de salud mental. Elvira Mira Garc\u00eda\u00a0elvira.puntodeescucha.euoccident@gmail.com Licenciada en psicolog\u00eda en 1986 por la&nbsp;Universidad de Sevilla. Su experiencia profesional est\u00e1 enfocada en la psicolog\u00eda cl\u00ednica. Desde 1988 ejerce en consulta de intervenci\u00f3n cl\u00ednica, enfocada en la atenci\u00f3n individual de la patolog\u00eda en adultos, ni\u00f1os y parejas. Ha impartido cursos, seminarios y conferencias sobre todo en el \u00e1mbito de la comunicaci\u00f3n de pareja, educaci\u00f3n en valores, di\u00e1logo, adopciones y adolescencia. En los \u00faltimos a\u00f1os, adem\u00e1s, es miembro del equipo&nbsp;Itinerarios de Luz, un laboratorio para parejas en dificultad. Los miembros del&nbsp;Punto de escucha&nbsp;de Europa Occidental llevan a cabo su tarea de escucha de modo individual, pero cuentan con la ayuda de una consultora, la Dra.&nbsp;Gabriele Muller. Gabriele M\u00fcller Nacida en 1964, vive en un focolar en Frankfurt-und-Main. No tiene ning\u00fan papel directivo en el&nbsp;Movimiento de los Focolares. M\u00e9dico anestesista, especialista en tratamiento del dolor, cuidados paliativos, medicina paliativa y acupuntura, especializada en la interacci\u00f3n centrada en el tema, basada en la psicolog\u00eda profunda del&nbsp;Instituto Simone Weil, as\u00ed como en psicolog\u00eda de la comunicaci\u00f3n en el&nbsp;Instituto Schultz-von-Thun. Trabaja como adjunta en el equipo de direcci\u00f3n m\u00e9dica del&nbsp;Centro de tratamiento del dolor y cuidados paliativos Rhein-Main&nbsp;en Wiesbaden y en Frankfurt. Para contactar y recibir informaci\u00f3n general:&nbsp; info.puntoascolto.euoccident@gmail.com","og_url":"https:\/\/focolares.es\/gl\/puntos-de-escoita\/","og_site_name":"Movimiento de los Focolares","article_modified_time":"2025-02-21T11:02:10+00:00","og_image":[{"width":175,"height":239,"url":"https:\/\/focolares.es\/wp-content\/uploads\/2024\/10\/Toni-Martin-178x243-1.jpg","type":"image\/jpeg"}],"twitter_card":"summary_large_image","twitter_misc":{"Tempo de lectura":"3 minutos"},"schema":{"@context":"https:\/\/schema.org","@graph":[{"@type":"WebPage","@id":"https:\/\/focolares.es\/puntos-de-escucha\/","url":"https:\/\/focolares.es\/puntos-de-escucha\/","name":"Puntos de escoita - Movemento dos Focolares","isPartOf":{"@id":"https:\/\/focolares.es\/#website"},"primaryImageOfPage":{"@id":"https:\/\/focolares.es\/puntos-de-escucha\/#primaryimage"},"image":{"@id":"https:\/\/focolares.es\/puntos-de-escucha\/#primaryimage"},"thumbnailUrl":"https:\/\/focolares.es\/wp-content\/uploads\/2024\/10\/Toni-Martin-178x243-1.jpg","datePublished":"2024-10-09T17:24:27+00:00","dateModified":"2025-02-21T11:02:10+00:00","breadcrumb":{"@id":"https:\/\/focolares.es\/puntos-de-escucha\/#breadcrumb"},"inLanguage":"gl-ES","potentialAction":[{"@type":"ReadAction","target":["https:\/\/focolares.es\/puntos-de-escucha\/"]}]},{"@type":"ImageObject","inLanguage":"gl-ES","@id":"https:\/\/focolares.es\/puntos-de-escucha\/#primaryimage","url":"https:\/\/focolares.es\/wp-content\/uploads\/2024\/10\/Toni-Martin-178x243-1.jpg","contentUrl":"https:\/\/focolares.es\/wp-content\/uploads\/2024\/10\/Toni-Martin-178x243-1.jpg"},{"@type":"BreadcrumbList","@id":"https:\/\/focolares.es\/puntos-de-escucha\/#breadcrumb","itemListElement":[{"@type":"ListItem","position":1,"name":"Portada","item":"https:\/\/focolares.es\/"},{"@type":"ListItem","position":2,"name":"Puntos de escucha"}]},{"@type":"WebSite","@id":"https:\/\/focolares.es\/#website","url":"https:\/\/focolares.es\/","name":"Movemento dos Focolares","description":"","publisher":{"@id":"https:\/\/focolares.es\/#organization"},"potentialAction":[{"@type":"SearchAction","target":{"@type":"EntryPoint","urlTemplate":"https:\/\/focolares.es\/?s={search_term_string}"},"query-input":{"@type":"PropertyValueSpecification","valueRequired":true,"valueName":"search_term_string"}}],"inLanguage":"gl-ES"},{"@type":"Organization","@id":"https:\/\/focolares.es\/#organization","name":"Movemento dos Focolares","url":"https:\/\/focolares.es\/","logo":{"@type":"ImageObject","inLanguage":"gl-ES","@id":"https:\/\/focolares.es\/#\/schema\/logo\/image\/","url":"https:\/\/focolares.es\/wp-content\/uploads\/2024\/03\/Logo_focolares-1024x944-1.jpg","contentUrl":"https:\/\/focolares.es\/wp-content\/uploads\/2024\/03\/Logo_focolares-1024x944-1.jpg","width":1024,"height":944,"caption":"Movimiento de los Focolares"},"image":{"@id":"https:\/\/focolares.es\/#\/schema\/logo\/image\/"}}]}},"ticketed":false,"_links":{"self":[{"href":"https:\/\/focolares.es\/gl\/wp-json\/wp\/v2\/pages\/12889","targetHints":{"allow":["GET"]}}],"collection":[{"href":"https:\/\/focolares.es\/gl\/wp-json\/wp\/v2\/pages"}],"about":[{"href":"https:\/\/focolares.es\/gl\/wp-json\/wp\/v2\/types\/page"}],"author":[{"embeddable":true,"href":"https:\/\/focolares.es\/gl\/wp-json\/wp\/v2\/users\/1"}],"replies":[{"embeddable":true,"href":"https:\/\/focolares.es\/gl\/wp-json\/wp\/v2\/comments?post=12889"}],"version-history":[{"count":20,"href":"https:\/\/focolares.es\/gl\/wp-json\/wp\/v2\/pages\/12889\/revisions"}],"predecessor-version":[{"id":15279,"href":"https:\/\/focolares.es\/gl\/wp-json\/wp\/v2\/pages\/12889\/revisions\/15279"}],"wp:attachment":[{"href":"https:\/\/focolares.es\/gl\/wp-json\/wp\/v2\/media?parent=12889"}],"curies":[{"name":"wp","href":"https:\/\/api.w.org\/{rel}","templated":true}]}}