{"id":16373,"date":"2025-06-01T00:01:00","date_gmt":"2025-05-31T22:01:00","guid":{"rendered":"https:\/\/focolares.es\/?post_type=palabra_de_vida&#038;p=16373"},"modified":"2025-06-04T14:24:47","modified_gmt":"2025-06-04T12:24:47","slug":"xuno-2025","status":"publish","type":"palabra_de_vida","link":"https:\/\/focolares.es\/gl\/palabra-de-vida\/junio-2025\/","title":{"rendered":"Palabra de Vida"},"content":{"rendered":"<p>Estamos nun lugar solitario preto de Betsaida, en Galilea. Xes\u00fas est\u00e1 a falarlle \u00e1 multitude sobre o Reino. O mestre fora al\u00ed cos ap\u00f3stolos para que puidesen descansar despois da s\u00faa longa misi\u00f3n naquela rexi\u00f3n, onde predicaran a conversi\u00f3n \u00abanunciando a Boa Nova e curando por todas partes\u00bb (Lc 9,6). Cansados, pero co coraz\u00f3n cheo, relataron o que viviran.<\/p>\n\n\n\n<p>Non obstante, a xente desc\u00fabreo e v\u00e9n. Xes\u00fas acolle a todos: escoita, fala, preoc\u00fapase. A multitude medra. Ach\u00e9gase a noite e comezan a ter fame. Os ap\u00f3stolos danse conta disto e propo\u00f1en unha soluci\u00f3n l\u00f3xica e realista ao mestre: \u00abDespide \u00e1 xente para que vaian \u00e1s vilas e aldeas dos arredores e busquen aloxamento e comida\u00bb. Despois de todo, Xes\u00fas xa fixera moito... Pero resp\u00f3ndelles:<\/p>\n\n\n\n<p><strong>\"D\u00e1delles v\u00f3s de comer\"<\/strong><\/p>\n\n\n\n<p>Quedan desconcertados. \u00c9 impensable: s\u00f3 te\u00f1en cinco pans e dous peixes para varios miles de persoas; Non \u00e9 posible atopar o que se necesita na pequena Betsaida, e non ter\u00edan cartos para compralo.<\/p>\n\n\n\n<p>Xes\u00fas quere abrirlles os ollos. Movido polas necesidades e os problemas da xente, proponse ofrecer unha soluci\u00f3n. E faino partindo da realidade e valorando o que existe. \u00c9 certo, o que te\u00f1en \u00e9 pouco, pero conf\u00edalles unha misi\u00f3n: ser instrumentos da misericordia de Deus, que pensa nos seus fillos. O Pai interv\u00e9n, e con todo os necesita.<\/p>\n\n\n\n<p>O milagre require a nosa iniciativa e a nosa fe, que medrar\u00e1n deste xeito.<\/p>\n\n\n\n<p><strong>\"D\u00e1delles v\u00f3s de comer\"<\/strong><\/p>\n\n\n\n<p>Ent\u00f3n, \u00e1 obxecci\u00f3n dos ap\u00f3stolos, Xes\u00fas responde po\u00f1\u00e9ndose a traballar, pero p\u00eddelles que fagan a s\u00faa parte, mesmo que sexa pequena. Non a despreza. Non lles resolvas o problema. O milagre ocorre, pero require que participes con todo o que tes, co que puideches conseguir e puxeches \u00e1 disposici\u00f3n de Xes\u00fas para todos. Isto implica certo sacrificio e confianza nel.<\/p>\n\n\n\n<p>O mestre parte desta situaci\u00f3n para ensinarnos a coidar uns dos outros xuntos. Ante as necesidades dos demais, as escusas son in\u00fatiles (&quot;non \u00e9 asunto noso&quot;; &quot;non podo facer nada&quot;; &quot;eles te\u00f1en que arranxarse, como todos n\u00f3s&quot;...). Na sociedade que Deus concibiu, benditos os que alimentan os famentos, visten os pobres e van axudar aos necesitados (cf. Mt 25, 35-40).<\/p>\n\n\n\n<p><strong>\"D\u00e1delles v\u00f3s de comer\"<\/strong><\/p>\n\n\n\n<p>A narraci\u00f3n deste episodio l\u00e9mbranos a imaxe do banquete descrito no Libro de Isa\u00edas, un banquete que Deus mesmo ofrece a todos os pobos, cando \u00abenxugar\u00e1 as b\u00e1goas de todos os rostros\u00bb (Is 25,8). Xes\u00fas ord\u00e9nalles que se senten en grupos de cincuenta, como nas ocasi\u00f3ns importantes. Como Fillo, comp\u00f3rtase como o Pai, o que subli\u00f1a a s\u00faa divindade.<\/p>\n\n\n\n<p>El mesmo darao todo para converterse en alimento para n\u00f3s na Eucarist\u00eda, o novo banquete da comu\u00f1\u00f3n. Ante as moitas necesidades que xurdiron durante a pandemia da COVID-19, a comunidade dos Focolares de Barcelona creou un grupo a trav\u00e9s das redes sociais para compartir as s\u00faas necesidades e po\u00f1er en com\u00fan bens e recursos. \u00c9 impresionante ver como circulan mobles, alimentos, medicamentos e electrodom\u00e9sticos... Porque \u00abs\u00f3 podemos facer pouco\u00bb, din, \u00abpero xuntos podemos facer moito\u00bb. A\u00ednda hoxe, o grupo Fent fam\u00edlia contrib\u00fae a que ningu\u00e9n entre eles quede sen nada, como nas primeiras comunidades cristi\u00e1s (cf. Feitos 4,34).<\/p>\n\n\n\n<p class=\"has-text-align-right\"><em>Silvano Malini e o equipo da Palabra de Vida<\/em><\/p>\n\n\n\n<div style=\"height:50px\" aria-hidden=\"true\" class=\"wp-block-spacer\"><\/div>\n\n\n\n<hr class=\"wp-block-separator has-alpha-channel-opacity\"\/>\n\n\n\n<div class=\"vimeovideo\" style=\"padding:56.25% 0 0 0;position:relative;margin-bottom:20px;\">\n    <iframe src=\"https:\/\/player.vimeo.com\/video\/1086110968?dnt=1&#038;\" style=\"position:absolute;top:0;left:0;width:100%;height:100%;\" frameborder=\"0\" allow=\"autoplay; fullscreen; picture-in-picture\" allowfullscreen><\/iframe>\n<\/div>\n<script src=\"https:\/\/player.vimeo.com\/api\/player.js\"><\/script>\n\n\n\n<div class=\"vimeovideo\" style=\"padding:56.25% 0 0 0;position:relative;margin-bottom:20px;\">\n    <iframe src=\"https:\/\/player.vimeo.com\/video\/1086108453?dnt=1&#038;\" style=\"position:absolute;top:0;left:0;width:100%;height:100%;\" frameborder=\"0\" allow=\"autoplay; fullscreen; picture-in-picture\" allowfullscreen><\/iframe>\n<\/div>\n<script src=\"https:\/\/player.vimeo.com\/api\/player.js\"><\/script>\n\n\n\n<div style=\"height:40px\" aria-hidden=\"true\" class=\"wp-block-spacer\"><\/div>\n\n\n\n<div class=\"wp-block-columns is-layout-flex wp-container-core-columns-is-layout-28f84493 wp-block-columns-is-layout-flex\">\n<div class=\"wp-block-column is-layout-flow wp-block-column-is-layout-flow\">\n<div class=\"wp-block-buttons is-layout-flex wp-block-buttons-is-layout-flex\">\n<div class=\"wp-block-button has-custom-width wp-block-button__width-100 has-custom-font-size is-style-outline is-style-outline--1\" style=\"font-size:16px\"><a class=\"wp-block-button__link wp-element-button\" href=\"https:\/\/focolares.es\/wp-content\/uploads\/2025\/06\/25-06-PV-CAS.pdf\" target=\"_blank\" rel=\"noreferrer noopener\">castel\u00e1n<\/a><\/div>\n<\/div>\n<\/div>\n\n\n\n<div class=\"wp-block-column is-layout-flow wp-block-column-is-layout-flow\">\n<div class=\"wp-block-buttons is-layout-flex wp-block-buttons-is-layout-flex\">\n<div class=\"wp-block-button has-custom-width wp-block-button__width-100 has-custom-font-size is-style-outline is-style-outline--2\" style=\"font-size:16px\"><a class=\"wp-block-button__link wp-element-button\" href=\"https:\/\/focolares.es\/wp-content\/uploads\/2025\/05\/25-06-PV-CAT.pdf\" target=\"_blank\" rel=\"noreferrer noopener\">catal\u00e1n<\/a><\/div>\n<\/div>\n<\/div>\n\n\n\n<div class=\"wp-block-column is-layout-flow wp-block-column-is-layout-flow\">\n<div class=\"wp-block-buttons is-layout-flex wp-block-buttons-is-layout-flex\">\n<div class=\"wp-block-button has-custom-width wp-block-button__width-100 has-custom-font-size is-style-outline is-style-outline--3\" style=\"font-size:16px\"><a class=\"wp-block-button__link wp-element-button\" href=\"https:\/\/focolares.es\/wp-content\/uploads\/2025\/05\/25-06-PV-EUS.pdf\" target=\"_blank\" rel=\"noreferrer noopener\">vasco<\/a><\/div>\n<\/div>\n<\/div>\n\n\n\n<div class=\"wp-block-column is-layout-flow wp-block-column-is-layout-flow\">\n<div class=\"wp-block-buttons is-layout-flex wp-block-buttons-is-layout-flex\">\n<div class=\"wp-block-button has-custom-width wp-block-button__width-100 has-custom-font-size is-style-outline is-style-outline--4\" style=\"font-size:16px\"><a class=\"wp-block-button__link wp-element-button\" href=\"https:\/\/focolares.es\/wp-content\/uploads\/2025\/05\/25-06-PV-GAL.pdf\" target=\"_blank\" rel=\"noreferrer noopener\">galego<\/a><\/div>\n<\/div>\n<\/div>\n<\/div>\n\n\n\n<p><\/p>","protected":false},"template":"","categories":[],"tags":[27],"class_list":["post-16373","palabra_de_vida","type-palabra_de_vida","status-publish","hentry","tag-palabra-de-vida"],"yoast_head":"<!-- This site is optimized with the Yoast SEO plugin v27.2 - https:\/\/yoast.com\/product\/yoast-seo-wordpress\/ -->\n<title>Palabra de vida - Movimiento de los Focolares<\/title>\n<meta name=\"robots\" content=\"index, follow, max-snippet:-1, max-image-preview:large, max-video-preview:-1\" \/>\n<link rel=\"canonical\" href=\"https:\/\/focolares.es\/gl\/palabra-de-vida\/xuno-2025\/\" \/>\n<meta property=\"og:locale\" content=\"gl_ES\" \/>\n<meta property=\"og:type\" content=\"article\" \/>\n<meta property=\"og:title\" content=\"Palabra de vida - Movimiento de los Focolares\" \/>\n<meta property=\"og:description\" content=\"Estamos en un lugar solitario cerca de Betsaida, en Galilea. Jes\u00fas est\u00e1 hablando del Reino a la muchedumbre. El maestro hab\u00eda ido all\u00ed con los ap\u00f3stoles para que descansasen despu\u00e9s de su larga misi\u00f3n por aquella regi\u00f3n, en la que hab\u00edan predicado la conversi\u00f3n \u00abanunciando la Buena Nueva y curando por todas partes\u00bb (Lc 9, 6). Cansados, pero con el coraz\u00f3n rebosante, contaban lo que hab\u00edan vivido. Sin embargo, la gente se entera y acude. Jes\u00fas acoge a todos: escucha, habla, cuida. La muchedumbre aumenta. Se acerca la noche y empiezan a tener hambre. Los ap\u00f3stoles se dan cuenta y le proponen al maestro una soluci\u00f3n l\u00f3gica y realista: \u00abDespide a la gente para que vayan a los pueblos y aldeas del contorno y busquen alojamiento y comida\u00bb. Despu\u00e9s de todo, Jes\u00fas ya hab\u00eda hecho mucho\u2026 Pero \u00c9l les responde: \u00abDadles vosotros de comer\u00bb Se quedan desconcertados. Es impensable: solo tienen cinco panes y dos peces para varios miles de personas; no es posible encontrar lo necesario en la peque\u00f1a Betsaida, y tampoco tendr\u00edan dinero para comprarlo. Jes\u00fas quiere abrirles los ojos. Conmovido por las necesidades y los problemas de las personas, se dispone a dar una soluci\u00f3n. Y lo hace partiendo de la realidad y valorando lo que hay. Es cierto, lo que tienen es poco, pero les encomienda una misi\u00f3n: ser instrumentos de la misericordia de Dios, que piensa en sus hijos. El Padre interviene, y sin embargo, los necesita. El milagro requiere nuestra iniciativa y nuestra fe, que de ese modo crecer\u00e1. \u00abDadles vosotros de comer\u00bb As\u00ed pues, a la objeci\u00f3n de los ap\u00f3stoles, Jes\u00fas responde ocup\u00e1ndose, pero les pide que hagan su parte, aunque sea peque\u00f1a. No la desde\u00f1a. No resuelve el problema en lugar de ellos. El milagro sucede, pero requiere que participen con todo lo que tienen, con lo que han podido conseguir y han puesto a disposici\u00f3n de Jes\u00fas para todos. Esto implica alg\u00fan sacrificio y confianza en \u00c9l. El maestro parte de la situaci\u00f3n para ense\u00f1arnos a ocuparnos, juntos, los unos de los otros. Ante las necesidades de los dem\u00e1s no valen excusas (\u00abno nos compete\u00bb; \u00abno puedo hacer nada\u00bb; \u00abtienen que apa\u00f1arse, como hacemos todos\u00bb\u2026). En la sociedad que Dios ha pensado, son bienaventurados quienes dan de comer a los hambrientos, quienes visten a los pobres y van a ver a quienes lo necesitan (cf. Mt 25, 35-40). \u00abDadles vosotros de comer\u00bb La narraci\u00f3n de este episodio nos recuerda la imagen del banquete que describe el libro de Isa\u00edas, un banquete que Dios mismo ofrece a todas las gentes, cuando \u00c9l \u00abenjugar\u00e1 las l\u00e1grimas de todos los rostros\u00bb (Is 25, 8). Jes\u00fas manda que se sienten en grupos de cincuenta, como en las grandes ocasiones. Siendo Hijo, se comporta como el Padre, lo cual subraya su divinidad. \u00c9l mismo lo dar\u00e1 todo hasta hacerse alimento por nosotros en la Eucarist\u00eda, el nuevo banquete de la comuni\u00f3n. Ante tantas necesidades como surgieron en la pandemia del covid-19, la comunidad de los Focolares de Barcelona cre\u00f3 un grupo a trav\u00e9s de las redes sociales en el que comparten las necesidades y ponen en com\u00fan bienes y recursos. Y es impresionante ver c\u00f3mo circulan muebles, alimentos, medicinas, electrodom\u00e9sticos\u2026 Porque \u00absolos podemos hacer poco \u2013dicen\u2013, pero juntos se puede hacer mucho\u00bb. A\u00fan hoy, el grupo Fent fam\u00edlia contribuye a que nadie entre ellos pase necesidad, como en las primeras comunidades cristianas (cf. Hch 4, 34). Silvano Malini y el equipo de la Palabra de Vida\" \/>\n<meta property=\"og:url\" content=\"https:\/\/focolares.es\/gl\/palabra-de-vida\/xuno-2025\/\" \/>\n<meta property=\"og:site_name\" content=\"Movimiento de los Focolares\" \/>\n<meta property=\"article:modified_time\" content=\"2025-06-04T12:24:47+00:00\" \/>\n<meta name=\"twitter:card\" content=\"summary_large_image\" \/>\n<meta name=\"twitter:label1\" content=\"Tempo de lectura\" \/>\n\t<meta name=\"twitter:data1\" content=\"3 minutos\" \/>\n<script type=\"application\/ld+json\" class=\"yoast-schema-graph\">{\"@context\":\"https:\/\/schema.org\",\"@graph\":[{\"@type\":\"WebPage\",\"@id\":\"https:\/\/focolares.es\/palabra-de-vida\/junio-2025\/\",\"url\":\"https:\/\/focolares.es\/palabra-de-vida\/junio-2025\/\",\"name\":\"Palabra de vida - Movimiento de los Focolares\",\"isPartOf\":{\"@id\":\"https:\/\/focolares.es\/#website\"},\"datePublished\":\"2025-05-31T22:01:00+00:00\",\"dateModified\":\"2025-06-04T12:24:47+00:00\",\"breadcrumb\":{\"@id\":\"https:\/\/focolares.es\/palabra-de-vida\/junio-2025\/#breadcrumb\"},\"inLanguage\":\"gl-ES\",\"potentialAction\":[{\"@type\":\"ReadAction\",\"target\":[\"https:\/\/focolares.es\/palabra-de-vida\/junio-2025\/\"]}]},{\"@type\":\"BreadcrumbList\",\"@id\":\"https:\/\/focolares.es\/palabra-de-vida\/junio-2025\/#breadcrumb\",\"itemListElement\":[{\"@type\":\"ListItem\",\"position\":1,\"name\":\"Portada\",\"item\":\"https:\/\/focolares.es\/\"},{\"@type\":\"ListItem\",\"position\":2,\"name\":\"Palabra de vida\"}]},{\"@type\":\"WebSite\",\"@id\":\"https:\/\/focolares.es\/#website\",\"url\":\"https:\/\/focolares.es\/\",\"name\":\"Movimiento de los Focolares\",\"description\":\"\",\"publisher\":{\"@id\":\"https:\/\/focolares.es\/#organization\"},\"potentialAction\":[{\"@type\":\"SearchAction\",\"target\":{\"@type\":\"EntryPoint\",\"urlTemplate\":\"https:\/\/focolares.es\/?s={search_term_string}\"},\"query-input\":{\"@type\":\"PropertyValueSpecification\",\"valueRequired\":true,\"valueName\":\"search_term_string\"}}],\"inLanguage\":\"gl-ES\"},{\"@type\":\"Organization\",\"@id\":\"https:\/\/focolares.es\/#organization\",\"name\":\"Movimiento de los Focolares\",\"url\":\"https:\/\/focolares.es\/\",\"logo\":{\"@type\":\"ImageObject\",\"inLanguage\":\"gl-ES\",\"@id\":\"https:\/\/focolares.es\/#\/schema\/logo\/image\/\",\"url\":\"https:\/\/focolares.es\/wp-content\/uploads\/2024\/03\/Logo_focolares-1024x944-1.jpg\",\"contentUrl\":\"https:\/\/focolares.es\/wp-content\/uploads\/2024\/03\/Logo_focolares-1024x944-1.jpg\",\"width\":1024,\"height\":944,\"caption\":\"Movimiento de los Focolares\"},\"image\":{\"@id\":\"https:\/\/focolares.es\/#\/schema\/logo\/image\/\"}}]}<\/script>\n<!-- \/ Yoast SEO plugin. -->","yoast_head_json":{"title":"Palabra de vida - Movemento dos Focolares","robots":{"index":"index","follow":"follow","max-snippet":"max-snippet:-1","max-image-preview":"max-image-preview:large","max-video-preview":"max-video-preview:-1"},"canonical":"https:\/\/focolares.es\/gl\/palabra-de-vida\/xuno-2025\/","og_locale":"gl_ES","og_type":"article","og_title":"Palabra de vida - Movimiento de los Focolares","og_description":"Estamos en un lugar solitario cerca de Betsaida, en Galilea. Jes\u00fas est\u00e1 hablando del Reino a la muchedumbre. El maestro hab\u00eda ido all\u00ed con los ap\u00f3stoles para que descansasen despu\u00e9s de su larga misi\u00f3n por aquella regi\u00f3n, en la que hab\u00edan predicado la conversi\u00f3n \u00abanunciando la Buena Nueva y curando por todas partes\u00bb (Lc 9, 6). Cansados, pero con el coraz\u00f3n rebosante, contaban lo que hab\u00edan vivido. Sin embargo, la gente se entera y acude. Jes\u00fas acoge a todos: escucha, habla, cuida. La muchedumbre aumenta. Se acerca la noche y empiezan a tener hambre. Los ap\u00f3stoles se dan cuenta y le proponen al maestro una soluci\u00f3n l\u00f3gica y realista: \u00abDespide a la gente para que vayan a los pueblos y aldeas del contorno y busquen alojamiento y comida\u00bb. Despu\u00e9s de todo, Jes\u00fas ya hab\u00eda hecho mucho\u2026 Pero \u00c9l les responde: \u00abDadles vosotros de comer\u00bb Se quedan desconcertados. Es impensable: solo tienen cinco panes y dos peces para varios miles de personas; no es posible encontrar lo necesario en la peque\u00f1a Betsaida, y tampoco tendr\u00edan dinero para comprarlo. Jes\u00fas quiere abrirles los ojos. Conmovido por las necesidades y los problemas de las personas, se dispone a dar una soluci\u00f3n. Y lo hace partiendo de la realidad y valorando lo que hay. Es cierto, lo que tienen es poco, pero les encomienda una misi\u00f3n: ser instrumentos de la misericordia de Dios, que piensa en sus hijos. El Padre interviene, y sin embargo, los necesita. El milagro requiere nuestra iniciativa y nuestra fe, que de ese modo crecer\u00e1. \u00abDadles vosotros de comer\u00bb As\u00ed pues, a la objeci\u00f3n de los ap\u00f3stoles, Jes\u00fas responde ocup\u00e1ndose, pero les pide que hagan su parte, aunque sea peque\u00f1a. No la desde\u00f1a. No resuelve el problema en lugar de ellos. El milagro sucede, pero requiere que participen con todo lo que tienen, con lo que han podido conseguir y han puesto a disposici\u00f3n de Jes\u00fas para todos. Esto implica alg\u00fan sacrificio y confianza en \u00c9l. El maestro parte de la situaci\u00f3n para ense\u00f1arnos a ocuparnos, juntos, los unos de los otros. Ante las necesidades de los dem\u00e1s no valen excusas (\u00abno nos compete\u00bb; \u00abno puedo hacer nada\u00bb; \u00abtienen que apa\u00f1arse, como hacemos todos\u00bb\u2026). En la sociedad que Dios ha pensado, son bienaventurados quienes dan de comer a los hambrientos, quienes visten a los pobres y van a ver a quienes lo necesitan (cf. Mt 25, 35-40). \u00abDadles vosotros de comer\u00bb La narraci\u00f3n de este episodio nos recuerda la imagen del banquete que describe el libro de Isa\u00edas, un banquete que Dios mismo ofrece a todas las gentes, cuando \u00c9l \u00abenjugar\u00e1 las l\u00e1grimas de todos los rostros\u00bb (Is 25, 8). Jes\u00fas manda que se sienten en grupos de cincuenta, como en las grandes ocasiones. Siendo Hijo, se comporta como el Padre, lo cual subraya su divinidad. \u00c9l mismo lo dar\u00e1 todo hasta hacerse alimento por nosotros en la Eucarist\u00eda, el nuevo banquete de la comuni\u00f3n. Ante tantas necesidades como surgieron en la pandemia del covid-19, la comunidad de los Focolares de Barcelona cre\u00f3 un grupo a trav\u00e9s de las redes sociales en el que comparten las necesidades y ponen en com\u00fan bienes y recursos. Y es impresionante ver c\u00f3mo circulan muebles, alimentos, medicinas, electrodom\u00e9sticos\u2026 Porque \u00absolos podemos hacer poco \u2013dicen\u2013, pero juntos se puede hacer mucho\u00bb. A\u00fan hoy, el grupo Fent fam\u00edlia contribuye a que nadie entre ellos pase necesidad, como en las primeras comunidades cristianas (cf. Hch 4, 34). Silvano Malini y el equipo de la Palabra de Vida","og_url":"https:\/\/focolares.es\/gl\/palabra-de-vida\/xuno-2025\/","og_site_name":"Movimiento de los Focolares","article_modified_time":"2025-06-04T12:24:47+00:00","twitter_card":"summary_large_image","twitter_misc":{"Tempo de lectura":"3 minutos"},"schema":{"@context":"https:\/\/schema.org","@graph":[{"@type":"WebPage","@id":"https:\/\/focolares.es\/palabra-de-vida\/junio-2025\/","url":"https:\/\/focolares.es\/palabra-de-vida\/junio-2025\/","name":"Palabra de vida - Movemento dos Focolares","isPartOf":{"@id":"https:\/\/focolares.es\/#website"},"datePublished":"2025-05-31T22:01:00+00:00","dateModified":"2025-06-04T12:24:47+00:00","breadcrumb":{"@id":"https:\/\/focolares.es\/palabra-de-vida\/junio-2025\/#breadcrumb"},"inLanguage":"gl-ES","potentialAction":[{"@type":"ReadAction","target":["https:\/\/focolares.es\/palabra-de-vida\/junio-2025\/"]}]},{"@type":"BreadcrumbList","@id":"https:\/\/focolares.es\/palabra-de-vida\/junio-2025\/#breadcrumb","itemListElement":[{"@type":"ListItem","position":1,"name":"Portada","item":"https:\/\/focolares.es\/"},{"@type":"ListItem","position":2,"name":"Palabra de vida"}]},{"@type":"WebSite","@id":"https:\/\/focolares.es\/#website","url":"https:\/\/focolares.es\/","name":"Movemento dos Focolares","description":"","publisher":{"@id":"https:\/\/focolares.es\/#organization"},"potentialAction":[{"@type":"SearchAction","target":{"@type":"EntryPoint","urlTemplate":"https:\/\/focolares.es\/?s={search_term_string}"},"query-input":{"@type":"PropertyValueSpecification","valueRequired":true,"valueName":"search_term_string"}}],"inLanguage":"gl-ES"},{"@type":"Organization","@id":"https:\/\/focolares.es\/#organization","name":"Movemento dos Focolares","url":"https:\/\/focolares.es\/","logo":{"@type":"ImageObject","inLanguage":"gl-ES","@id":"https:\/\/focolares.es\/#\/schema\/logo\/image\/","url":"https:\/\/focolares.es\/wp-content\/uploads\/2024\/03\/Logo_focolares-1024x944-1.jpg","contentUrl":"https:\/\/focolares.es\/wp-content\/uploads\/2024\/03\/Logo_focolares-1024x944-1.jpg","width":1024,"height":944,"caption":"Movimiento de los Focolares"},"image":{"@id":"https:\/\/focolares.es\/#\/schema\/logo\/image\/"}}]}},"_links":{"self":[{"href":"https:\/\/focolares.es\/gl\/wp-json\/wp\/v2\/palabra_de_vida\/16373","targetHints":{"allow":["GET"]}}],"collection":[{"href":"https:\/\/focolares.es\/gl\/wp-json\/wp\/v2\/palabra_de_vida"}],"about":[{"href":"https:\/\/focolares.es\/gl\/wp-json\/wp\/v2\/types\/palabra_de_vida"}],"wp:attachment":[{"href":"https:\/\/focolares.es\/gl\/wp-json\/wp\/v2\/media?parent=16373"}],"wp:term":[{"taxonomy":"category","embeddable":true,"href":"https:\/\/focolares.es\/gl\/wp-json\/wp\/v2\/categories?post=16373"},{"taxonomy":"post_tag","embeddable":true,"href":"https:\/\/focolares.es\/gl\/wp-json\/wp\/v2\/tags?post=16373"}],"curies":[{"name":"wp","href":"https:\/\/api.w.org\/{rel}","templated":true}]}}